{"id":4290,"date":"2025-07-25T10:55:19","date_gmt":"2025-07-25T10:55:19","guid":{"rendered":"https:\/\/ppgeco.unb.br\/?page_id=4290"},"modified":"2025-07-25T10:59:18","modified_gmt":"2025-07-25T10:59:18","slug":"ementas-2-2025","status":"publish","type":"page","link":"https:\/\/ppgeco.unb.br\/en\/ementas-2-2025\/","title":{"rendered":"Ementas 2\/2025"},"content":{"rendered":"<div class=\"vc_row wpb_row vc_row-fluid themesflat_1777268949\"><div class=\"row_overlay\" style=\"\"><\/div><div class=\"wpb_column vc_column_container vc_col-sm-12\"><div class=\"vc_column-inner\"><div class=\"wpb_wrapper\"><div class=\"title-section   left\">\r\n\t\t\r\n\t\t<h2 class=\"title\" style=\"\t\t\tfont-size: 36px;\t\t\tfont-weight: 700;\t\t\tline-height: 36px;\t\t\tcolor: #111111;\t\t\tmargin-bottom: 2px;\t\t\tletter-spacing: 0px;\t\t\">\r\n\t\t\tMenus 2\/2023\r\n\t\t<\/h2>\t\r\n\t\t\t\t\t\r\n\t\t\r\n\t\t\t<div class=\"title-content\" style=\"\t\t\tfont-size: 15px;\t\t\tline-height: 26px;\t\t\tcolor: #999999;\t\t\tfont-weight: 400;\t\t\tletter-spacing: 0px;\t\t\">\r\n\t\t\t\t<p>Macroeconomic Analysis 2 \u2013 Professor Roberto Ellery<\/p>\n<p><a href=\"http:\/\/ppgeco.unb.br\/wp-content\/uploads\/2025\/07\/ProgramaMicro2Pos_2_2025.pdf\" target=\"_blank\" rel=\"noopener\">Microeconomic Analysis 2 \u2013 Professor Jos\u00e9 Guilherme<\/a><\/p>\n<p>An\u00e1lise Microecon\u00f4mica 3 (Teoria da Decis\u00e3o) &#8211; Professor Gil Riella<\/p>\n<p><a href=\"http:\/\/ppgeco.unb.br\/wp-content\/uploads\/2025\/07\/Ementas.pdf\" target=\"_blank\" rel=\"noopener\">Econometria do Setor P\u00fablico &#8211; Professor Rafael Terra<\/a><\/p>\n<p>M\u00e9todos Estoc\u00e1sticos\u00a0 em Economia e Finan\u00e7as 2 &#8211; Professor Rodrigo Pe\u00f1aloza<\/p>\n<p>Public Sector Economics \u2013 Professor Vander Mendes Lucas<\/p>\n<p>Economia dos Recursos Naturais &#8211; Professor Jorge Arbache<\/p>\n<p>Economia e Infraestrutura &#8211; Professora Geovana Lorena<\/p>\n<p>Desenvolvimento Econ\u00f4mico &#8211; Professor Ricardo Ara\u00fajo<\/p>\n<p>Hist\u00f3ria do Pensamento Econ\u00f4mico &#8211; Professora Daniela Freddo<\/p>\n<p>Macroeconomia Ambiental &#8211; Professor Jorge Madeira Nogueira<\/p>\n<p><a href=\"http:\/\/ppgeco.unb.br\/wp-content\/uploads\/2025\/07\/Ementa-e-programa-2025.2-1.pdf\" target=\"_blank\" rel=\"noopener\">Macroeconomia P\u00f3s-Keynesiana &#8211; Professor Oreiro<\/a><\/p>\n<p>M\u00e9todos de An\u00e1lise Econ\u00f4mica &#8211; Professora Andrea Cabello<\/p>\n<p>Applied Microeconometrics \u2013 Professor Paulo Loureiro<\/p>\n<p>Industrial Organization \u2013 Professor Victor Gomes<\/p>\n<p><a href=\"http:\/\/ppgeco.unb.br\/wp-content\/uploads\/2025\/07\/2025-II-Bugarin-Seminario-de-Politica-Economica-2-Plano-de-Ensino-1.pdf\" target=\"_blank\" rel=\"noopener\">Semin\u00e1rio de Pol\u00edtica Econ\u00f4mica 2 &#8211; Professor Maur\u00edcio Bugarin<\/a><\/p>\n<p><a href=\"http:\/\/ppgeco.unb.br\/wp-content\/uploads\/2025\/07\/ProgramaTeoriaDaDecisao2025.pdf\" target=\"_blank\" rel=\"noopener\">Teoria da Decis\u00e3o &#8211; Professor Gil Riella\u00a0<\/a><\/p>\n<p><a href=\"http:\/\/ppgeco.unb.br\/wp-content\/uploads\/2025\/07\/2025-2-Bugarin-PPGECOP3186-TOPICOS-ESPECIAIS-EM-ECONOMIA-DO-SETOR-PUBLICO-Ficha-de-Informacoes-1.pdf\" target=\"_blank\" rel=\"noopener\">T\u00f3picos Especiais em Economia do Setor P\u00fablico &#8211; Professor Maur\u00edcio Bugarin<\/a><\/p>\n<p>&nbsp;<\/p>\n<p>&nbsp;<\/p>\n\r\n\t\t\t<\/div>\r\n\r\n\t<\/div><\/div><\/div><\/div><\/div>","protected":false},"excerpt":{"rendered":"Ementas 2\/2023 An\u00e1lise Macroecon\u00f4mica 2 - Professor Roberto Ellery An\u00e1lise Microecon\u00f4mica 2 - Professor Jos\u00e9 Guilherme An\u00e1lise Microecon\u00f4mica 3 (Teoria da Decis\u00e3o) - Professor Gil Riella Econometria do Setor P\u00fablico - Professor Rafael Terra M\u00e9todos Estoc\u00e1sticos\u00a0 em Economia e Finan\u00e7as 2 - Professor Rodrigo Pe\u00f1aloza Economia do Setor P\u00fablico - Professor Vander Mendes Lucas Economia dos Recursos [...]","protected":false},"author":1,"featured_media":0,"parent":0,"menu_order":0,"comment_status":"closed","ping_status":"closed","template":"tpl\/page_fullwidth.php","meta":{"footnotes":""},"class_list":["post-4290","page","type-page","status-publish","hentry"],"_links":{"self":[{"href":"https:\/\/ppgeco.unb.br\/en\/wp-json\/wp\/v2\/pages\/4290","targetHints":{"allow":["GET"]}}],"collection":[{"href":"https:\/\/ppgeco.unb.br\/en\/wp-json\/wp\/v2\/pages"}],"about":[{"href":"https:\/\/ppgeco.unb.br\/en\/wp-json\/wp\/v2\/types\/page"}],"author":[{"embeddable":true,"href":"https:\/\/ppgeco.unb.br\/en\/wp-json\/wp\/v2\/users\/1"}],"replies":[{"embeddable":true,"href":"https:\/\/ppgeco.unb.br\/en\/wp-json\/wp\/v2\/comments?post=4290"}],"version-history":[{"count":3,"href":"https:\/\/ppgeco.unb.br\/en\/wp-json\/wp\/v2\/pages\/4290\/revisions"}],"predecessor-version":[{"id":4298,"href":"https:\/\/ppgeco.unb.br\/en\/wp-json\/wp\/v2\/pages\/4290\/revisions\/4298"}],"wp:attachment":[{"href":"https:\/\/ppgeco.unb.br\/en\/wp-json\/wp\/v2\/media?parent=4290"}],"curies":[{"name":"wp","href":"https:\/\/api.w.org\/{rel}","templated":true}]}}