{"id":3230,"date":"2022-06-07T13:54:41","date_gmt":"2022-06-07T13:54:41","guid":{"rendered":"https:\/\/ppgeco.unb.br\/?page_id=3230"},"modified":"2022-06-07T13:54:41","modified_gmt":"2022-06-07T13:54:41","slug":"ementas-1-2021","status":"publish","type":"page","link":"https:\/\/ppgeco.unb.br\/en\/ementas-1-2021\/","title":{"rendered":"Curriculum Outline 1\/2021"},"content":{"rendered":"<div class=\"vc_row wpb_row vc_row-fluid themesflat_1777274733\"><div class=\"row_overlay\" style=\"\"><\/div><div class=\"wpb_column vc_column_container vc_col-sm-12\"><div class=\"vc_column-inner\"><div class=\"wpb_wrapper\"><div class=\"title-section   left\">\r\n\t\t\r\n\t\t<h2 class=\"title\" style=\"\t\t\tfont-size: 36px;\t\t\tfont-weight: 700;\t\t\tline-height: 36px;\t\t\tcolor: #111111;\t\t\tmargin-bottom: 2px;\t\t\tletter-spacing: 0px;\t\t\">\r\n\t\t\tCurriculum Outline 1\/2021\r\n\t\t<\/h2>\t\r\n\t\t\t\t\t\r\n\t\t\r\n\t\t\t<div class=\"title-content\" style=\"\t\t\tfont-size: 15px;\t\t\tline-height: 26px;\t\t\tcolor: #999999;\t\t\tfont-weight: 400;\t\t\tletter-spacing: 0px;\t\t\">\r\n\t\t\t\t<p><a href=\"http:\/\/ppgeco.unb.br\/wp-content\/uploads\/2022\/06\/analise_macroeconomica.pdf\">Macroeconomic Analysis I \u2013 Tom\u00e1s Martinez<\/a><\/p>\n<p><a href=\"http:\/\/ppgeco.unb.br\/wp-content\/uploads\/2022\/06\/econometria_2.pdf\">Econometrics 2 \u2013 Prof. Victor Gomes <\/a><\/p>\n<p><a href=\"http:\/\/ppgeco.unb.br\/wp-content\/uploads\/2022\/06\/Programa_Economia_Brasileira_2021.pdf\">Brazilian Economy \u2013 Prof. Bernardo Mueller<\/a><\/p>\n<p><a href=\"http:\/\/ppgeco.unb.br\/wp-content\/uploads\/2022\/06\/Ementa_Final_Economia_da_Educao_2021_1.pdf\">Economics of Education \u2013 Prof. Rafael Terra <\/a><\/p>\n<p><a href=\"http:\/\/ppgeco.unb.br\/wp-content\/uploads\/2022\/06\/Plano_de_Aulas_Economia_da_Poltica_Ambiental_2020.pdf\">Economics of Environmental Policy \u2013 Prof. Jorge Nogueira <\/a><\/p>\n<p><a href=\"http:\/\/ppgeco.unb.br\/wp-content\/uploads\/2022\/06\/Macro_1.pdf\">Macroeconomics I \u2013 Jos\u00e9 Luis Oreiro <\/a><\/p>\n<p><a href=\"http:\/\/ppgeco.unb.br\/wp-content\/uploads\/2022\/06\/Microeconomia_Avanadas.pdf\">Advanced Macroeconomics \u2013 Joaquim Andrade <\/a><\/p>\n<p><a href=\"http:\/\/ppgeco.unb.br\/wp-content\/uploads\/2022\/06\/Metodos_numericos_e_modelos_computacionais_em.pdf\">Numerical Methods and Computational Models \u2013 Prof. Daniel Cajueiro <\/a><\/p>\n<p><a href=\"http:\/\/ppgeco.unb.br\/wp-content\/uploads\/2022\/06\/Mtodos_Estocsticos_em_Economia_e_Finanas_-_2021-2022_1.pdf\">Stochastic Methods in Economics and Finance \u2013 Prof. Rodrigo Penaloza<\/a><\/p>\n<p><a href=\"http:\/\/ppgeco.unb.br\/wp-content\/uploads\/2022\/06\/MicroEconometria_Aplicada.pdf\">Applied Microeconometrics \u2013 Prof. Paulo Loureiro<\/a><\/p>\n<p><a href=\"http:\/\/ppgeco.unb.br\/wp-content\/uploads\/2022\/06\/Programa_de_Ensino_Microeconomia_Economia_Politica_1_2021.pdf\">Microeconomics \u2013 Prof. Andrea Cabello <\/a><\/p>\n\r\n\t\t\t<\/div>\r\n\r\n\t<\/div><\/div><\/div><\/div><\/div>","protected":false},"excerpt":{"rendered":"Ementas 1\/2021 An\u00e1lise Macroecon\u00f4mica I - Tom\u00e1s Martinez Econometria 2 - Prof. Victor Gomes Economia Brasileira - Prof. Bernardo Mueller Economia da Educa\u00e7\u00e3o - Prof. Rafael Terra Economia da Pol\u00edtica Ambiental - Prof. Jorge Nogueira Macroeconomia I - Jos\u00e9 Luis Oreiro Macroeconimia Avan\u00e7ada - Joaquim Andrade M\u00e9todos N\u00famericos e Modelos Computacionais - Prof. Daniel Cajueiro Met\u00f3dos Estoc\u00e1sticos [...]","protected":false},"author":1,"featured_media":0,"parent":0,"menu_order":0,"comment_status":"closed","ping_status":"closed","template":"tpl\/page_fullwidth.php","meta":{"footnotes":""},"class_list":["post-3230","page","type-page","status-publish","hentry"],"_links":{"self":[{"href":"https:\/\/ppgeco.unb.br\/en\/wp-json\/wp\/v2\/pages\/3230","targetHints":{"allow":["GET"]}}],"collection":[{"href":"https:\/\/ppgeco.unb.br\/en\/wp-json\/wp\/v2\/pages"}],"about":[{"href":"https:\/\/ppgeco.unb.br\/en\/wp-json\/wp\/v2\/types\/page"}],"author":[{"embeddable":true,"href":"https:\/\/ppgeco.unb.br\/en\/wp-json\/wp\/v2\/users\/1"}],"replies":[{"embeddable":true,"href":"https:\/\/ppgeco.unb.br\/en\/wp-json\/wp\/v2\/comments?post=3230"}],"version-history":[{"count":2,"href":"https:\/\/ppgeco.unb.br\/en\/wp-json\/wp\/v2\/pages\/3230\/revisions"}],"predecessor-version":[{"id":3243,"href":"https:\/\/ppgeco.unb.br\/en\/wp-json\/wp\/v2\/pages\/3230\/revisions\/3243"}],"wp:attachment":[{"href":"https:\/\/ppgeco.unb.br\/en\/wp-json\/wp\/v2\/media?parent=3230"}],"curies":[{"name":"wp","href":"https:\/\/api.w.org\/{rel}","templated":true}]}}