{"id":2849,"date":"2022-01-24T17:48:21","date_gmt":"2022-01-24T17:48:21","guid":{"rendered":"https:\/\/ppgeco.unb.br\/?page_id=2849"},"modified":"2025-12-24T00:36:08","modified_gmt":"2025-12-24T00:36:08","slug":"doutorado","status":"publish","type":"page","link":"https:\/\/ppgeco.unb.br\/en\/doutorado\/","title":{"rendered":"Doctorate degree"},"content":{"rendered":"<div class=\"vc_row wpb_row vc_row-fluid themesflat_1777261791\"><div class=\"row_overlay\" style=\"\"><\/div><div class=\"wpb_column vc_column_container vc_col-sm-12\"><div class=\"vc_column-inner\"><div class=\"wpb_wrapper\"><div class=\"vc_message_box vc_message_box-standard vc_message_box-rounded vc_color-pink\" ><div class=\"vc_message_box-icon\"><i class=\"fas fa-exclamation\"><\/i><\/div><p>O website ppgeco.unb.br est\u00e1 sendo desativado. Por favor utilize economia.unb.br\/ppgeco. Documentos a partir de Dezembro de 2025 ser\u00e3o postados exclusivamente no novo portal. Este portal ser\u00e1 desativado em Janeiro de 2026.<\/p>\n<\/div><\/div><\/div><\/div><\/div><div class=\"vc_row wpb_row vc_row-fluid wpb_animate_when_almost_visible wpb_fadeIn fadeIn vc_custom_1638706889352 vc_row-has-fill\"><div class=\"row_overlay\" style=\"\"><\/div><div class=\"wpb_column vc_column_container vc_col-sm-12\"><div class=\"vc_column-inner\"><div class=\"wpb_wrapper\"><div class=\"title-section   left\">\r\n\t\t\r\n\t\t<h2 class=\"title\" style=\"\t\t\tfont-size: 36px;\t\t\tfont-weight: 700;\t\t\tline-height: 36px;\t\t\tcolor: #111111;\t\t\tmargin-bottom: 2px;\t\t\tletter-spacing: 0px;\t\t\">\r\n\t\t\tAcademic Doctorate\r\n\t\t<\/h2>\t\r\n\t\t\t\t\t\r\n\t\t\r\n\t\t\t<div class=\"title-content\" style=\"\t\t\tfont-size: 15px;\t\t\tline-height: 26px;\t\t\tcolor: #999999;\t\t\tfont-weight: 400;\t\t\tletter-spacing: 0px;\t\t\">\r\n\t\t\t\t<p>Academic Doctorate - ECO's Doctoral Program is aimed at all graduates in general, with or without master's degrees, who wish to deepen their knowledge of general economic theory and two or more fields of specialization in order to qualitatively advance their careers as professors and\/or researchers. The selection process takes place annually.<\/p>\n\r\n\t\t\t<\/div>\r\n\r\n\t<\/div><div class=\"vc_tta-container\" data-vc-action=\"collapse\"><div class=\"vc_general vc_tta vc_tta-tabs vc_tta-color-blue vc_tta-style-classic vc_tta-shape-rounded vc_tta-spacing-1 vc_tta-tabs-position-top vc_tta-controls-align-left\"><div class=\"vc_tta-tabs-container\"><ul class=\"vc_tta-tabs-list\"><li class=\"vc_tta-tab vc_active\" data-vc-tab><a href=\"#1643038829313-962e731b-b63b\" data-vc-tabs data-vc-container=\".vc_tta\"><span class=\"vc_tta-title-text\">Areas of Concentration<\/span><\/a><\/li><li class=\"vc_tta-tab\" data-vc-tab><a href=\"#1643038767269-6bdbabbb-db0d\" data-vc-tabs data-vc-container=\".vc_tta\"><span class=\"vc_tta-title-text\">Curricular structure<\/span><\/a><\/li><li class=\"vc_tta-tab\" data-vc-tab><a href=\"#1643038728007-3d208adf-23e3\" data-vc-tabs data-vc-container=\".vc_tta\"><span class=\"vc_tta-title-text\">Classes<\/span><\/a><\/li><li class=\"vc_tta-tab\" data-vc-tab><a href=\"#1643038629205-c00c4a31-8d50\" data-vc-tabs data-vc-container=\".vc_tta\"><span class=\"vc_tta-title-text\">lines<\/span><\/a><\/li><li class=\"vc_tta-tab\" data-vc-tab><a href=\"#1643039546753-9984bb55-29f9\" data-vc-tabs data-vc-container=\".vc_tta\"><span class=\"vc_tta-title-text\">Public Calls<\/span><\/a><\/li><\/ul><\/div><div class=\"vc_tta-panels-container\"><div class=\"vc_tta-panels\"><div class=\"vc_tta-panel vc_active\" id=\"1643038829313-962e731b-b63b\" data-vc-content=\".vc_tta-panel-body\"><div class=\"vc_tta-panel-heading\"><h4 class=\"vc_tta-panel-title\"><a href=\"#1643038829313-962e731b-b63b\" data-vc-accordion data-vc-container=\".vc_tta-container\"><span class=\"vc_tta-title-text\">Areas of Concentration<\/span><\/a><\/h4><\/div><div class=\"vc_tta-panel-body\">\n\t<div class=\"wpb_text_column wpb_content_element\" >\n\t\t<div class=\"wpb_wrapper\">\n\t\t\t<p>The doctoral course in economics consists of 2 areas of concentration:<\/p>\n\n\t\t<\/div>\n\t<\/div>\n<div class=\"title-section   left\">\r\n\t\t\r\n\t\t\t<div class=\"top-title\">\r\n\t\t\t\tI. Economic Analysis\r\n\t\t\t<\/div>\r\n\t\t<h2 class=\"title\" style=\"\t\t\tfont-size: 36px;\t\t\tfont-weight: 700;\t\t\tline-height: 36px;\t\t\tcolor: #111111;\t\t\tmargin-bottom: 2px;\t\t\tletter-spacing: 0px;\t\t\">\r\n\t\t\t\r\n\t\t<\/h2>\t\r\n\t\t\t\t\t\r\n\t\t\r\n\t\t\t<div class=\"title-content\" style=\"\t\t\tfont-size: 15px;\t\t\tline-height: 26px;\t\t\tcolor: #999999;\t\t\tfont-weight: 400;\t\t\tletter-spacing: 0px;\t\t\">\r\n\t\t\t\t<p>The area of concentration \"Economic Analysis\" is composed of two lines of research (LP):<br \/>\n<strong>I.1. Applied Economics (LP-EA)<\/strong><\/p>\n<p><a href=\"https:\/\/ppgeco.unb.br\/en\/corpo-docente\/danielcajueiro\/\">Coordination: Professor Daniel Oliveira Cajueiro<\/a><\/p>\n<hr \/>\n<p><strong>I.2. Public Sector Economy (LP-ESP)<\/strong><\/p>\n<p><a href=\"https:\/\/ppgeco.unb.br\/en\/corpo-docente\/deborahreis\/\">Coordination: Professor Deborah Oliveira Martis Reis\u00a0<\/a><\/p>\n\r\n\t\t\t<\/div>\r\n\r\n\t<\/div>\n<div class=\"vc-zigzag-wrapper vc-zigzag-align-center\"><div class=\"vc-zigzag-inner\" style=\"width: 100%;min-height: 14px;background: 0 repeat-x url(&#039;data:image\/svg+xml;utf-8,%3C%3Fxml%20version%3D%221.0%22%20encoding%3D%22utf-8%22%3F%3E%3C%21DOCTYPE%20svg%20PUBLIC%20%22-%2F%2FW3C%2F%2FDTD%20SVG%201.1%2F%2FEN%22%20%22http%3A%2F%2Fwww.w3.org%2FGraphics%2FSVG%2F1.1%2FDTD%2Fsvg11.dtd%22%3E%3Csvg%20width%3D%2214px%22%20height%3D%2212px%22%20viewBox%3D%220%200%2018%2015%22%20version%3D%221.1%22%20xmlns%3D%22http%3A%2F%2Fwww.w3.org%2F2000%2Fsvg%22%20xmlns%3Axlink%3D%22http%3A%2F%2Fwww.w3.org%2F1999%2Fxlink%22%3E%3Cpolygon%20id%3D%22Combined-Shape%22%20fill%3D%22%23ebebeb%22%20points%3D%228.98762301%200%200%209.12771969%200%2014.519983%209%205.40479869%2018%2014.519983%2018%209.12771969%22%3E%3C%2Fpolygon%3E%3C%2Fsvg%3E&#039;);\"><\/div><\/div><div class=\"title-section   left\">\r\n\t\t\r\n\t\t\t<div class=\"top-title\">\r\n\t\t\t\tII. Political Economy, Development and Environment\r\n\t\t\t<\/div>\r\n\t\t<h2 class=\"title\" style=\"\t\t\tfont-size: 36px;\t\t\tfont-weight: 700;\t\t\tline-height: 36px;\t\t\tcolor: #111111;\t\t\tmargin-bottom: 2px;\t\t\tletter-spacing: 0px;\t\t\">\r\n\t\t\t\r\n\t\t<\/h2>\t\r\n\t\t\t\t\t\r\n\t\t\r\n\t\t\t<div class=\"title-content\" style=\"\t\t\tfont-size: 15px;\t\t\tline-height: 26px;\t\t\tcolor: #999999;\t\t\tfont-weight: 400;\t\t\tletter-spacing: 0px;\t\t\">\r\n\t\t\t\t<p>The area of concentration \"Political Economy, Development and Environment\" is composed of two lines of research (LP):<br \/>\n<strong>II.1. Political Economy (LP-EP)<\/strong><\/p>\n<p><a href=\"https:\/\/economiapoliticaunb.com.br\/\">economipoliticaunb.com.br\/<\/a><\/p>\n<p><a href=\"https:\/\/ppgeco.unb.br\/en\/corpo-docente\/danielafreddo\/\">Coordination: Professor Daniela Freddo<\/a><\/p>\n<hr \/>\n<p><strong>II.2. Environmental and Agricultural Economics and Policy (LP-MA)<\/strong><\/p>\n<p><a href=\"https:\/\/ppgeco.unb.br\/en\/corpo-docente\/marcelotorres\/\">Coordination: Professor Marcelo de Oliveira Torres<\/a><\/p>\n\r\n\t\t\t<\/div>\r\n\r\n\t<\/div><\/div><\/div><div class=\"vc_tta-panel\" id=\"1643038767269-6bdbabbb-db0d\" data-vc-content=\".vc_tta-panel-body\"><div class=\"vc_tta-panel-heading\"><h4 class=\"vc_tta-panel-title\"><a href=\"#1643038767269-6bdbabbb-db0d\" data-vc-accordion data-vc-container=\".vc_tta-container\"><span class=\"vc_tta-title-text\">Curricular structure<\/span><\/a><\/h4><\/div><div class=\"vc_tta-panel-body\">\n\t<div class=\"wpb_text_column wpb_content_element  vc_custom_1638800110357\" >\n\t\t<div class=\"wpb_wrapper\">\n\t\t\t<p>Here you will find information about the deadlines and credits required to finish your dissertation and obtain the master's degree from the UnB Department of Economics\u2019 Graduate Program.<\/p>\n<ol>\n<li style=\"list-style-type: none;\">\n<ol>\n<li style=\"list-style-type: none;\">\n<ol>\n<li style=\"list-style-type: none;\">\n<ol>\n<li style=\"list-style-type: none;\">\n<ul>\n<li>Deadline: 48 months.<\/li>\n<li>Credits: 48 credits.\n<ul>\n<li>12 credits from required courses for the area of concentration.<\/li>\n<li>20 credits of required courses for the line of research.<\/li>\n<li>16 credits of elective courses or related domains.<\/li>\n<\/ul>\n<\/li>\n<\/ul>\n<\/li>\n<\/ol>\n<\/li>\n<\/ol>\n<\/li>\n<\/ol>\n<\/li>\n<\/ol>\n\n\t\t<\/div>\n\t<\/div>\n<\/div><\/div><div class=\"vc_tta-panel\" id=\"1643038728007-3d208adf-23e3\" data-vc-content=\".vc_tta-panel-body\"><div class=\"vc_tta-panel-heading\"><h4 class=\"vc_tta-panel-title\"><a href=\"#1643038728007-3d208adf-23e3\" data-vc-accordion data-vc-container=\".vc_tta-container\"><span class=\"vc_tta-title-text\">Classes<\/span><\/a><\/h4><\/div><div class=\"vc_tta-panel-body\">\n\t<div class=\"wpb_text_column wpb_content_element  vc_custom_1642784723347\" >\n\t\t<div class=\"wpb_wrapper\">\n\t\t\t<ol>\n<li style=\"list-style-type: none;\">\n<ol>\n<li style=\"list-style-type: none;\">\n<ol>\n<li style=\"list-style-type: none;\">\n<ol>\n<li style=\"list-style-type: none;\">\n<ul>\n<li>Here you will find information about the required and elective classes for the UnB Department of Economics\u2019 academic master's degree\n<ul>\n<li>Here you will find information about the required and elective classes for the UnB Department of Economics\u2019 academic master's degree.\n<ul>\n<li>These are the required courses for doctoral students in the area of concentration of Economic Analysis:\n<ul>\n<li>Microeconomic Analysis I (332011)<\/li>\n<li>Macroeconomic Analysis I  (332020)<\/li>\n<li>Mathematical Methods in Social Sciences (332313)<\/li>\n<li>The following are the required courses for the Applied Economics research line: Macroeconomic Analysis II  (332046) and Microeconomic Analysis II (332011).<\/li>\n<li>The required courses for the Public Sector research line are: Econometrics I (332330) and Public Sector Economics (332101).<\/li>\n<\/ul>\n<\/li>\n<li>For doctoral students in the area of concentration of Political Economy and Development and Environment, the following courses are required:\n<ul>\n<li>Quantitative Methods in Economics (333042)<\/li>\n<li>Microeconomics I(333956)<\/li>\n<li>Macroeconomics I (333972)<\/li>\n<\/ul>\n<\/li>\n<\/ul>\n<ul>\n<li>Microeconomic Analysis I (332011)<\/li>\n<li>Macroeconomic Analysis I (332020)<\/li>\n<li>Mathematical Methods in Social Sciences (332313)<\/li>\n<li>Mandatory subjects in the Applied Economics Research Line are: Macroeconomic Analysis II (332046) and Microeconomic Analysis II (332011).<\/li>\n<li>Mandatory subjects in the Public Sector Research Line are: Econometrics I (332330) and Public Sector Economics (332101).<\/li>\n<\/ul>\n<\/li>\n<li>For doctoral students in the area of concentration in Political Economy and Development and Environment, the following subjects are mandatory:\n<ul>\n<li>Quantitative Methods in Economics (333042)<\/li>\n<li>Microeconomics I (333956)<\/li>\n<li>Macroeconomics I (333972)<\/li>\n<\/ul>\n<\/li>\n<\/ul>\n<\/li>\n<\/ul>\n<\/li>\n<\/ol>\n<\/li>\n<\/ol>\n<\/li>\n<\/ol>\n<\/li>\n<\/ol>\n\n\t\t<\/div>\n\t<\/div>\n<\/div><\/div><div class=\"vc_tta-panel\" id=\"1643038629205-c00c4a31-8d50\" data-vc-content=\".vc_tta-panel-body\"><div class=\"vc_tta-panel-heading\"><h4 class=\"vc_tta-panel-title\"><a href=\"#1643038629205-c00c4a31-8d50\" data-vc-accordion data-vc-container=\".vc_tta-container\"><span class=\"vc_tta-title-text\">lines<\/span><\/a><\/h4><\/div><div class=\"vc_tta-panel-body\">\n\t<div class=\"wpb_text_column wpb_content_element  vc_custom_1638800026818\" >\n\t\t<div class=\"wpb_wrapper\">\n\t\t\t<ol>\n<li style=\"list-style-type: none;\">\n<ol>\n<li style=\"list-style-type: none;\">\n<ol>\n<li style=\"list-style-type: none;\">\n<ol>\n<li style=\"list-style-type: none;\">\n<ul>\n<li>Applied economics<\/li>\n<li>Public Sector\n<ul>\n<li class=\"translation-block\">The Public Sector line consists of 8 professors, and the courses address the application of mainstream economic theory and quantitative methods of analysis (applied econometrics).<\/li>\n<li>The research carried out in this line analyzes issues related to public policy and its economic effects.<\/li>\n<li>Students who choose this line will use microeconomic and empirical analysis tools to evaluate the government's performance in the various areas in which it operates.<\/li>\n<li>Research Group: Economics and Politics Research: \u00a0 <a href=\"https:\/\/econpolrg.com\/\">https:\/\/econpolrg.com\/<\/a><\/li>\n<\/ul>\n<\/li>\n<li>The Environment<\/li>\n<li>Political Economy<\/li>\n<\/ul>\n<\/li>\n<\/ol>\n<\/li>\n<\/ol>\n<\/li>\n<\/ol>\n<\/li>\n<\/ol>\n\n\t\t<\/div>\n\t<\/div>\n<\/div><\/div><div class=\"vc_tta-panel\" id=\"1643039546753-9984bb55-29f9\" data-vc-content=\".vc_tta-panel-body\"><div class=\"vc_tta-panel-heading\"><h4 class=\"vc_tta-panel-title\"><a href=\"#1643039546753-9984bb55-29f9\" data-vc-accordion data-vc-container=\".vc_tta-container\"><span class=\"vc_tta-title-text\">Public Calls<\/span><\/a><\/h4><\/div><div class=\"vc_tta-panel-body\"><div class=\"title-section   left\">\r\n\t\t\r\n\t\t<h2 class=\"title\" style=\"\t\t\tfont-size: 36px;\t\t\tfont-weight: 700;\t\t\tline-height: 36px;\t\t\tcolor: #111111;\t\t\tmargin-bottom: 2px;\t\t\tletter-spacing: 0px;\t\t\">\r\n\t\t\tEditais 2025\r\n\t\t<\/h2>\t\r\n\t\t\t\t\t\r\n\t\t\r\n\r\n\t<\/div><div class=\"title-section   left\">\r\n\t\t\r\n\t\t\t<div class=\"top-title\">\r\n\t\t\t\tEdital 04\/2025\r\n\t\t\t<\/div>\r\n\t\t<h2 class=\"title\" style=\"\t\t\tfont-size: 36px;\t\t\tfont-weight: 700;\t\t\tline-height: 36px;\t\t\tcolor: #111111;\t\t\tmargin-bottom: 2px;\t\t\tletter-spacing: 0px;\t\t\">\r\n\t\t\t\r\n\t\t<\/h2>\t\r\n\t\t\t\t\t\r\n\t\t\r\n\t\t\t<div class=\"title-content\" style=\"\t\t\tfont-size: 15px;\t\t\tline-height: 26px;\t\t\tcolor: #999999;\t\t\tfont-weight: 400;\t\t\tletter-spacing: 0px;\t\t\">\r\n\t\t\t\t<div class=\"page-header\">\n<p><a href=\"http:\/\/ppgeco.unb.br\/wp-content\/uploads\/2025\/10\/SEI_13165286_Edital_04_2025.pdf\" target=\"_blank\" rel=\"noopener\">Vacancies for Indigenous, Quilombola and PcD candidates<\/a><\/p>\n<ul>\n<li><a href=\"https:\/\/ppgeco.unb.br\/wp-content\/uploads\/2025\/10\/SEI_13165286_Edital_Acoes_Afirmativas_04_2025-1.docx\" target=\"_blank\" rel=\"noopener\">Attachments<\/a><\/li>\n<li><a href=\"http:\/\/ppgeco.unb.br\/wp-content\/uploads\/2025\/10\/SEI_13313249_Despacho.pdf\" target=\"_blank\" rel=\"noopener\">Prorroga\u00e7\u00e3o das Inscri\u00e7\u00f5es at\u00e9 28\/10\/2025<\/a><\/li>\n<li><a href=\"http:\/\/ppgeco.unb.br\/wp-content\/uploads\/2025\/10\/SEI_13338833_Despacho.pdf\" target=\"_blank\" rel=\"noopener\">Homologa\u00e7\u00e3o\u00a0<\/a><\/li>\n<\/ul>\n<\/div>\n\r\n\t\t\t<\/div>\r\n\r\n\t<\/div><div class=\"title-section   left\">\r\n\t\t\r\n\t\t\t<div class=\"top-title\">\r\n\t\t\t\tEdital 03\/2025\r\n\t\t\t<\/div>\r\n\t\t<h2 class=\"title\" style=\"\t\t\tfont-size: 36px;\t\t\tfont-weight: 700;\t\t\tline-height: 36px;\t\t\tcolor: #111111;\t\t\tmargin-bottom: 2px;\t\t\tletter-spacing: 0px;\t\t\">\r\n\t\t\t\r\n\t\t<\/h2>\t\r\n\t\t\t\t\t\r\n\t\t\r\n\t\t\t<div class=\"title-content\" style=\"\t\t\tfont-size: 15px;\t\t\tline-height: 26px;\t\t\tcolor: #999999;\t\t\tfont-weight: 400;\t\t\tletter-spacing: 0px;\t\t\">\r\n\t\t\t\t<div class=\"page-header\">\n<p><a href=\"http:\/\/ppgeco.unb.br\/wp-content\/uploads\/2025\/10\/SEI_13165274_Edital_03_2025.pdf\" target=\"_blank\" rel=\"noopener\">Political Economy, Development and Environment<\/a><\/p>\n<ul>\n<li><a href=\"https:\/\/ppgeco.unb.br\/wp-content\/uploads\/2025\/10\/SEI_13165274_Edital_Economia_Politica_03_2025.docx\" target=\"_blank\" rel=\"noopener\">Attachments<\/a><\/li>\n<li><a href=\"http:\/\/ppgeco.unb.br\/wp-content\/uploads\/2025\/10\/SEI_13313249_Despacho.pdf\" target=\"_blank\" rel=\"noopener\">Prorroga\u00e7\u00e3o das Inscri\u00e7\u00f5es at\u00e9 28\/10\/2025<\/a><\/li>\n<li><a href=\"http:\/\/ppgeco.unb.br\/wp-content\/uploads\/2025\/10\/0325.pdf\" target=\"_blank\" rel=\"noopener\">Approval of Registrations\u00a0<\/a><\/li>\n<li><a href=\"http:\/\/ppgeco.unb.br\/wp-content\/uploads\/2025\/11\/SEI_13341489_Despacho-4.pdf\" target=\"_blank\" rel=\"noopener\">Inscri\u00e7\u00f5es Homologada (07\/11\/2025)<\/a><\/li>\n<li><a href=\"http:\/\/ppgeco.unb.br\/wp-content\/uploads\/2025\/11\/SEI_13477806_Despacho-1.pdf\" target=\"_blank\" rel=\"noopener\">Resultados Parciais (28\/11\/2025)<\/a><\/li>\n<li><a href=\"http:\/\/ppgeco.unb.br\/wp-content\/uploads\/2025\/12\/SEI_13490305_Despacho.pdf\" target=\"_blank\" rel=\"noopener\">Retifica\u00e7\u00e3o Resultados Parciais (02\/12\/2025)<\/a><\/li>\n<li><a href=\"http:\/\/ppgeco.unb.br\/wp-content\/uploads\/2025\/12\/03.2025.pdf\">Retifica\u00e7\u00e3o Calend\u00e1rio (15\/12\/2025)<\/a><\/li>\n<\/ul>\n<\/div>\n\r\n\t\t\t<\/div>\r\n\r\n\t<\/div><div class=\"title-section   left\">\r\n\t\t\r\n\t\t\t<div class=\"top-title\">\r\n\t\t\t\tEdital 02\/2025\r\n\t\t\t<\/div>\r\n\t\t<h2 class=\"title\" style=\"\t\t\tfont-size: 36px;\t\t\tfont-weight: 700;\t\t\tline-height: 36px;\t\t\tcolor: #111111;\t\t\tmargin-bottom: 2px;\t\t\tletter-spacing: 0px;\t\t\">\r\n\t\t\t\r\n\t\t<\/h2>\t\r\n\t\t\t\t\t\r\n\t\t\r\n\t\t\t<div class=\"title-content\" style=\"\t\t\tfont-size: 15px;\t\t\tline-height: 26px;\t\t\tcolor: #999999;\t\t\tfont-weight: 400;\t\t\tletter-spacing: 0px;\t\t\">\r\n\t\t\t\t<div class=\"page-header\">\n<p><a href=\"http:\/\/ppgeco.unb.br\/wp-content\/uploads\/2025\/10\/SEI_13165184_Edital_02_2025.pdf\" target=\"_blank\" rel=\"noopener\">\u00a0Economic Analysis<\/a><\/p>\n<ul>\n<li><a href=\"https:\/\/ppgeco.unb.br\/wp-content\/uploads\/2025\/10\/SEI_13165184_Edital_Analise_Economica_02_2025-2.docx\" target=\"_blank\" rel=\"noopener\">Attachments<\/a><\/li>\n<li><a href=\"http:\/\/ppgeco.unb.br\/wp-content\/uploads\/2025\/10\/SEI_13313249_Despacho.pdf\" target=\"_blank\" rel=\"noopener\">Prorroga\u00e7\u00e3o das Incri\u00e7\u00f5es at\u00e9 28\/10\/2025<\/a><\/li>\n<li><a href=\"http:\/\/ppgeco.unb.br\/wp-content\/uploads\/2025\/10\/SEI_13338702_Despacho-4.pdf\" target=\"_blank\" rel=\"noopener\">Homologa\u00e7ao das Incri\u00e7\u00f5es\u00a0<\/a><\/li>\n<li><a href=\"http:\/\/ppgeco.unb.br\/wp-content\/uploads\/2025\/11\/aplicada.pdf\" target=\"_blank\" rel=\"noopener\">Inscri\u00e7\u00f5es Homologadas (07\/11\/2025)<\/a><\/li>\n<li><a href=\"http:\/\/ppgeco.unb.br\/wp-content\/uploads\/2025\/11\/SEI_13477787_Despacho-1.pdf\" target=\"_blank\" rel=\"noopener\">Resultados Parciais (28\/11\/2025)<\/a><\/li>\n<li><a href=\"http:\/\/ppgeco.unb.br\/wp-content\/uploads\/2025\/12\/02.2025.pdf\">Retifica\u00e7\u00e3o Calend\u00e1rio (15\/12\/2025)<\/a><\/li>\n<\/ul>\n<\/div>\n\r\n\t\t\t<\/div>\r\n\r\n\t<\/div>\n<div class=\"vc-zigzag-wrapper vc-zigzag-align-center\"><div class=\"vc-zigzag-inner\" style=\"width: 100%;min-height: 14px;background: 0 repeat-x url(&#039;data:image\/svg+xml;utf-8,%3C%3Fxml%20version%3D%221.0%22%20encoding%3D%22utf-8%22%3F%3E%3C%21DOCTYPE%20svg%20PUBLIC%20%22-%2F%2FW3C%2F%2FDTD%20SVG%201.1%2F%2FEN%22%20%22http%3A%2F%2Fwww.w3.org%2FGraphics%2FSVG%2F1.1%2FDTD%2Fsvg11.dtd%22%3E%3Csvg%20width%3D%2214px%22%20height%3D%2212px%22%20viewBox%3D%220%200%2018%2015%22%20version%3D%221.1%22%20xmlns%3D%22http%3A%2F%2Fwww.w3.org%2F2000%2Fsvg%22%20xmlns%3Axlink%3D%22http%3A%2F%2Fwww.w3.org%2F1999%2Fxlink%22%3E%3Cpolygon%20id%3D%22Combined-Shape%22%20fill%3D%22%23ebebeb%22%20points%3D%228.98762301%200%200%209.12771969%200%2014.519983%209%205.40479869%2018%2014.519983%2018%209.12771969%22%3E%3C%2Fpolygon%3E%3C%2Fsvg%3E&#039;);\"><\/div><\/div><div class=\"title-section   left\">\r\n\t\t\r\n\t\t<h2 class=\"title\" style=\"\t\t\tfont-size: 36px;\t\t\tfont-weight: 700;\t\t\tline-height: 36px;\t\t\tcolor: #111111;\t\t\tmargin-bottom: 2px;\t\t\tletter-spacing: 0px;\t\t\">\r\n\t\t\tNotices 2024\r\n\t\t<\/h2>\t\r\n\t\t\t\t\t\r\n\t\t\r\n\r\n\t<\/div><div class=\"title-section   left\">\r\n\t\t\r\n\t\t\t<div class=\"top-title\">\r\n\t\t\t\tNotice 16\/2024\r\n\t\t\t<\/div>\r\n\t\t<h2 class=\"title\" style=\"\t\t\tfont-size: 36px;\t\t\tfont-weight: 700;\t\t\tline-height: 36px;\t\t\tcolor: #111111;\t\t\tmargin-bottom: 2px;\t\t\tletter-spacing: 0px;\t\t\">\r\n\t\t\t\r\n\t\t<\/h2>\t\r\n\t\t\t\t\t\r\n\t\t\r\n\t\t\t<div class=\"title-content\" style=\"\t\t\tfont-size: 15px;\t\t\tline-height: 26px;\t\t\tcolor: #999999;\t\t\tfont-weight: 400;\t\t\tletter-spacing: 0px;\t\t\">\r\n\t\t\t\t<div class=\"page-header\">\n<p><a href=\"http:\/\/ppgeco.unb.br\/wp-content\/uploads\/2024\/08\/Acoes-afirmativas.pdf\" target=\"_blank\" rel=\"noopener\">Vacancies for Indigenous, Quilombola and PcD candidates<\/a><\/p>\n<ul>\n<li><a href=\"http:\/\/ppgeco.unb.br\/wp-content\/uploads\/2024\/10\/16.pdf\" target=\"_blank\" rel=\"noopener\">Approval of Registrations\u00a0<\/a><\/li>\n<\/ul>\n<p>&nbsp;<\/p>\n<\/div>\n\r\n\t\t\t<\/div>\r\n\r\n\t<\/div><div class=\"title-section   left\">\r\n\t\t\r\n\t\t\t<div class=\"top-title\">\r\n\t\t\t\tNotice 15\/2024\r\n\t\t\t<\/div>\r\n\t\t<h2 class=\"title\" style=\"\t\t\tfont-size: 36px;\t\t\tfont-weight: 700;\t\t\tline-height: 36px;\t\t\tcolor: #111111;\t\t\tmargin-bottom: 2px;\t\t\tletter-spacing: 0px;\t\t\">\r\n\t\t\t\r\n\t\t<\/h2>\t\r\n\t\t\t\t\t\r\n\t\t\r\n\t\t\t<div class=\"title-content\" style=\"\t\t\tfont-size: 15px;\t\t\tline-height: 26px;\t\t\tcolor: #999999;\t\t\tfont-weight: 400;\t\t\tletter-spacing: 0px;\t\t\">\r\n\t\t\t\t<div class=\"page-header\">\n<p><a href=\"http:\/\/ppgeco.unb.br\/wp-content\/uploads\/2024\/08\/Edital_POLITICA-E-MEIO-AMBIENTE-2-1.pdf\" target=\"_blank\" rel=\"noopener\">Political Economy, Development and Environment<\/a><\/p>\n<ul>\n<li><a href=\"http:\/\/ppgeco.unb.br\/wp-content\/uploads\/2024\/10\/meio-amb.pdf\" target=\"_blank\" rel=\"noopener\">Approval of Registrations<\/a><\/li>\n<li><a href=\"http:\/\/ppgeco.unb.br\/wp-content\/uploads\/2024\/10\/SEI_11950870_Despacho.pdf\" target=\"_blank\" rel=\"noopener\">Inscri\u00e7\u00f5es Homologadas (ap\u00f3s recursos)\u00a0<\/a><\/li>\n<li><a href=\"http:\/\/ppgeco.unb.br\/wp-content\/uploads\/2024\/12\/SEI_12108951_Despacho.pdf\" target=\"_blank\" rel=\"noopener\">Parcial results<\/a><\/li>\n<li><a href=\"http:\/\/ppgeco.unb.br\/wp-content\/uploads\/2024\/12\/SEI_12123564_Despacho.pdf\" target=\"_blank\" rel=\"noopener\">Resultados Parciais (Retifica\u00e7\u00e3o n\u00famero de RG)<\/a><\/li>\n<li><a href=\"http:\/\/ppgeco.unb.br\/wp-content\/uploads\/2024\/12\/SEI_12175596_Despacho.pdf\" target=\"_blank\" rel=\"noopener\">Resultados Finais\u00a0<\/a><\/li>\n<li><a href=\"http:\/\/ppgeco.unb.br\/wp-content\/uploads\/2024\/12\/SEI_12175619_Despacho.pdf\" target=\"_blank\" rel=\"noopener\">Approved Candidates<\/a><\/li>\n<li><a href=\"http:\/\/ppgeco.unb.br\/wp-content\/uploads\/2024\/12\/SEI_12186993_Despacho-1.pdf\" target=\"_blank\" rel=\"noopener\">Retifica\u00e7\u00e3o Candidatos Aprovados\u00a0<\/a><\/li>\n<li><a href=\"http:\/\/ppgeco.unb.br\/wp-content\/uploads\/2025\/01\/SEI_12188797_Despacho.pdf\" target=\"_blank\" rel=\"noopener\">Confirmed Candidates<\/a><\/li>\n<\/ul>\n<p>&nbsp;<\/p>\n<\/div>\n\r\n\t\t\t<\/div>\r\n\r\n\t<\/div><div class=\"title-section   left\">\r\n\t\t\r\n\t\t\t<div class=\"top-title\">\r\n\t\t\t\tNotice 14\/2024\r\n\t\t\t<\/div>\r\n\t\t<h2 class=\"title\" style=\"\t\t\tfont-size: 36px;\t\t\tfont-weight: 700;\t\t\tline-height: 36px;\t\t\tcolor: #111111;\t\t\tmargin-bottom: 2px;\t\t\tletter-spacing: 0px;\t\t\">\r\n\t\t\t\r\n\t\t<\/h2>\t\r\n\t\t\t\t\t\r\n\t\t\r\n\t\t\t<div class=\"title-content\" style=\"\t\t\tfont-size: 15px;\t\t\tline-height: 26px;\t\t\tcolor: #999999;\t\t\tfont-weight: 400;\t\t\tletter-spacing: 0px;\t\t\">\r\n\t\t\t\t<div class=\"page-header\">\n<p><a href=\"http:\/\/ppgeco.unb.br\/wp-content\/uploads\/2024\/08\/Edital_ANALISE-ECONOMICA_2024-2.pdf\" target=\"_blank\" rel=\"noopener\">\u00a0Economic Analysis<\/a><\/p>\n<ul>\n<li><a href=\"http:\/\/ppgeco.unb.br\/wp-content\/uploads\/2024\/10\/analise.pdf\" target=\"_blank\" rel=\"noopener\">Approval of Registrations\u00a0<\/a><\/li>\n<li><a href=\"http:\/\/ppgeco.unb.br\/wp-content\/uploads\/2024\/10\/edital-14-2024.pdf\" target=\"_blank\" rel=\"noopener\">Inscri\u00e7\u00f5es Homologadas (ap\u00f3s recursos)<\/a><\/li>\n<li><a href=\"http:\/\/ppgeco.unb.br\/wp-content\/uploads\/2024\/11\/SEI_12052495_Despacho.pdf\" target=\"_blank\" rel=\"noopener\">Retifica\u00e7\u00e3o de Inscri\u00e7\u00f5es Homologadas <em>(Sob judice)<\/em><\/a><\/li>\n<li><a href=\"http:\/\/ppgeco.unb.br\/wp-content\/uploads\/2024\/12\/SEI_12108635_Despacho.pdf\" target=\"_blank\" rel=\"noopener\">Parcial results<\/a><\/li>\n<li><a href=\"http:\/\/ppgeco.unb.br\/wp-content\/uploads\/2024\/12\/SEI_12175568_Despacho-1.pdf\" target=\"_blank\" rel=\"noopener\">Resultados Finais<\/a><\/li>\n<li><a href=\"http:\/\/ppgeco.unb.br\/wp-content\/uploads\/2024\/12\/SEI_12176580_Despacho-1.pdf\" target=\"_blank\" rel=\"noopener\">Approved Candidates<\/a><\/li>\n<li><a href=\"http:\/\/ppgeco.unb.br\/wp-content\/uploads\/2024\/12\/SEI_12182514_Despacho.pdf\" target=\"_blank\" rel=\"noopener\">Retifica\u00e7\u00e3o Candidatos Aprovados\u00a0<\/a><\/li>\n<li><a href=\"http:\/\/ppgeco.unb.br\/wp-content\/uploads\/2025\/01\/SEI_12188797_Despacho.pdf\" target=\"_blank\" rel=\"noopener\">Confirmed Candidates\u00a0<\/a><\/li>\n<\/ul>\n<\/div>\n\r\n\t\t\t<\/div>\r\n\r\n\t<\/div>\n<div class=\"vc-zigzag-wrapper vc-zigzag-align-center\"><div class=\"vc-zigzag-inner\" style=\"width: 100%;min-height: 14px;background: 0 repeat-x url(&#039;data:image\/svg+xml;utf-8,%3C%3Fxml%20version%3D%221.0%22%20encoding%3D%22utf-8%22%3F%3E%3C%21DOCTYPE%20svg%20PUBLIC%20%22-%2F%2FW3C%2F%2FDTD%20SVG%201.1%2F%2FEN%22%20%22http%3A%2F%2Fwww.w3.org%2FGraphics%2FSVG%2F1.1%2FDTD%2Fsvg11.dtd%22%3E%3Csvg%20width%3D%2214px%22%20height%3D%2212px%22%20viewBox%3D%220%200%2018%2015%22%20version%3D%221.1%22%20xmlns%3D%22http%3A%2F%2Fwww.w3.org%2F2000%2Fsvg%22%20xmlns%3Axlink%3D%22http%3A%2F%2Fwww.w3.org%2F1999%2Fxlink%22%3E%3Cpolygon%20id%3D%22Combined-Shape%22%20fill%3D%22%23ebebeb%22%20points%3D%228.98762301%200%200%209.12771969%200%2014.519983%209%205.40479869%2018%2014.519983%2018%209.12771969%22%3E%3C%2Fpolygon%3E%3C%2Fsvg%3E&#039;);\"><\/div><\/div><div class=\"title-section   left\">\r\n\t\t\r\n\t\t<h2 class=\"title\" style=\"\t\t\tfont-size: 36px;\t\t\tfont-weight: 700;\t\t\tline-height: 36px;\t\t\tcolor: #111111;\t\t\tmargin-bottom: 2px;\t\t\tletter-spacing: 0px;\t\t\">\r\n\t\t\t\r\n\t\t<\/h2>\t\r\n\t\t\t\t\t\r\n\t\t\r\n\t\t\t<div class=\"title-content\" style=\"\t\t\tfont-size: 15px;\t\t\tline-height: 26px;\t\t\tcolor: #999999;\t\t\tfont-weight: 400;\t\t\tletter-spacing: 0px;\t\t\">\r\n\t\t\t\t<p><a href=\"http:\/\/ppgeco.unb.br\/wp-content\/uploads\/2024\/12\/SEI_12109120_Despacho.pdf\" target=\"_blank\" rel=\"noopener\">Resultado da Entrevista de Heteroidentifica\u00e7\u00e3o &#8211; Editais 14 e 15\/2024<\/a><\/p>\n\r\n\t\t\t<\/div>\r\n\r\n\t<\/div>\n<div class=\"vc-zigzag-wrapper vc-zigzag-align-center\"><div class=\"vc-zigzag-inner\" style=\"width: 100%;min-height: 14px;background: 0 repeat-x url(&#039;data:image\/svg+xml;utf-8,%3C%3Fxml%20version%3D%221.0%22%20encoding%3D%22utf-8%22%3F%3E%3C%21DOCTYPE%20svg%20PUBLIC%20%22-%2F%2FW3C%2F%2FDTD%20SVG%201.1%2F%2FEN%22%20%22http%3A%2F%2Fwww.w3.org%2FGraphics%2FSVG%2F1.1%2FDTD%2Fsvg11.dtd%22%3E%3Csvg%20width%3D%2214px%22%20height%3D%2212px%22%20viewBox%3D%220%200%2018%2015%22%20version%3D%221.1%22%20xmlns%3D%22http%3A%2F%2Fwww.w3.org%2F2000%2Fsvg%22%20xmlns%3Axlink%3D%22http%3A%2F%2Fwww.w3.org%2F1999%2Fxlink%22%3E%3Cpolygon%20id%3D%22Combined-Shape%22%20fill%3D%22%23ebebeb%22%20points%3D%228.98762301%200%200%209.12771969%200%2014.519983%209%205.40479869%2018%2014.519983%2018%209.12771969%22%3E%3C%2Fpolygon%3E%3C%2Fsvg%3E&#039;);\"><\/div><\/div><div class=\"title-section   left\">\r\n\t\t\r\n\t\t<h2 class=\"title\" style=\"\t\t\tfont-size: 36px;\t\t\tfont-weight: 700;\t\t\tline-height: 36px;\t\t\tcolor: #111111;\t\t\tmargin-bottom: 2px;\t\t\tletter-spacing: 0px;\t\t\">\r\n\t\t\tNotices 2023\r\n\t\t<\/h2>\t\r\n\t\t\t\t\t\r\n\t\t\r\n\r\n\t<\/div><div class=\"title-section   left\">\r\n\t\t\r\n\t\t\t<div class=\"top-title\">\r\n\t\t\t\tNotice 04\/2023\r\n\t\t\t<\/div>\r\n\t\t<h2 class=\"title\" style=\"\t\t\tfont-size: 36px;\t\t\tfont-weight: 700;\t\t\tline-height: 36px;\t\t\tcolor: #111111;\t\t\tmargin-bottom: 2px;\t\t\tletter-spacing: 0px;\t\t\">\r\n\t\t\t\r\n\t\t<\/h2>\t\r\n\t\t\t\t\t\r\n\t\t\r\n\t\t\t<div class=\"title-content\" style=\"\t\t\tfont-size: 15px;\t\t\tline-height: 26px;\t\t\tcolor: #999999;\t\t\tfont-weight: 400;\t\t\tletter-spacing: 0px;\t\t\">\r\n\t\t\t\t<div class=\"page-header\">\n<p><a href=\"http:\/\/ppgeco.unb.br\/wp-content\/uploads\/2023\/09\/Edital_acao_afirmativa_2024__281_29__281_29_assinado.pdf\" target=\"_blank\" rel=\"noopener\">Notice 04\/2023 \u2013 (Vacancies intended for Indigenous, Quilombola and PNE candidates)<\/a><\/p>\n<p><a href=\"https:\/\/ppgeco.unb.br\/wp-content\/uploads\/2023\/09\/ANEXO-1-EDITAL-04.204.doc\" target=\"_blank\" rel=\"noopener\">Annex I \u2013 Registration Form\u00a0<\/a><\/p>\n<p><a href=\"https:\/\/ppgeco.unb.br\/wp-content\/uploads\/2023\/09\/ANEXO-2-EDITAL-02.23.docx\" target=\"_blank\" rel=\"noopener\">Annex II - Letter of Recommendation\u00a0<\/a><\/p>\n<p><a href=\"http:\/\/ppgeco.unb.br\/wp-content\/uploads\/2023\/10\/Homologacao-edital-4-2023.pdf\" target=\"_blank\" rel=\"noopener\">Preliminary Result Approval of Registrations\u00a0<\/a><\/p>\n<\/div>\n\r\n\t\t\t<\/div>\r\n\r\n\t<\/div><div class=\"title-section   left\">\r\n\t\t\r\n\t\t\t<div class=\"top-title\">\r\n\t\t\t\tNotice 03\/2023\r\n\t\t\t<\/div>\r\n\t\t<h2 class=\"title\" style=\"\t\t\tfont-size: 36px;\t\t\tfont-weight: 700;\t\t\tline-height: 36px;\t\t\tcolor: #111111;\t\t\tmargin-bottom: 2px;\t\t\tletter-spacing: 0px;\t\t\">\r\n\t\t\t\r\n\t\t<\/h2>\t\r\n\t\t\t\t\t\r\n\t\t\r\n\t\t\t<div class=\"title-content\" style=\"\t\t\tfont-size: 15px;\t\t\tline-height: 26px;\t\t\tcolor: #999999;\t\t\tfont-weight: 400;\t\t\tletter-spacing: 0px;\t\t\">\r\n\t\t\t\t<div class=\"page-header\">\n<p><a href=\"http:\/\/ppgeco.unb.br\/wp-content\/uploads\/2023\/09\/Economia_Meio_Ambiente_e_Politica_2024_assinado-1.pdf\" target=\"_blank\" rel=\"noopener\">Notice 3\/2023 \u2013 Political Economy, Development and Environment<\/a><\/p>\n<p><a href=\"https:\/\/ppgeco.unb.br\/wp-content\/uploads\/2023\/09\/ANEXO-1-EDITAL-03.2023.docx\" target=\"_blank\" rel=\"noopener\">Annex I \u2013 Registration Form\u00a0<\/a><\/p>\n<p><a href=\"https:\/\/ppgeco.unb.br\/wp-content\/uploads\/2023\/09\/ANEXO-2-EDITAL-03.2023.docx\" target=\"_blank\" rel=\"noopener\">Annex II - Letter of Recommendation\u00a0<\/a><\/p>\n<p><a href=\"http:\/\/ppgeco.unb.br\/wp-content\/uploads\/2023\/10\/homogacao-edital-03-2023.pdf\" target=\"_blank\" rel=\"noopener\">Preliminary Result \u2013 Approval of Registrations\u00a0<\/a><\/p>\n<p><a href=\"http:\/\/ppgeco.unb.br\/wp-content\/uploads\/2023\/10\/SEI_10441830_Despacho.pdf\" target=\"_blank\" rel=\"noopener\">Final Result \u2013 Approved Registrations\u00a0<\/a><\/p>\n<p><a href=\"http:\/\/ppgeco.unb.br\/wp-content\/uploads\/2023\/12\/SEI_10617658_Despacho.pdf\" target=\"_blank\" rel=\"noopener\">Heteroidentification Interview Result\u00a0<\/a><\/p>\n<p><a href=\"http:\/\/ppgeco.unb.br\/wp-content\/uploads\/2023\/12\/resultado2.pdf\" target=\"_blank\" rel=\"noopener\">Parcial results\u00a0<\/a><\/p>\n<p><a href=\"http:\/\/ppgeco.unb.br\/wp-content\/uploads\/2023\/12\/formulario_de_recurso_2023.pdf\" target=\"_blank\" rel=\"noopener\">Reconsideration Request Form\u00a0<\/a><\/p>\n<p><a href=\"http:\/\/ppgeco.unb.br\/wp-content\/uploads\/2023\/12\/SEI_10663574_Despacho.pdf\" target=\"_blank\" rel=\"noopener\">Final Result After Appeals\u00a0<\/a><\/p>\n<p><a href=\"http:\/\/ppgeco.unb.br\/wp-content\/uploads\/2023\/12\/SEI_10663618_Despacho.pdf\" target=\"_blank\" rel=\"noopener\">Approved Candidates\u00a0<\/a><\/p>\n<\/div>\n\r\n\t\t\t<\/div>\r\n\r\n\t<\/div><div class=\"title-section   left\">\r\n\t\t\r\n\t\t\t<div class=\"top-title\">\r\n\t\t\t\tNotice 02\/2023\r\n\t\t\t<\/div>\r\n\t\t<h2 class=\"title\" style=\"\t\t\tfont-size: 36px;\t\t\tfont-weight: 700;\t\t\tline-height: 36px;\t\t\tcolor: #111111;\t\t\tmargin-bottom: 2px;\t\t\tletter-spacing: 0px;\t\t\">\r\n\t\t\t\r\n\t\t<\/h2>\t\r\n\t\t\t\t\t\r\n\t\t\r\n\t\t\t<div class=\"title-content\" style=\"\t\t\tfont-size: 15px;\t\t\tline-height: 26px;\t\t\tcolor: #999999;\t\t\tfont-weight: 400;\t\t\tletter-spacing: 0px;\t\t\">\r\n\t\t\t\t<div class=\"page-header\">\n<p><a href=\"http:\/\/ppgeco.unb.br\/wp-content\/uploads\/2023\/09\/Economia_Aplicada_e_Setor_Publico_2024_assinado-1.pdf\" target=\"_blank\" rel=\"noopener\">Notice 02\/2023 \u2013 Economic Analysis<\/a><\/p>\n<p><a href=\"https:\/\/ppgeco.unb.br\/wp-content\/uploads\/2023\/09\/ANEXO-1-EDITAL-02.2023.docx\" target=\"_blank\" rel=\"noopener\">Annex I \u2013 Registration Form<\/a><\/p>\n<p><a href=\"https:\/\/ppgeco.unb.br\/wp-content\/uploads\/2023\/09\/ANEXO-2-EDITAL-02.2023.docx\" target=\"_blank\" rel=\"noopener\">Annex II - Letter of Recommendation\u00a0<\/a><\/p>\n<p><a href=\"http:\/\/ppgeco.unb.br\/wp-content\/uploads\/2023\/10\/homologacao-edital-2-2023.pdf\" target=\"_blank\" rel=\"noopener\">Preliminary Result \u2013 Approval of Registrations\u00a0<\/a><\/p>\n<p><a href=\"http:\/\/ppgeco.unb.br\/wp-content\/uploads\/2023\/10\/SEI_10441785_Despacho.pdf\" target=\"_blank\" rel=\"noopener\">Final Result \u2013 Approved Registrations\u00a0<\/a><\/p>\n<p><a href=\"http:\/\/ppgeco.unb.br\/wp-content\/uploads\/2023\/10\/SEI_10460426_Despacho.pdf\" target=\"_blank\" rel=\"noopener\">Rectification of the Final Result \u2013 Approved Registrations\u00a0<\/a><\/p>\n<p><a href=\"http:\/\/ppgeco.unb.br\/wp-content\/uploads\/2023\/12\/resultado-analise-economica.pdf\" target=\"_blank\" rel=\"noopener\">Parcial results\u00a0<\/a><\/p>\n<p><a href=\"http:\/\/ppgeco.unb.br\/wp-content\/uploads\/2023\/12\/formulario_de_recurso_2023.pdf\" target=\"_blank\" rel=\"noopener\">Reconsideration Request Form\u00a0<\/a><\/p>\n<p><a href=\"http:\/\/ppgeco.unb.br\/wp-content\/uploads\/2023\/12\/resultado-final-edital-2.2023.pdf\" target=\"_blank\" rel=\"noopener\">Final Result After Appeals\u00a0<\/a><\/p>\n<p><a href=\"http:\/\/ppgeco.unb.br\/wp-content\/uploads\/2023\/12\/candidatos-aprovados-02.2023.pdf\" target=\"_blank\" rel=\"noopener\">Approved Candidates\u00a0<\/a><\/p>\n<\/div>\n\r\n\t\t\t<\/div>\r\n\r\n\t<\/div>\n<div class=\"vc-zigzag-wrapper vc-zigzag-align-center\"><div class=\"vc-zigzag-inner\" style=\"width: 100%;min-height: 14px;background: 0 repeat-x url(&#039;data:image\/svg+xml;utf-8,%3C%3Fxml%20version%3D%221.0%22%20encoding%3D%22utf-8%22%3F%3E%3C%21DOCTYPE%20svg%20PUBLIC%20%22-%2F%2FW3C%2F%2FDTD%20SVG%201.1%2F%2FEN%22%20%22http%3A%2F%2Fwww.w3.org%2FGraphics%2FSVG%2F1.1%2FDTD%2Fsvg11.dtd%22%3E%3Csvg%20width%3D%2214px%22%20height%3D%2212px%22%20viewBox%3D%220%200%2018%2015%22%20version%3D%221.1%22%20xmlns%3D%22http%3A%2F%2Fwww.w3.org%2F2000%2Fsvg%22%20xmlns%3Axlink%3D%22http%3A%2F%2Fwww.w3.org%2F1999%2Fxlink%22%3E%3Cpolygon%20id%3D%22Combined-Shape%22%20fill%3D%22%23ebebeb%22%20points%3D%228.98762301%200%200%209.12771969%200%2014.519983%209%205.40479869%2018%2014.519983%2018%209.12771969%22%3E%3C%2Fpolygon%3E%3C%2Fsvg%3E&#039;);\"><\/div><\/div><div class=\"title-section   left\">\r\n\t\t\r\n\t\t<h2 class=\"title\" style=\"\t\t\tfont-size: 36px;\t\t\tfont-weight: 700;\t\t\tline-height: 36px;\t\t\tcolor: #111111;\t\t\tmargin-bottom: 2px;\t\t\tletter-spacing: 0px;\t\t\">\r\n\t\t\tNotices 2022\r\n\t\t<\/h2>\t\r\n\t\t\t\t\t\r\n\t\t\r\n\r\n\t<\/div><div class=\"title-section   left\">\r\n\t\t\r\n\t\t\t<div class=\"top-title\">\r\n\t\t\t\tNotice 04\/2022\r\n\t\t\t<\/div>\r\n\t\t<h2 class=\"title\" style=\"\t\t\tfont-size: 36px;\t\t\tfont-weight: 700;\t\t\tline-height: 36px;\t\t\tcolor: #111111;\t\t\tmargin-bottom: 2px;\t\t\tletter-spacing: 0px;\t\t\">\r\n\t\t\t\r\n\t\t<\/h2>\t\r\n\t\t\t\t\t\r\n\t\t\r\n\t\t\t<div class=\"title-content\" style=\"\t\t\tfont-size: 15px;\t\t\tline-height: 26px;\t\t\tcolor: #999999;\t\t\tfont-weight: 400;\t\t\tletter-spacing: 0px;\t\t\">\r\n\t\t\t\t<div class=\"page-header\">\n<p><a href=\"http:\/\/ppgeco.unb.br\/wp-content\/uploads\/2022\/08\/Edital-acao-afirmativa-2022-final.pdf\" target=\"_blank\" rel=\"noopener\">Public Notice 04\/2022 - (Slots for Indigenous, Quilombolas and PNE candidates)<\/a><\/p>\n<\/div>\n<p><a href=\"https:\/\/ppgeco.unb.br\/wp-content\/uploads\/2022\/08\/ANEXO-1-EDITAL-04.2022..doc\" target=\"_blank\" rel=\"noopener\">Annex I- Registration Form\u00a0<\/a><\/p>\n<p><a href=\"https:\/\/ppgeco.unb.br\/wp-content\/uploads\/2022\/08\/ANEXO-2-EDITAL-04.2022-1.doc\" target=\"_blank\" rel=\"noopener\">Annex II Letter of Recommendation<\/a><\/p>\n<p><a href=\"http:\/\/ppgeco.unb.br\/wp-content\/uploads\/2022\/10\/edital-4.2022.pdf\" target=\"_blank\" rel=\"noopener\">Approval of Registrations<\/a><\/p>\n\r\n\t\t\t<\/div>\r\n\r\n\t<\/div><div class=\"title-section   left\">\r\n\t\t\r\n\t\t\t<div class=\"top-title\">\r\n\t\t\t\tNotice 03\/2022\r\n\t\t\t<\/div>\r\n\t\t<h2 class=\"title\" style=\"\t\t\tfont-size: 36px;\t\t\tfont-weight: 700;\t\t\tline-height: 36px;\t\t\tcolor: #111111;\t\t\tmargin-bottom: 2px;\t\t\tletter-spacing: 0px;\t\t\">\r\n\t\t\t\r\n\t\t<\/h2>\t\r\n\t\t\t\t\t\r\n\t\t\r\n\t\t\t<div class=\"title-content\" style=\"\t\t\tfont-size: 15px;\t\t\tline-height: 26px;\t\t\tcolor: #999999;\t\t\tfont-weight: 400;\t\t\tletter-spacing: 0px;\t\t\">\r\n\t\t\t\t<div class=\"page-header\">\n<p><a href=\"http:\/\/ppgeco.unb.br\/wp-content\/uploads\/2022\/08\/Economia-Meio-Ambiente-e-Politica-2022-final.pdf\" target=\"_blank\" rel=\"noopener\">Public Notice 3\/202 - Political Economy, Development and Environment<\/a><\/p>\n<\/div>\n<p><a href=\"https:\/\/ppgeco.unb.br\/wp-content\/uploads\/2022\/08\/ANEXO-1-EDITAL-03.2022.docx\" target=\"_blank\" rel=\"noopener\">Annex I - Registration Form\u00a0<\/a><\/p>\n<p><a href=\"https:\/\/ppgeco.unb.br\/wp-content\/uploads\/2022\/08\/ANEXO-2-EDITAL-03.2022.docx\" target=\"_blank\" rel=\"noopener\">Annex II Letter of Recommendation<\/a><\/p>\n<p><a href=\"http:\/\/ppgeco.unb.br\/wp-content\/uploads\/2022\/10\/edital-3.2022.pdf\" target=\"_blank\" rel=\"noopener\">Approval of Registrations<\/a><\/p>\n<p><a href=\"http:\/\/ppgeco.unb.br\/wp-content\/uploads\/2022\/10\/RESULTADO-HOMOLOGACAO-3-2022.pdf\" target=\"_blank\" rel=\"noopener\">Approval of Applications After Appeals\u00a0<\/a><\/p>\n<p><a href=\"http:\/\/ppgeco.unb.br\/wp-content\/uploads\/2022\/11\/SEI_UnB-9024740-Comunicado.pdf\" target=\"_blank\" rel=\"noopener\">Announcement on the disclosure of the Result (11\/28\/2022)<\/a><\/p>\n<p><a href=\"http:\/\/ppgeco.unb.br\/wp-content\/uploads\/2022\/12\/heteroidentificacao.pdf\" target=\"_blank\" rel=\"noopener\">Result Heteroidentification\u00a0<\/a><\/p>\n<p><a href=\"http:\/\/ppgeco.unb.br\/wp-content\/uploads\/2022\/12\/POLITICA-E-MEIO-AMBIENTE.pdf\" target=\"_blank\" rel=\"noopener\">Final result<\/a><\/p>\n<p><a href=\"http:\/\/ppgeco.unb.br\/wp-content\/uploads\/2022\/12\/resultado-03-2022.pdf\" target=\"_blank\" rel=\"noopener\">Final Result After Appeals\u00a0<\/a><\/p>\n<p><a href=\"http:\/\/ppgeco.unb.br\/wp-content\/uploads\/2022\/12\/candidatos-aprovados-03-2022.pdf\" target=\"_blank\" rel=\"noopener\">Approved Candidates\u00a0<\/a><\/p>\n\r\n\t\t\t<\/div>\r\n\r\n\t<\/div><div class=\"title-section   left\">\r\n\t\t\r\n\t\t\t<div class=\"top-title\">\r\n\t\t\t\tNotice 2\/2022\r\n\t\t\t<\/div>\r\n\t\t<h2 class=\"title\" style=\"\t\t\tfont-size: 36px;\t\t\tfont-weight: 700;\t\t\tline-height: 36px;\t\t\tcolor: #111111;\t\t\tmargin-bottom: 2px;\t\t\tletter-spacing: 0px;\t\t\">\r\n\t\t\t\r\n\t\t<\/h2>\t\r\n\t\t\t\t\t\r\n\t\t\r\n\t\t\t<div class=\"title-content\" style=\"\t\t\tfont-size: 15px;\t\t\tline-height: 26px;\t\t\tcolor: #999999;\t\t\tfont-weight: 400;\t\t\tletter-spacing: 0px;\t\t\">\r\n\t\t\t\t<div class=\"page-header\">\n<p><a href=\"http:\/\/ppgeco.unb.br\/wp-content\/uploads\/2022\/08\/Economia-Aplicada-e-Setor-Publico-2022-final.pdf\" target=\"_blank\" rel=\"noopener\">Public Notice 02\/2022 - Economic Analysis<\/a><\/p>\n<\/div>\n<p><a href=\"https:\/\/ppgeco.unb.br\/wp-content\/uploads\/2022\/08\/ANEXO-1-EDITAL-02.2022-1.docx\" target=\"_blank\" rel=\"noopener\">Annex I- Registration Form\u00a0\u00a0<\/a><\/p>\n<p><a href=\"https:\/\/ppgeco.unb.br\/wp-content\/uploads\/2022\/08\/ANEXO-2-EDITAL-02.2022.docx\" target=\"_blank\" rel=\"noopener\">Annex II - Letter of Recommendation<\/a><\/p>\n<p><a href=\"http:\/\/ppgeco.unb.br\/wp-content\/uploads\/2022\/10\/edital-2.2022.pdf\" target=\"_blank\" rel=\"noopener\">Approval of Registrations<\/a><\/p>\n<p><a href=\"http:\/\/ppgeco.unb.br\/wp-content\/uploads\/2022\/10\/RESULTADO-HOMOLOGACAO-2-2022.pdf\" target=\"_blank\" rel=\"noopener\">Approval of Applications After Appeals\u00a0<\/a><\/p>\n<p><a href=\"http:\/\/ppgeco.unb.br\/wp-content\/uploads\/2022\/11\/SEI_UnB-9024740-Comunicado.pdf\" target=\"_blank\" rel=\"noopener\">Announcement on the disclosure of the Result (11\/28\/2022)<\/a><\/p>\n<p><a href=\"http:\/\/ppgeco.unb.br\/wp-content\/uploads\/2022\/12\/heteroidentificacao.pdf\" target=\"_blank\" rel=\"noopener\">Result Heteroidentification\u00a0<\/a><\/p>\n<p><a href=\"http:\/\/ppgeco.unb.br\/wp-content\/uploads\/2022\/12\/analise-economica.pdf\" target=\"_blank\" rel=\"noopener\">Final result\u00a0<\/a><\/p>\n<p><a href=\"http:\/\/ppgeco.unb.br\/wp-content\/uploads\/2022\/12\/resultado-02-2022.pdf\" target=\"_blank\" rel=\"noopener\">Final Result After Appeals\u00a0<\/a><\/p>\n<p><a href=\"http:\/\/ppgeco.unb.br\/wp-content\/uploads\/2022\/12\/candidatos-aprovados-02-2022.pdf\" target=\"_blank\" rel=\"noopener\">Approved Candidates\u00a0<\/a><\/p>\n\r\n\t\t\t<\/div>\r\n\r\n\t<\/div>\n<div class=\"vc-zigzag-wrapper vc-zigzag-align-center\"><div class=\"vc-zigzag-inner\" style=\"width: 100%;min-height: 14px;background: 0 repeat-x url(&#039;data:image\/svg+xml;utf-8,%3C%3Fxml%20version%3D%221.0%22%20encoding%3D%22utf-8%22%3F%3E%3C%21DOCTYPE%20svg%20PUBLIC%20%22-%2F%2FW3C%2F%2FDTD%20SVG%201.1%2F%2FEN%22%20%22http%3A%2F%2Fwww.w3.org%2FGraphics%2FSVG%2F1.1%2FDTD%2Fsvg11.dtd%22%3E%3Csvg%20width%3D%2214px%22%20height%3D%2212px%22%20viewBox%3D%220%200%2018%2015%22%20version%3D%221.1%22%20xmlns%3D%22http%3A%2F%2Fwww.w3.org%2F2000%2Fsvg%22%20xmlns%3Axlink%3D%22http%3A%2F%2Fwww.w3.org%2F1999%2Fxlink%22%3E%3Cpolygon%20id%3D%22Combined-Shape%22%20fill%3D%22%23ebebeb%22%20points%3D%228.98762301%200%200%209.12771969%200%2014.519983%209%205.40479869%2018%2014.519983%2018%209.12771969%22%3E%3C%2Fpolygon%3E%3C%2Fsvg%3E&#039;);\"><\/div><\/div><div class=\"title-section   left\">\r\n\t\t\r\n\t\t<h2 class=\"title\" style=\"\t\t\tfont-size: 36px;\t\t\tfont-weight: 700;\t\t\tline-height: 36px;\t\t\tcolor: #111111;\t\t\tmargin-bottom: 2px;\t\t\tletter-spacing: 0px;\t\t\">\r\n\t\t\tNotices 2021\r\n\t\t<\/h2>\t\r\n\t\t\t\t\t\r\n\t\t\r\n\r\n\t<\/div><div class=\"title-section   left\">\r\n\t\t\r\n\t\t\t<div class=\"top-title\">\r\n\t\t\t\tNotice 05\/2021\r\n\t\t\t<\/div>\r\n\t\t<h2 class=\"title\" style=\"\t\t\tfont-size: 36px;\t\t\tfont-weight: 700;\t\t\tline-height: 36px;\t\t\tcolor: #111111;\t\t\tmargin-bottom: 2px;\t\t\tletter-spacing: 0px;\t\t\">\r\n\t\t\t\r\n\t\t<\/h2>\t\r\n\t\t\t\t\t\r\n\t\t\r\n\t\t\t<div class=\"title-content\" style=\"\t\t\tfont-size: 15px;\t\t\tline-height: 26px;\t\t\tcolor: #999999;\t\t\tfont-weight: 400;\t\t\tletter-spacing: 0px;\t\t\">\r\n\t\t\t\t<div class=\"page-header\">\n<p><a href=\"http:\/\/economia.unb.br\/images\/Artigos\/Principal\/Editais_2021\/Edital_005_2021_Economia_Pos.pdf\">Public Notice 05\/2021 - (Slots for Indigenous, Quilombolas and PNE candidates)<\/a><\/p>\n<\/div>\n<p><a href=\"http:\/\/economia.unb.br\/images\/Pos_Graduacao\/Editais\/doutorado\/2022\/prorrogao.pdf\" target=\"_blank\" rel=\"noopener\">Inform - Extension of Registrations\u00a0<\/a><\/p>\n<p><a href=\"http:\/\/economia.unb.br\/images\/Pos_Graduacao\/Editais\/doutorado\/2022\/homologacao\/Homologao_Doutorado_05-2021.pdf\" target=\"_blank\" rel=\"noopener\">Approval of Registrations (01\/14\/2022)<\/a><\/p>\n\r\n\t\t\t<\/div>\r\n\r\n\t<\/div><div class=\"title-section   left\">\r\n\t\t\r\n\t\t\t<div class=\"top-title\">\r\n\t\t\t\tNotice 04\/2021\r\n\t\t\t<\/div>\r\n\t\t<h2 class=\"title\" style=\"\t\t\tfont-size: 36px;\t\t\tfont-weight: 700;\t\t\tline-height: 36px;\t\t\tcolor: #111111;\t\t\tmargin-bottom: 2px;\t\t\tletter-spacing: 0px;\t\t\">\r\n\t\t\t\r\n\t\t<\/h2>\t\r\n\t\t\t\t\t\r\n\t\t\r\n\t\t\t<div class=\"title-content\" style=\"\t\t\tfont-size: 15px;\t\t\tline-height: 26px;\t\t\tcolor: #999999;\t\t\tfont-weight: 400;\t\t\tletter-spacing: 0px;\t\t\">\r\n\t\t\t\t<div class=\"page-header\">\n<p><a href=\"http:\/\/economia.unb.br\/images\/Artigos\/Principal\/Editais_2021\/Edital_004_2021_Economia_Pos.pdf\">Public Notice 04\/2021 - (Area of concentration: Political Economy, Development and Environment)<\/a><\/p>\n<p><a href=\"http:\/\/economia.unb.br\/images\/Pos_Graduacao\/Editais\/doutorado\/2022\/prorrogao.pdf\" target=\"_blank\" rel=\"noopener\">Inform - Extension of Registrations\u00a0<\/a><\/p>\n<p><a href=\"http:\/\/economia.unb.br\/images\/Pos_Graduacao\/Editais\/doutorado\/2022\/homologacao\/Homologao_Doutorado_04-2021.pdf\" target=\"_blank\" rel=\"noopener\">Approval of Registrations (01\/14\/2022)<\/a><\/p>\n<p><a href=\"http:\/\/economia.unb.br\/images\/Pos_Graduacao\/Editais\/doutorado\/2022\/homologacao\/Homologao_Doutorado_04-2021_aps_recurso.pdf\" target=\"_blank\" rel=\"noopener\">Approval of Applications after Appeals (01\/24\/2022)<\/a><\/p>\n<p><a href=\"http:\/\/ppgeco.unb.br\/wp-content\/uploads\/2022\/03\/Resultado-Edital-04-2021.pdf\">Final Result - Notice 04\/2021 (07\/03\/2022)<\/a><\/p>\n<p><a href=\"http:\/\/ppgeco.unb.br\/wp-content\/uploads\/2022\/03\/Resultado-apos-Recurso-04-2021.pdf\">Final result after appeals (03\/14\/2022)<\/a><\/p>\n<p><a href=\"http:\/\/ppgeco.unb.br\/wp-content\/uploads\/2022\/03\/Edital-04-2021-candidatos-aprovados-2.pdf\">Approved Candidates (03\/14\/2022)<\/a><\/p>\n<\/div>\n\r\n\t\t\t<\/div>\r\n\r\n\t<\/div><div class=\"title-section   left\">\r\n\t\t\r\n\t\t\t<div class=\"top-title\">\r\n\t\t\t\tNotice 03\/2021\r\n\t\t\t<\/div>\r\n\t\t<h2 class=\"title\" style=\"\t\t\tfont-size: 36px;\t\t\tfont-weight: 700;\t\t\tline-height: 36px;\t\t\tcolor: #111111;\t\t\tmargin-bottom: 2px;\t\t\tletter-spacing: 0px;\t\t\">\r\n\t\t\t\r\n\t\t<\/h2>\t\r\n\t\t\t\t\t\r\n\t\t\r\n\t\t\t<div class=\"title-content\" style=\"\t\t\tfont-size: 15px;\t\t\tline-height: 26px;\t\t\tcolor: #999999;\t\t\tfont-weight: 400;\t\t\tletter-spacing: 0px;\t\t\">\r\n\t\t\t\t<div class=\"page-header\"><a href=\"http:\/\/economia.unb.br\/images\/Artigos\/Principal\/Editais_2021\/Edital_003_2021_Economia_Pos.pdf\">\u00a0Public Notice 03\/2021 - (Area of concentration: Economic Analysis)<\/a><\/div>\n<p><a href=\"http:\/\/economia.unb.br\/images\/Pos_Graduacao\/Editais\/doutorado\/2022\/prorrogao.pdf\" target=\"_blank\" rel=\"noopener\">Inform - Extension of Registrations\u00a0<\/a><\/p>\n<p><a href=\"http:\/\/economia.unb.br\/images\/Pos_Graduacao\/Editais\/doutorado\/2022\/homologacao\/Homologao_Edital_03-2021.pdf\" target=\"_blank\" rel=\"noopener\">Approval of Registrations (01\/14\/2022)<\/a><\/p>\n<p><a href=\"http:\/\/economia.unb.br\/images\/Pos_Graduacao\/Editais\/doutorado\/2022\/homologacao\/Homologao_Doutorado_03-2021_apos_recurso.pdf\" target=\"_blank\" rel=\"noopener\">Approval of Applications after Appeals (01\/24\/2022)<\/a><\/p>\n<p><a href=\"http:\/\/ppgeco.unb.br\/wp-content\/uploads\/2022\/03\/Resultado-Edital-03-2021.pdf\">Final Result - Notice 03\/2021 (03\/07\/2022)<\/a><\/p>\n<p><a href=\"http:\/\/ppgeco.unb.br\/wp-content\/uploads\/2022\/03\/Resultado-apos-Recurso-03-2021.pdf\">Final result after appeals (03\/14\/2022)<\/a><\/p>\n<p><a href=\"http:\/\/ppgeco.unb.br\/wp-content\/uploads\/2022\/03\/Edital-03-2021-candidatos-aprovados.pdf\">Approved Candidates (03\/14\/2022)<\/a><\/p>\n\r\n\t\t\t<\/div>\r\n\r\n\t<\/div>\n<div class=\"vc-zigzag-wrapper vc-zigzag-align-center\"><div class=\"vc-zigzag-inner\" style=\"width: 100%;min-height: 14px;background: 0 repeat-x url(&#039;data:image\/svg+xml;utf-8,%3C%3Fxml%20version%3D%221.0%22%20encoding%3D%22utf-8%22%3F%3E%3C%21DOCTYPE%20svg%20PUBLIC%20%22-%2F%2FW3C%2F%2FDTD%20SVG%201.1%2F%2FEN%22%20%22http%3A%2F%2Fwww.w3.org%2FGraphics%2FSVG%2F1.1%2FDTD%2Fsvg11.dtd%22%3E%3Csvg%20width%3D%2214px%22%20height%3D%2212px%22%20viewBox%3D%220%200%2018%2015%22%20version%3D%221.1%22%20xmlns%3D%22http%3A%2F%2Fwww.w3.org%2F2000%2Fsvg%22%20xmlns%3Axlink%3D%22http%3A%2F%2Fwww.w3.org%2F1999%2Fxlink%22%3E%3Cpolygon%20id%3D%22Combined-Shape%22%20fill%3D%22%23ebebeb%22%20points%3D%228.98762301%200%200%209.12771969%200%2014.519983%209%205.40479869%2018%2014.519983%2018%209.12771969%22%3E%3C%2Fpolygon%3E%3C%2Fsvg%3E&#039;);\"><\/div><\/div><div class=\"title-section   left\">\r\n\t\t\r\n\t\t<h2 class=\"title\" style=\"\t\t\tfont-size: 36px;\t\t\tfont-weight: 700;\t\t\tline-height: 36px;\t\t\tcolor: #111111;\t\t\tmargin-bottom: 2px;\t\t\tletter-spacing: 0px;\t\t\">\r\n\t\t\tNotices 2020\r\n\t\t<\/h2>\t\r\n\t\t\t\t\t\r\n\t\t\r\n\r\n\t<\/div><div class=\"title-section   left\">\r\n\t\t\r\n\t\t\t<div class=\"top-title\">\r\n\t\t\t\tPublic Notices 11\/2020; 2020\/12 and 2020\/13\r\n\t\t\t<\/div>\r\n\t\t<h2 class=\"title\" style=\"\t\t\tfont-size: 36px;\t\t\tfont-weight: 700;\t\t\tline-height: 36px;\t\t\tcolor: #111111;\t\t\tmargin-bottom: 2px;\t\t\tletter-spacing: 0px;\t\t\">\r\n\t\t\t\r\n\t\t<\/h2>\t\r\n\t\t\t\t\t\r\n\t\t\r\n\t\t\t<div class=\"title-content\" style=\"\t\t\tfont-size: 15px;\t\t\tline-height: 26px;\t\t\tcolor: #999999;\t\t\tfont-weight: 400;\t\t\tletter-spacing: 0px;\t\t\">\r\n\t\t\t\t<p><a href=\"http:\/\/economia.unb.br\/images\/Pos_Graduacao\/Editais\/doutorado\/Edital_n__11_Economia_Aplicada_e_Setor_Publico_.pdf\" target=\"_blank\" rel=\"noopener\">Public Notice 11\/2020 - Economic Analysis (11\/09\/2020)<\/a><\/p>\n<p><a href=\"http:\/\/economia.unb.br\/images\/Pos_Graduacao\/Editais\/doutorado\/retificao_do_edital_11_analise.pdf\" target=\"_blank\" rel=\"noopener\">Rectification of Public Notice 11\/2020 (11\/10\/2020)<\/a><\/p>\n<p><a href=\"http:\/\/economia.unb.br\/images\/Pos_Graduacao\/Editais\/doutorado\/Edital_n__12_PPG_EP_E_MA_.pdf\" target=\"_blank\" rel=\"noopener\">Public Notice 12\/2020 - Political Economy, Development and Environment (11\/09\/2020)<\/a><\/p>\n<p><a href=\"http:\/\/economia.unb.br\/images\/Pos_Graduacao\/Editais\/doutorado\/retificao_do_edital_12_meio_amb.pdf\" target=\"_blank\" rel=\"noopener\">Rectification of Public Notice 12\/2020 (11\/10\/2020)<\/a><\/p>\n<p><a href=\"http:\/\/economia.unb.br\/images\/Pos_Graduacao\/Editais\/doutorado\/Edital_n__13_Politica_Afirmativa_.pdf\" target=\"_blank\" rel=\"noopener\">Public Notice 13\/2020 - Affirmative Actions - Vacancies for Indigenous Peoples, Quilombolas and PNE. (09\/11\/2020)\u00a0<\/a><\/p>\n<p><a href=\"http:\/\/economia.unb.br\/images\/Pos_Graduacao\/Editais\/doutorado\/retificacao_ACOES_AFIMARTIVAS.pdf\" target=\"_blank\" rel=\"noopener\">Rectification of Notice 13\/2020 (11\/10\/2020)<\/a><\/p>\n<p><a href=\"http:\/\/economia.unb.br\/images\/Pos_Graduacao\/Editais\/doutorado\/Homologacao-de-inscricao-PPGECO.pdf\">Approval of Registrations (01\/12\/2021)<\/a><\/p>\n<p><a href=\"http:\/\/economia.unb.br\/images\/Pos_Graduacao\/Editais\/doutorado\/Resultado2020\/Homologao_Final_.pdf\" target=\"_blank\" rel=\"noopener\">Final Approval (01\/18\/2021)<\/a><\/p>\n<p><a href=\"http:\/\/economia.unb.br\/images\/Pos_Graduacao\/Editais\/doutorado\/resultado2021\/Resultado_aplicada_e_SP_1.pdf\" target=\"_blank\" rel=\"noopener\">Final Result - Notice 11\/2020 Economic Analysis (03\/12\/2021)\u00a0<\/a><\/p>\n<p><a href=\"http:\/\/economia.unb.br\/images\/Pos_Graduacao\/Editais\/doutorado\/resultado2021\/Resultado_poltica_e_meio_ambiente.pdf\" target=\"_blank\" rel=\"noopener\">Final Result - Public Notice 12\/2020 Political Economy, Development and Environment (03\/12\/2021)<\/a><\/p>\n<p><a href=\"http:\/\/economia.unb.br\/images\/Pos_Graduacao\/Editais\/doutorado\/resultado2021\/Resultado__final_aps_recursos_aplicada_e_SP_1.pdf\" target=\"_blank\" rel=\"noopener\">Final Result after Appeals - Notice 11\/2020 Economic Analysis (03\/23\/2021)\u00a0<\/a><\/p>\n<p><a href=\"http:\/\/economia.unb.br\/images\/Pos_Graduacao\/Editais\/doutorado\/resultado2021\/Resultado_poltica_e_meio_ambiente_RESULTADO_FINAL_.pdf\" target=\"_blank\" rel=\"noopener\">Final Result after Appeals - Public Notice 12\/2020 Political Economy, Development and Environment (03\/23\/2021)<\/a><\/p>\n<p><a href=\"http:\/\/economia.unb.br\/images\/Pos_Graduacao\/Editais\/doutorado\/resultado2021\/Candidatos_Aprovados_Edital_11.pdf\" target=\"_blank\" rel=\"noopener\">Approved Candidates within the number of Vacancies - Public Notice 11\/2020 Economic Analysis (03\/23\/2021)<\/a><\/p>\n<p><a href=\"http:\/\/economia.unb.br\/images\/Pos_Graduacao\/Editais\/doutorado\/resultado2021\/Candidatos_Aprovados__poltica_e_meio_ambiente_1.pdf\" target=\"_blank\" rel=\"noopener\">Approved Candidates within the number of Vacancies - Notice 12\/2020 Political Economy, Development and Environment (03\/23\/2021)<\/a><\/p>\n\r\n\t\t\t<\/div>\r\n\r\n\t<\/div>\n<div class=\"vc-zigzag-wrapper vc-zigzag-align-center\"><div class=\"vc-zigzag-inner\" style=\"width: 100%;min-height: 14px;background: 0 repeat-x url(&#039;data:image\/svg+xml;utf-8,%3C%3Fxml%20version%3D%221.0%22%20encoding%3D%22utf-8%22%3F%3E%3C%21DOCTYPE%20svg%20PUBLIC%20%22-%2F%2FW3C%2F%2FDTD%20SVG%201.1%2F%2FEN%22%20%22http%3A%2F%2Fwww.w3.org%2FGraphics%2FSVG%2F1.1%2FDTD%2Fsvg11.dtd%22%3E%3Csvg%20width%3D%2214px%22%20height%3D%2212px%22%20viewBox%3D%220%200%2018%2015%22%20version%3D%221.1%22%20xmlns%3D%22http%3A%2F%2Fwww.w3.org%2F2000%2Fsvg%22%20xmlns%3Axlink%3D%22http%3A%2F%2Fwww.w3.org%2F1999%2Fxlink%22%3E%3Cpolygon%20id%3D%22Combined-Shape%22%20fill%3D%22%23ebebeb%22%20points%3D%228.98762301%200%200%209.12771969%200%2014.519983%209%205.40479869%2018%2014.519983%2018%209.12771969%22%3E%3C%2Fpolygon%3E%3C%2Fsvg%3E&#039;);\"><\/div><\/div><div class=\"title-section   left\">\r\n\t\t\r\n\t\t<h2 class=\"title\" style=\"\t\t\tfont-size: 36px;\t\t\tfont-weight: 700;\t\t\tline-height: 36px;\t\t\tcolor: #111111;\t\t\tmargin-bottom: 2px;\t\t\tletter-spacing: 0px;\t\t\">\r\n\t\t\tNotices 2019\r\n\t\t<\/h2>\t\r\n\t\t\t\t\t\r\n\t\t\r\n\r\n\t<\/div><div class=\"title-section   left\">\r\n\t\t\r\n\t\t\t<div class=\"top-title\">\r\n\t\t\t\tNotice 05\/2019\r\n\t\t\t<\/div>\r\n\t\t<h2 class=\"title\" style=\"\t\t\tfont-size: 36px;\t\t\tfont-weight: 700;\t\t\tline-height: 36px;\t\t\tcolor: #111111;\t\t\tmargin-bottom: 2px;\t\t\tletter-spacing: 0px;\t\t\">\r\n\t\t\t\r\n\t\t<\/h2>\t\r\n\t\t\t\t\t\r\n\t\t\r\n\t\t\t<div class=\"title-content\" style=\"\t\t\tfont-size: 15px;\t\t\tline-height: 26px;\t\t\tcolor: #999999;\t\t\tfont-weight: 400;\t\t\tletter-spacing: 0px;\t\t\">\r\n\t\t\t\t<p><a href=\"http:\/\/economia.unb.br\/images\/siteAntigo\/pos\/editais\/2019\/Edital_PPG_APLICADA_E_SETOR_PUBLICO%20_Edital%205-2019.pdf\"><strong>Public Notice 05\/2019 DOCTORAL COURSE FOR THE FIRST SCHOOL PERIOD of 2020 <\/strong><strong>(AREA OF CONCENTRATION: APPLIED ECONOMY AND PUBLIC SECTOR ECONOMY)<\/strong><\/a><\/p>\n<p><a href=\"http:\/\/economia.unb.br\/images\/siteAntigo\/pos\/editais\/2019\/Homologao%20Edital%205-2019.pdf\"><strong>APPROVAL OF REGISTRATIONS (30\/09\/2019)<\/strong><\/a><\/p>\n<p><a href=\"http:\/\/economia.unb.br\/images\/siteAntigo\/pos\/editais\/2019\/retificacao_Edital_07_2019.pdf\"><strong>Notice 07\/2019 - RECTIFICATION OF NOTICE 05\/2019<\/strong><\/a><\/p>\n<p><a href=\"http:\/\/economia.unb.br\/images\/siteAntigo\/pos\/editais\/2019\/retificacao_Edital_09_2019.pdf\"><strong>Notice 09\/2019 - RECTIFICATION OF NOTICE 05\/2019<\/strong><\/a><\/p>\n<p><a href=\"http:\/\/economia.unb.br\/images\/siteAntigo\/pos\/editais\/2019\/Resultado%20Edital%205-2019.pdf\">FINAL RESULT - NOTICE No. 05\/2019: Applied Economics and Public Sector Economics (11\/14\/2019)<\/a><\/p>\n<p><a href=\"http:\/\/economia.unb.br\/images\/siteAntigo\/pos\/editais\/2019\/Aprovados%20dentro%20do%20nmero%20de%20vagas%20-%20Edita%205.2019.pdf\">APPROVED WITHIN THE NUMBER OF VACANCIES - Notice No. 5\/2019 (11\/25\/2019)<\/a><\/p>\n<p><a href=\"http:\/\/economia.unb.br\/images\/siteAntigo\/pos\/editais\/2019\/Resultado%20da%20anlise%20dos%20recursos%20Edital%205_2019.pdf\">RESOURCE ANALYSIS RESULT (11\/25\/2019)<\/a><\/p>\n\r\n\t\t\t<\/div>\r\n\r\n\t<\/div><div class=\"title-section   left\">\r\n\t\t\r\n\t\t\t<div class=\"top-title\">\r\n\t\t\t\tNotice 06\/2019\r\n\t\t\t<\/div>\r\n\t\t<h2 class=\"title\" style=\"\t\t\tfont-size: 36px;\t\t\tfont-weight: 700;\t\t\tline-height: 36px;\t\t\tcolor: #111111;\t\t\tmargin-bottom: 2px;\t\t\tletter-spacing: 0px;\t\t\">\r\n\t\t\t\r\n\t\t<\/h2>\t\r\n\t\t\t\t\t\r\n\t\t\r\n\t\t\t<div class=\"title-content\" style=\"\t\t\tfont-size: 15px;\t\t\tline-height: 26px;\t\t\tcolor: #999999;\t\t\tfont-weight: 400;\t\t\tletter-spacing: 0px;\t\t\">\r\n\t\t\t\t<p><a href=\"http:\/\/economia.unb.br\/images\/siteAntigo\/pos\/editais\/2019\/Edital_PPG_EP_E_MA_%20Edital%206-2019.pdf\"><strong>Public Notice 06\/2019 - DOCTORAL COURSE FOR THE FIRST SCHOOL PERIOD of 2020\u00a0 <\/strong><strong>\u00a0(AREA OF CONCENTRATION: POLITICAL ECONOMY, AGRICULTURAL ECONOMY AND ENVIRONMENT)<\/strong><\/a><\/p>\n<p><a href=\"http:\/\/economia.unb.br\/images\/siteAntigo\/pos\/editais\/2019\/Homologao%20Edital%206-2019.pdf\"><strong>\u00a0APPROVAL OF REGISTRATIONS (30\/09\/2019)<\/strong><\/a><\/p>\n<p><a href=\"http:\/\/economia.unb.br\/images\/siteAntigo\/pos\/editais\/2019\/retificacao_Edital_08_2019_1.pdf\"><strong>Notice 08\/2019 - RECTIFICATION OF NOTICE 06\/2019<\/strong><\/a><\/p>\n<p><a href=\"http:\/\/economia.unb.br\/images\/siteAntigo\/pos\/editais\/2019\/retificacao_Edital_10_2019.pdf\"><strong>Notice 10\/2019 - RECTIFICATION OF NOTICE 06\/2019<\/strong><\/a><\/p>\n<p><a href=\"http:\/\/economia.unb.br\/images\/siteAntigo\/pos\/editais\/2019\/Resultado%20Edital%206-2019.pdf\">FINAL RESULT - NOTICE No. 06\/2019: Political Economy and Agricultural and Environmental Economics (11\/14\/2019)<\/a><\/p>\n<p><a href=\"http:\/\/economia.unb.br\/images\/siteAntigo\/pos\/editais\/2019\/Retificao%20do%20Resultado%20final%20-%20rea%20de%20Economia%20Poltica%20Edital%206_2019.pdf\">RECTIFICATION OF THE FINAL RESULT - Area of Concentration of Political Economy (11\/25\/2019)<\/a><\/p>\n<p><a href=\"http:\/\/economia.unb.br\/images\/siteAntigo\/pos\/editais\/2019\/Aprovados%20dentro%20do%20nmero%20do%20vadas%20-%20Edital%206.2019.pdf\">APPROVED WITHIN THE NUMBER OF VACANCIES - Notice No. 6\/2019 (11\/25\/2019)<\/a><\/p>\n\r\n\t\t\t<\/div>\r\n\r\n\t<\/div><div class=\"title-section   left\">\r\n\t\t\r\n\t\t\t<div class=\"top-title\">\r\n\t\t\t\tProficiency test\r\n\t\t\t<\/div>\r\n\t\t<h2 class=\"title\" style=\"\t\t\tfont-size: 36px;\t\t\tfont-weight: 700;\t\t\tline-height: 36px;\t\t\tcolor: #111111;\t\t\tmargin-bottom: 2px;\t\t\tletter-spacing: 0px;\t\t\">\r\n\t\t\t\r\n\t\t<\/h2>\t\r\n\t\t\t\t\t\r\n\t\t\r\n\t\t\t<div class=\"title-content\" style=\"\t\t\tfont-size: 15px;\t\t\tline-height: 26px;\t\t\tcolor: #999999;\t\t\tfont-weight: 400;\t\t\tletter-spacing: 0px;\t\t\">\r\n\t\t\t\t<p><a href=\"http:\/\/www.economia.unb.br\/images\/pos\/editais\/2019\/GABARITO%20DA%20PROVA%20DE%20PROFICIENCIA_2019.pdf\"> <strong>Foreign Language Proficiency Test Answer<\/strong>(11\/11\/2019)<\/a><\/p>\n<p><a href=\"http:\/\/www.economia.unb.br\/images\/pos\/editais\/2019\/Resultado%20da%20prova%20de%20proficiencia%20em%20lingua%20estrangeira%202019.pdf\"><strong>Result of the Proficiency Test in a Foreign Language<\/strong>\u00a0(12\/11\/2019)\u00a0<\/a><\/p>\n\r\n\t\t\t<\/div>\r\n\r\n\t<\/div><\/div><\/div><\/div><\/div><\/div><\/div><\/div><\/div><\/div><\/div><div class=\"vc_row wpb_row vc_row-fluid themesflat_1777261791\"><div class=\"row_overlay\" style=\"\"><\/div><div class=\"wpb_column vc_column_container vc_col-sm-12\"><div class=\"vc_column-inner\"><div class=\"wpb_wrapper\">\n\t<div class=\"wpb_text_column wpb_content_element\" >\n\t\t<div class=\"wpb_wrapper\">\n\t\t\t\n\t\t<\/div>\n\t<\/div>\n<\/div><\/div><\/div><\/div>","protected":false},"excerpt":{"rendered":"O website ppgeco.unb.br est\u00e1 sendo desativado. Por favor utilize economia.unb.br\/ppgeco. Documentos a partir de Dezembro de 2025 ser\u00e3o postados exclusivamente no novo portal. Este portal ser\u00e1 desativado em Janeiro de 2026. Doutorado Acad\u00eamico O Programa de Doutorado do ECO \u00e9 dirigido a todos os graduados em geral, portadores ou n\u00e3o de t\u00edtulos de Mestre, que desejem um [...]","protected":false},"author":1,"featured_media":0,"parent":0,"menu_order":0,"comment_status":"closed","ping_status":"closed","template":"tpl\/page_fullwidth.php","meta":{"footnotes":""},"class_list":["post-2849","page","type-page","status-publish","hentry"],"_links":{"self":[{"href":"https:\/\/ppgeco.unb.br\/en\/wp-json\/wp\/v2\/pages\/2849","targetHints":{"allow":["GET"]}}],"collection":[{"href":"https:\/\/ppgeco.unb.br\/en\/wp-json\/wp\/v2\/pages"}],"about":[{"href":"https:\/\/ppgeco.unb.br\/en\/wp-json\/wp\/v2\/types\/page"}],"author":[{"embeddable":true,"href":"https:\/\/ppgeco.unb.br\/en\/wp-json\/wp\/v2\/users\/1"}],"replies":[{"embeddable":true,"href":"https:\/\/ppgeco.unb.br\/en\/wp-json\/wp\/v2\/comments?post=2849"}],"version-history":[{"count":61,"href":"https:\/\/ppgeco.unb.br\/en\/wp-json\/wp\/v2\/pages\/2849\/revisions"}],"predecessor-version":[{"id":4365,"href":"https:\/\/ppgeco.unb.br\/en\/wp-json\/wp\/v2\/pages\/2849\/revisions\/4365"}],"wp:attachment":[{"href":"https:\/\/ppgeco.unb.br\/en\/wp-json\/wp\/v2\/media?parent=2849"}],"curies":[{"name":"wp","href":"https:\/\/api.w.org\/{rel}","templated":true}]}}