{"id":2847,"date":"2022-01-24T17:47:29","date_gmt":"2022-01-24T17:47:29","guid":{"rendered":"https:\/\/ppgeco.unb.br\/?page_id=2847"},"modified":"2025-03-31T20:07:50","modified_gmt":"2025-03-31T20:07:50","slug":"mestradoprofissional","status":"publish","type":"page","link":"https:\/\/ppgeco.unb.br\/en\/mestradoprofissional\/","title":{"rendered":"Professional Master's Degree"},"content":{"rendered":"<div class=\"vc_row wpb_row vc_row-fluid wpb_animate_when_almost_visible wpb_fadeIn fadeIn vc_custom_1638706889352 vc_row-has-fill\"><div class=\"row_overlay\" style=\"\"><\/div><div class=\"wpb_column vc_column_container vc_col-sm-12\"><div class=\"vc_column-inner\"><div class=\"wpb_wrapper\"><div class=\"title-section   left\">\r\n\t\t\r\n\t\t<h2 class=\"title\" style=\"\t\t\tfont-size: 36px;\t\t\tfont-weight: 700;\t\t\tline-height: 36px;\t\t\tcolor: #111111;\t\t\tmargin-bottom: 2px;\t\t\tletter-spacing: 0px;\t\t\">\r\n\t\t\tProfessional Master's Degree\r\n\t\t<\/h2>\t\r\n\t\t\t\t\t\r\n\t\t\r\n\t\t\t<div class=\"title-content\" style=\"\t\t\tfont-size: 15px;\t\t\tline-height: 26px;\t\t\tcolor: #999999;\t\t\tfont-weight: 400;\t\t\tletter-spacing: 0px;\t\t\">\r\n\t\t\t\t<p>Professional Master's Degree - the Professional Master's Degree program is the best option for professional training and improvement for all those with an undergraduate degree or higher who are dealing with the complex changes that are taking place in the contemporary economy and society and their corresponding impacts on the labor market.<\/p>\n<p>As a result of this ongoing process of change, professionals who are highly and technically up to date are increasingly required to act based on standards of high technical competence.<\/p>\n\r\n\t\t\t<\/div>\r\n\r\n\t<\/div><div class=\"vc_tta-container\" data-vc-action=\"collapse\"><div class=\"vc_general vc_tta vc_tta-tabs vc_tta-color-blue vc_tta-style-classic vc_tta-shape-rounded vc_tta-spacing-1 vc_tta-tabs-position-top vc_tta-controls-align-left\"><div class=\"vc_tta-tabs-container\"><ul class=\"vc_tta-tabs-list\"><li class=\"vc_tta-tab vc_active\" data-vc-tab><a href=\"#1643042783175-fb3a5de3-d90d\" data-vc-tabs data-vc-container=\".vc_tta\"><span class=\"vc_tta-title-text\">Classes Offered<\/span><\/a><\/li><li class=\"vc_tta-tab\" data-vc-tab><a href=\"#1643042783223-0bb835e4-31a8\" data-vc-tabs data-vc-container=\".vc_tta\"><span class=\"vc_tta-title-text\">Public Calls<\/span><\/a><\/li><li class=\"vc_tta-tab\" data-vc-tab><a href=\"#1643042808889-20f68755-c400\" data-vc-tabs data-vc-container=\".vc_tta\"><span class=\"vc_tta-title-text\">Course Syllabi<\/span><\/a><\/li><\/ul><\/div><div class=\"vc_tta-panels-container\"><div class=\"vc_tta-panels\"><div class=\"vc_tta-panel vc_active\" id=\"1643042783175-fb3a5de3-d90d\" data-vc-content=\".vc_tta-panel-body\"><div class=\"vc_tta-panel-heading\"><h4 class=\"vc_tta-panel-title\"><a href=\"#1643042783175-fb3a5de3-d90d\" data-vc-accordion data-vc-container=\".vc_tta-container\"><span class=\"vc_tta-title-text\">Classes Offered<\/span><\/a><\/h4><\/div><div class=\"vc_tta-panel-body\"><div class=\"title-section   left\">\r\n\t\t\r\n\t\t\t<div class=\"top-title\">\r\n\t\t\t\tMaster in Public Sector Economics\r\n\t\t\t<\/div>\r\n\t\t<h2 class=\"title\" style=\"\t\t\tfont-size: 36px;\t\t\tfont-weight: 700;\t\t\tline-height: 36px;\t\t\tcolor: #111111;\t\t\tmargin-bottom: 2px;\t\t\tletter-spacing: 0px;\t\t\">\r\n\t\t\t\r\n\t\t<\/h2>\t\r\n\t\t\t\t\t\r\n\t\t\r\n\r\n\t<\/div>\n\t<div class=\"wpb_text_column wpb_content_element  vc_custom_1643037689667\" >\n\t\t<div class=\"wpb_wrapper\">\n\t\t\t<p>The new relationships between the State and the economy that developed in Brazil, starting in the 1990s, began to require a different profile of government technicians who worked in the economics area than that needed previously. The retreat of the role of the State as a producer of goods and services required its regulation capacity to advance. Having overcome the almost absolute dominance of stabilization policies, the new context will require a more stable currency and openness to foreign countries to define new directions and instruments for industrial, exchange rate, and monetary policies, in addition to reforming the fiscal structure. Furthermore, considering the growing impatience of society with the inadequacies and inefficiencies of the state apparatus, it is clear that public sector technical personnel should receive adequate professional training in order to respond to the challenges of this new phase.<\/p>\n<p>The Master in Public Sector Economics (MESP) is an academic graduate course that preserves academic quality while emphasizing content that closely interests the professional training of its students. MESP is aimed at economists or graduates of related area who exercise professional activities related to the economic domain of public power. In principle, this profile covers a range of specialists such as technicians from the areas of revenue, budget, or internal control, both at the federal level and in other areas of government; public managers, in general; parliamentary advisors, technical personnel associated with the Audit Courts, bodies of the judiciary, the Public Prosecutor's Office, etc.<\/p>\n<p>The aim of the Master in Public Sector Economics is to provide professionals with solid training in chosen topics of modern public sector economic theory and apply them to the analysis of current issues of government policy.<\/p>\n<p><a href=\"http:\/\/mesp.unb.br\/\" target=\"_blank\" rel=\"noopener noreferrer\">For more information see<\/a>\u00a0<a href=\"http:\/\/mesp.unb.br\/\" target=\"_blank\" rel=\"noopener noreferrer\">http:\/\/mesp.unb.br\/<\/a><\/p>\n\n\t\t<\/div>\n\t<\/div>\n<div class=\"title-section   left\">\r\n\t\t\r\n\t\t\t<div class=\"top-title\">\r\n\t\t\t\tMaster in Economic Management of the Environment\r\n\t\t\t<\/div>\r\n\t\t<h2 class=\"title\" style=\"\t\t\tfont-size: 36px;\t\t\tfont-weight: 700;\t\t\tline-height: 36px;\t\t\tcolor: #111111;\t\t\tmargin-bottom: 2px;\t\t\tletter-spacing: 0px;\t\t\">\r\n\t\t\t\r\n\t\t<\/h2>\t\r\n\t\t\t\t\t\r\n\t\t\r\n\r\n\t<\/div>\n\t<div class=\"wpb_text_column wpb_content_element  vc_custom_1643037763206\" >\n\t\t<div class=\"wpb_wrapper\">\n\t\t\t<p>The Master in Economic Management of the Environment (Master in GEMA) has been part of the Graduate Program in Economics (PPG\/ECO) since 1998 when it was approved by the Teaching, Research and Outreach Council of the University of Brasilia (ECE\/UNB). This was the first professional master's degree approved at UnB.<\/p>\n<p>The doctoral professors who teach in the Master in GEMA program are members of the Center for Studies in Economics, Environment and Agriculture (CEEMA\/ECO\/UNB) and PPG\/ECO with vast scientific production related to themes like environmental economics, ecological economics and agricultural economics.<\/p>\n<p>Ten courses make up the curriculum of the Master in GEMA program, for a total of 32 credits. In all the courses, the emphasis is on economic concepts essential for the analysis of environmental problems, especially in topics related to biological diversity, climate change, water resources, and solid waste, among others.<\/p>\n<p>In addition to course credits, students in this program must also prepare a master's dissertation to be submitted to an academic panel. Over the last 20 years, more than 200 dissertations have been approved in the Master in GEMA program.<\/p>\n<p>Candidates for the Master in GEMA degree are predominantly technicians from the public sector (federal, state, and district) and from the third sector. Nevertheless, numerous professionals linked to the private sector have also obtained their Master's in GEMA. Most candidates to the Master in GEMA program have bachelor's degrees in biology, engineering, forestry engineering, economics, and law.<\/p>\n<p>Various professionals who have obtained their Master's degree in Economics \u2013 Economic Management of the Environment - have continued their studies in doctoral programs, whether at PPG\/ECO or in other Brazilian or foreign universities. A little more than two dozen of them work as teachers in higher education institutions in Brazil.<\/p>\n<p>More information at\u00a0<a href=\"http:\/\/www.ceemaunb.com\/\">http:\/\/www.ceemaunb.com<\/a><\/p>\n\n\t\t<\/div>\n\t<\/div>\n<div class=\"title-section   left\">\r\n\t\t\r\n\t\t\t<div class=\"top-title\">\r\n\t\t\t\tProfessional Master's Degree in Economics  - Area of concentration in economic management of public finances\r\n\t\t\t<\/div>\r\n\t\t<h2 class=\"title\" style=\"\t\t\tfont-size: 36px;\t\t\tfont-weight: 700;\t\t\tline-height: 36px;\t\t\tcolor: #111111;\t\t\tmargin-bottom: 2px;\t\t\tletter-spacing: 0px;\t\t\">\r\n\t\t\t\r\n\t\t<\/h2>\t\r\n\t\t\t\t\t\r\n\t\t\r\n\r\n\t<\/div>\n\t<div class=\"wpb_text_column wpb_content_element  vc_custom_1643037483974\" >\n\t\t<div class=\"wpb_wrapper\">\n\t\t\t<p>The current socioeconomic context is characterized by increasing need for changes in organizations. Because of the great technological advances and of the growing economic integration present in several fields, public managers are forced to rethink how their organizations are managed.<br \/>\nWhen trying to infer the major changes that will occur in organizations in the coming years, it is difficult to find a common path, whether in terms of building models or of creating policies and guidelines that are more suited to this new environment. However, one finding is unanimous: the major transformations that must occur in terms of organizational management will be related to how organizations deal with their most valuable asset, i.e., their staff. Hence the imperative need for ongoing training and updating of human resources in the various sectors.<br \/>\nIn this context, in order to obtain greater scientificity when conducting projects related to public spending, the present work proposes a training project through actions part of a graduate-level course in economics, with public finance as its area of concentration.<\/p>\n\n\t\t<\/div>\n\t<\/div>\n<div class=\"title-section   left\">\r\n\t\t\r\n\t\t\t<div class=\"top-title\">\r\n\t\t\t\tProfessional Master's Degree in Economics - Area of Concentration in Finance\r\n\t\t\t<\/div>\r\n\t\t<h2 class=\"title\" style=\"\t\t\tfont-size: 36px;\t\t\tfont-weight: 700;\t\t\tline-height: 36px;\t\t\tcolor: #111111;\t\t\tmargin-bottom: 2px;\t\t\tletter-spacing: 0px;\t\t\">\r\n\t\t\t\r\n\t\t<\/h2>\t\r\n\t\t\t\t\t\r\n\t\t\r\n\r\n\t<\/div>\n\t<div class=\"wpb_text_column wpb_content_element  vc_custom_1643043063561\" >\n\t\t<div class=\"wpb_wrapper\">\n\t\t\t<div class=\"container\">\n<div class=\"row-fluid\">\n<p>The area of concentration \"Finance\" provides training that encompasses the concepts of economic theory and the practice of econometrics, financial engineering, and data science divided into the following topics:<\/p>\n<div class=\"item-page\">\n<ol>\n<li>Asset Appreciation and Equilibrium Models: Microeconomics Basics. Law of One Price, the Hypothesis of Non-arbitration and Equilibrium Models and Asset Appreciation such as CAPM and APT. Estimation of models, their applications and deviations.<\/li>\n<li>Portfolio Theory, Financial Engineering and Financial Markets: Mean-Variance Theory and Extensions.  Asset and liability management. Derivatives and Options Contracts. Computational Estimation and Implementation of the Main Models.<\/li>\n<li>Corporate Finance and Financial Administration: Valuation, Net Present Value and Real Options. Capital Structure and its Implications. Dividend Policy and Signaling. IPO and Share Buyback. Mergers and acquisitions. Agency theory.<\/li>\n<li>Banking Microeconomics and Banking Regulation: Systemic Risk, Basel Accords, and Banking Regulations. Banking Supervision and Market Discipline. Market Imperfections and Challenges of Technological Evolution.<\/li>\n<li>5.\tFinancial Econometrics, Data Science and Machine Learning: Data Mining. Time Series and Data Panel. Forecasting and classification problems. Market intelligence. Natural Language. Applications in finance.<\/li>\n<li>Macroeconomic scenarios and Macrofinance: Basics of Macroeconomics. Macroeconomic scenarios and macroeconomic forecast. Foreign exchange markets. Financial Institutions.<\/li>\n<li>Risk Management and Governance: Financial Risk, Operational Risk and Credit Risk.<\/li>\n<\/ol>\n<\/div>\n<\/div>\n<\/div>\n\n\t\t<\/div>\n\t<\/div>\n<\/div><\/div><div class=\"vc_tta-panel\" id=\"1643042783223-0bb835e4-31a8\" data-vc-content=\".vc_tta-panel-body\"><div class=\"vc_tta-panel-heading\"><h4 class=\"vc_tta-panel-title\"><a href=\"#1643042783223-0bb835e4-31a8\" data-vc-accordion data-vc-container=\".vc_tta-container\"><span class=\"vc_tta-title-text\">Public Calls<\/span><\/a><\/h4><\/div><div class=\"vc_tta-panel-body\"><div class=\"title-section   left\">\r\n\t\t\r\n\t\t<h2 class=\"title\" style=\"\t\t\tfont-size: 36px;\t\t\tfont-weight: 700;\t\t\tline-height: 36px;\t\t\tcolor: #111111;\t\t\tmargin-bottom: 2px;\t\t\tletter-spacing: 0px;\t\t\">\r\n\t\t\tEditais 2025\r\n\t\t<\/h2>\t\r\n\t\t\t\t\t\r\n\t\t\r\n\r\n\t<\/div><div class=\"title-section   left\">\r\n\t\t\r\n\t\t\t<div class=\"top-title\">\r\n\t\t\t\tMESTRADO GEST\u00c3O ECON\u00d4MICA DE FINAN\u00c7AS P\u00daBLICAS- TURMA T\u00c9CNICOS UnB\r\n\t\t\t<\/div>\r\n\t\t<h2 class=\"title\" style=\"\t\t\tfont-size: 36px;\t\t\tfont-weight: 700;\t\t\tline-height: 36px;\t\t\tcolor: #111111;\t\t\tmargin-bottom: 2px;\t\t\tletter-spacing: 0px;\t\t\">\r\n\t\t\t\r\n\t\t<\/h2>\t\r\n\t\t\t\t\t\r\n\t\t\r\n\t\t\t<div class=\"title-content\" style=\"\t\t\tfont-size: 15px;\t\t\tline-height: 26px;\t\t\tcolor: #999999;\t\t\tfont-weight: 400;\t\t\tletter-spacing: 0px;\t\t\">\r\n\t\t\t\t<p><a href=\"http:\/\/ppgeco.unb.br\/wp-content\/uploads\/2025\/01\/SEI_12275751_Edital_01_25.pdf\" target=\"_blank\" rel=\"noopener\">Edital 01\/2025<\/a><\/p>\n<ul>\n<li><a href=\"https:\/\/ppgeco.unb.br\/wp-content\/uploads\/2025\/01\/Anexos-do-edital.odt\" target=\"_blank\" rel=\"noopener\">Attachments\u00a0<\/a><\/li>\n<\/ul>\n<p><a href=\"http:\/\/ppgeco.unb.br\/wp-content\/uploads\/2025\/02\/SEI_12374482_Edital_02_25.pdf\" target=\"_blank\" rel=\"noopener\">Edital de Retifica\u00e7\u00e3o 02\/2025 (Inscri\u00e7\u00f5es Prorrogadas)<\/a><\/p>\n<p><a href=\"http:\/\/ppgeco.unb.br\/wp-content\/uploads\/2025\/02\/SEI_12421009_Edital_03_25.pdf\" target=\"_blank\" rel=\"noopener\">Edital de Retifica\u00e7\u00e3o 03\/2025 (Inscri\u00e7\u00f5es Prorrogadas e Altera\u00e7\u00e3o na Forma de Avalia\u00e7\u00e3o)<\/a><\/p>\n<ul>\n<li><a href=\"http:\/\/ppgeco.unb.br\/wp-content\/uploads\/2025\/02\/SEI_12449243_Despacho.pdf\" target=\"_blank\" rel=\"noopener\">Resultado Homologa\u00e7\u00e3o das Inscri\u00e7\u00f5es (25\/02)\u00a0<\/a><\/li>\n<li><a href=\"http:\/\/ppgeco.unb.br\/wp-content\/uploads\/2025\/02\/SEI_12469018_Despacho.pdf\" target=\"_blank\" rel=\"noopener\">Inscri\u00e7\u00f5es Homologadas ap\u00f3s Recursos (28\/02)<\/a><\/li>\n<li><a href=\"http:\/\/ppgeco.unb.br\/wp-content\/uploads\/2025\/02\/SEI_12469094_Comunicado_1.pdf\" target=\"_blank\" rel=\"noopener\">Orienta\u00e7\u00f5es e Local de Aplica\u00e7\u00e3o da Prova Escrita (28\/02)<\/a><\/li>\n<\/ul>\n<p><a href=\"http:\/\/ppgeco.unb.br\/wp-content\/uploads\/2025\/03\/SEI_12479913_Edital_4_25.pdf\" target=\"_blank\" rel=\"noopener\">Edital de Retifica\u00e7\u00e3o (Prova Escrita ser\u00e1 no dia 10\/03)\u00a0<\/a><\/p>\n<ul>\n<li><a href=\"http:\/\/ppgeco.unb.br\/wp-content\/uploads\/2025\/03\/SEI_UnB-12514109-Despacho.pdf\" target=\"_blank\" rel=\"noopener\">Resultados Parciais das Provas (14\/03)<\/a><\/li>\n<li><a href=\"http:\/\/ppgeco.unb.br\/wp-content\/uploads\/2025\/03\/gabaritoIngles.pdf\" target=\"_blank\" rel=\"noopener\">Gabarito Prova de Ingl\u00eas (14\/03)<\/a><\/li>\n<li><a href=\"http:\/\/ppgeco.unb.br\/wp-content\/uploads\/2025\/03\/gabarito2025.pdf\" target=\"_blank\" rel=\"noopener\">Gabarito Prova de Conhecimentos em Economia (14\/03)<\/a><\/li>\n<li><a href=\"http:\/\/ppgeco.unb.br\/wp-content\/uploads\/2025\/03\/SEI_UnB-12515357-Comunicado.pdf\" target=\"_blank\" rel=\"noopener\">Comunicado &#8211; Hor\u00e1rios da Entrevista (14\/03)<\/a><\/li>\n<li><a href=\"http:\/\/ppgeco.unb.br\/wp-content\/uploads\/2025\/03\/SEI_12551622_Despacho.pdf\" target=\"_blank\" rel=\"noopener\">Resultado Final das Provas (21\/03)<\/a><\/li>\n<li><a href=\"http:\/\/ppgeco.unb.br\/wp-content\/uploads\/2025\/03\/SEI_12560017_Despacho.pdf\" target=\"_blank\" rel=\"noopener\">Resultados Parciais Entrevista e Curr\u00edculo (24\/03)\u00a0<\/a><\/li>\n<li><a href=\"http:\/\/ppgeco.unb.br\/wp-content\/uploads\/2025\/03\/SEI_12578666_Despacho.pdf\" target=\"_blank\" rel=\"noopener\">Resultados Finais Entrevista e Curr\u00edculo (28\/03)<\/a><\/li>\n<li><a href=\"http:\/\/ppgeco.unb.br\/wp-content\/uploads\/2025\/03\/SEI_12584567_Despacho.pdf\" target=\"_blank\" rel=\"noopener\">Resultado Final (31\/03)<\/a><\/li>\n<li><a href=\"http:\/\/ppgeco.unb.br\/wp-content\/uploads\/2025\/03\/SEI_12585043_Despacho.pdf\" target=\"_blank\" rel=\"noopener\">Candidatos Aprovados Dentro do N\u00famero de Vagas (28\/03)<\/a><\/li>\n<\/ul>\n\r\n\t\t\t<\/div>\r\n\r\n\t<\/div>\n<div class=\"vc-zigzag-wrapper vc-zigzag-align-center\"><div class=\"vc-zigzag-inner\" style=\"width: 100%;min-height: 14px;background: 0 repeat-x url(&#039;data:image\/svg+xml;utf-8,%3C%3Fxml%20version%3D%221.0%22%20encoding%3D%22utf-8%22%3F%3E%3C%21DOCTYPE%20svg%20PUBLIC%20%22-%2F%2FW3C%2F%2FDTD%20SVG%201.1%2F%2FEN%22%20%22http%3A%2F%2Fwww.w3.org%2FGraphics%2FSVG%2F1.1%2FDTD%2Fsvg11.dtd%22%3E%3Csvg%20width%3D%2214px%22%20height%3D%2212px%22%20viewBox%3D%220%200%2018%2015%22%20version%3D%221.1%22%20xmlns%3D%22http%3A%2F%2Fwww.w3.org%2F2000%2Fsvg%22%20xmlns%3Axlink%3D%22http%3A%2F%2Fwww.w3.org%2F1999%2Fxlink%22%3E%3Cpolygon%20id%3D%22Combined-Shape%22%20fill%3D%22%23ebebeb%22%20points%3D%228.98762301%200%200%209.12771969%200%2014.519983%209%205.40479869%2018%2014.519983%2018%209.12771969%22%3E%3C%2Fpolygon%3E%3C%2Fsvg%3E&#039;);\"><\/div><\/div><div class=\"title-section   left\">\r\n\t\t\r\n\t\t<h2 class=\"title\" style=\"\t\t\tfont-size: 36px;\t\t\tfont-weight: 700;\t\t\tline-height: 36px;\t\t\tcolor: #111111;\t\t\tmargin-bottom: 2px;\t\t\tletter-spacing: 0px;\t\t\">\r\n\t\t\tNotices 2024\r\n\t\t<\/h2>\t\r\n\t\t\t\t\t\r\n\t\t\r\n\r\n\t<\/div><div class=\"title-section   left\">\r\n\t\t\r\n\t\t\t<div class=\"top-title\">\r\n\t\t\t\tMASTER&#039;S DEGREE IN GOVERNANCE IN THE PUBLIC SECTOR - STF CLASS (External Public)\r\n\t\t\t<\/div>\r\n\t\t<h2 class=\"title\" style=\"\t\t\tfont-size: 36px;\t\t\tfont-weight: 700;\t\t\tline-height: 36px;\t\t\tcolor: #111111;\t\t\tmargin-bottom: 2px;\t\t\tletter-spacing: 0px;\t\t\">\r\n\t\t\t\r\n\t\t<\/h2>\t\r\n\t\t\t\t\t\r\n\t\t\r\n\t\t\t<div class=\"title-content\" style=\"\t\t\tfont-size: 15px;\t\t\tline-height: 26px;\t\t\tcolor: #999999;\t\t\tfont-weight: 400;\t\t\tletter-spacing: 0px;\t\t\">\r\n\t\t\t\t<p><a href=\"http:\/\/ppgeco.unb.br\/wp-content\/uploads\/2024\/06\/SEI_10993911_Edital_06_2024.pdf\" target=\"_blank\" rel=\"noopener\">Notice 06\/2024 \u2013 External Public<\/a><\/p>\n<ul>\n<li><a href=\"http:\/\/ppgeco.unb.br\/wp-content\/uploads\/2024\/06\/SEI_11125547_Edital_11_2024.pdf\" target=\"_blank\" rel=\"noopener\">Rectification Notice 1<\/a><\/li>\n<li><a href=\"http:\/\/ppgeco.unb.br\/wp-content\/uploads\/2024\/06\/SEI_11333095_Edital_13-1.pdf\" target=\"_blank\" rel=\"noopener\">Amendment Notice 2 (Updated Schedule)<\/a><\/li>\n<li><a href=\"https:\/\/ppgeco.unb.br\/wp-content\/uploads\/2024\/06\/Anexo-I-Ficha-de-Inscricao-1-4.doc\" target=\"_blank\" rel=\"noopener\">Annex I \u2013 Registration Form\u00a0<\/a><\/li>\n<li><a href=\"https:\/\/ppgeco.unb.br\/wp-content\/uploads\/2024\/06\/Anexo-IV-Avaliacao-Curricular-1-3.doc\" target=\"_blank\" rel=\"noopener\">Annex IV \u2013 Curriculum Evaluation Criteria\u00a0<\/a><\/li>\n<\/ul>\n<p><a href=\"http:\/\/ppgeco.unb.br\/wp-content\/uploads\/2024\/07\/SEI_11453807_Despacho.pdf\" target=\"_blank\" rel=\"noopener\">Result \u2013 Registration Approval\u00a0<\/a><\/p>\n<p><a href=\"http:\/\/ppgeco.unb.br\/wp-content\/uploads\/2024\/07\/SEI_11472521_Despacho.pdf\" target=\"_blank\" rel=\"noopener\">Final Result \u2013 Registration Approval\u00a0<\/a><\/p>\n<p><a href=\"http:\/\/ppgeco.unb.br\/wp-content\/uploads\/2024\/07\/SEI_11488573_Despacho.pdf\" target=\"_blank\" rel=\"noopener\">Disclosure \u2013 Link to the tests\u00a0<\/a><\/p>\n<p><a href=\"http:\/\/ppgeco.unb.br\/wp-content\/uploads\/2024\/07\/SEI_11495382_Despacho.pdf\" target=\"_blank\" rel=\"noopener\">Partial Grade Results (Curriculum and Project)<\/a><\/p>\n<p><a href=\"http:\/\/ppgeco.unb.br\/wp-content\/uploads\/2024\/07\/SEI_11509436_Despacho.pdf\" target=\"_blank\" rel=\"noopener\">Final Result of Partial Grades (Curriculum and Project)<\/a><\/p>\n<p><a href=\"http:\/\/ppgeco.unb.br\/wp-content\/uploads\/2024\/08\/SEI_11534822_Despacho-1-1.pdf\" target=\"_blank\" rel=\"noopener\">Provisional Result (Oral Test, Proficiency and Final Grade)<\/a><\/p>\n<p><a href=\"http:\/\/ppgeco.unb.br\/wp-content\/uploads\/2024\/08\/SEI_11550808_Despacho.pdf\" target=\"_blank\" rel=\"noopener\">Final Result and Approved Candidates\u00a0<\/a><\/p>\n<p><a href=\"http:\/\/ppgeco.unb.br\/wp-content\/uploads\/2024\/08\/SEI_11575744_Despacho-2.pdf\" target=\"_blank\" rel=\"noopener\">Confirmed Candidates<\/a><\/p>\n\r\n\t\t\t<\/div>\r\n\r\n\t<\/div>\n<div class=\"vc-zigzag-wrapper vc-zigzag-align-center\"><div class=\"vc-zigzag-inner\" style=\"width: 100%;min-height: 14px;background: 0 repeat-x url(&#039;data:image\/svg+xml;utf-8,%3C%3Fxml%20version%3D%221.0%22%20encoding%3D%22utf-8%22%3F%3E%3C%21DOCTYPE%20svg%20PUBLIC%20%22-%2F%2FW3C%2F%2FDTD%20SVG%201.1%2F%2FEN%22%20%22http%3A%2F%2Fwww.w3.org%2FGraphics%2FSVG%2F1.1%2FDTD%2Fsvg11.dtd%22%3E%3Csvg%20width%3D%2214px%22%20height%3D%2212px%22%20viewBox%3D%220%200%2018%2015%22%20version%3D%221.1%22%20xmlns%3D%22http%3A%2F%2Fwww.w3.org%2F2000%2Fsvg%22%20xmlns%3Axlink%3D%22http%3A%2F%2Fwww.w3.org%2F1999%2Fxlink%22%3E%3Cpolygon%20id%3D%22Combined-Shape%22%20fill%3D%22%23ebebeb%22%20points%3D%228.98762301%200%200%209.12771969%200%2014.519983%209%205.40479869%2018%2014.519983%2018%209.12771969%22%3E%3C%2Fpolygon%3E%3C%2Fsvg%3E&#039;);\"><\/div><\/div><div class=\"title-section   left\">\r\n\t\t\r\n\t\t\t<div class=\"top-title\">\r\n\t\t\t\tMASTER&#039;S DEGREE IN GOVERNANCE IN THE PUBLIC SECTOR - STF CLASS (Internal Public)\r\n\t\t\t<\/div>\r\n\t\t<h2 class=\"title\" style=\"\t\t\tfont-size: 36px;\t\t\tfont-weight: 700;\t\t\tline-height: 36px;\t\t\tcolor: #111111;\t\t\tmargin-bottom: 2px;\t\t\tletter-spacing: 0px;\t\t\">\r\n\t\t\t\r\n\t\t<\/h2>\t\r\n\t\t\t\t\t\r\n\t\t\r\n\t\t\t<div class=\"title-content\" style=\"\t\t\tfont-size: 15px;\t\t\tline-height: 26px;\t\t\tcolor: #999999;\t\t\tfont-weight: 400;\t\t\tletter-spacing: 0px;\t\t\">\r\n\t\t\t\t<p><a href=\"http:\/\/ppgeco.unb.br\/wp-content\/uploads\/2024\/06\/SEI_10987740_Edital_05_2024-1.pdf\" target=\"_blank\" rel=\"noopener\">Notice 05\/2024 \u2013 Internal Public\u00a0<\/a><\/p>\n<ul>\n<li><a href=\"http:\/\/ppgeco.unb.br\/wp-content\/uploads\/2024\/06\/SEI_11125541_Edital_10_2024.pdf\" target=\"_blank\" rel=\"noopener\">Rectification Notice 1<\/a><\/li>\n<li><a href=\"http:\/\/ppgeco.unb.br\/wp-content\/uploads\/2024\/06\/SEI_11333091_Edital_12-1.pdf\" target=\"_blank\" rel=\"noopener\">Amendment Notice 2 (Updated Schedule)<\/a><\/li>\n<li><a href=\"https:\/\/ppgeco.unb.br\/wp-content\/uploads\/2024\/06\/Anexo-I-Ficha-de-Inscricao-1-2.doc\" target=\"_blank\" rel=\"noopener\">Annex I (Registration Form)<\/a><\/li>\n<li><a href=\"https:\/\/ppgeco.unb.br\/wp-content\/uploads\/2024\/06\/Anexo-IV-Avaliacao-Curricular-1-2.doc\" target=\"_blank\" rel=\"noopener\">Annex IV (Curriculum Evaluation Criteria)<\/a><\/li>\n<li><a href=\"http:\/\/ppgeco.unb.br\/wp-content\/uploads\/2024\/07\/SEI_11453278_Despacho-1.pdf\" target=\"_blank\" rel=\"noopener\">Announcement - Extended Enrollment\u00a0<\/a><\/li>\n<li><a href=\"http:\/\/ppgeco.unb.br\/wp-content\/uploads\/2024\/07\/SEI_11454095_Edital_14.pdf\" target=\"_blank\" rel=\"noopener\">Amendment Notice 3 (Updated Schedule)<\/a><\/li>\n<\/ul>\n<p><a href=\"http:\/\/ppgeco.unb.br\/wp-content\/uploads\/2024\/07\/SEI_11465131_Despacho.pdf\" target=\"_blank\" rel=\"noopener\">Approval of Registrations <\/a><\/p>\n<p><a href=\"http:\/\/ppgeco.unb.br\/wp-content\/uploads\/2024\/07\/SEI_11484407_Despacho.pdf\" target=\"_blank\" rel=\"noopener\">Final Result \u2013 Registration Approval\u00a0<\/a><\/p>\n<p><a href=\"http:\/\/ppgeco.unb.br\/wp-content\/uploads\/2024\/07\/SEI_11488573_Despacho.pdf\" target=\"_blank\" rel=\"noopener\">Disclosure \u2013 Link to the tests\u00a0<\/a><\/p>\n<p><a href=\"http:\/\/ppgeco.unb.br\/wp-content\/uploads\/2024\/07\/SEI_11495359_Despacho.pdf\" target=\"_blank\" rel=\"noopener\">Partial Grade Results (Curriculum and Project)<\/a><\/p>\n<p><a href=\"http:\/\/ppgeco.unb.br\/wp-content\/uploads\/2024\/07\/SEI_11509416_Despacho.pdf\" target=\"_blank\" rel=\"noopener\">Final Result of Partial Grades (Curriculum and Project)<\/a><\/p>\n<p><a href=\"http:\/\/ppgeco.unb.br\/wp-content\/uploads\/2024\/08\/SEI_11534741_Despacho.pdf\" target=\"_blank\" rel=\"noopener\">Provisional Result (Oral Test, Proficiency and Final Grade)<\/a><\/p>\n<p><a href=\"http:\/\/ppgeco.unb.br\/wp-content\/uploads\/2024\/08\/SEI_11550435_Despacho.pdf\" target=\"_blank\" rel=\"noopener\">Final Result and Approved Candidates\u00a0<\/a><\/p>\n<p><a href=\"http:\/\/ppgeco.unb.br\/wp-content\/uploads\/2024\/08\/SEI_11575744_Despacho-2.pdf\" target=\"_blank\" rel=\"noopener\">Confirmed Candidates\u00a0<\/a><\/p>\n\r\n\t\t\t<\/div>\r\n\r\n\t<\/div>\n<div class=\"vc-zigzag-wrapper vc-zigzag-align-center\"><div class=\"vc-zigzag-inner\" style=\"width: 100%;min-height: 14px;background: 0 repeat-x url(&#039;data:image\/svg+xml;utf-8,%3C%3Fxml%20version%3D%221.0%22%20encoding%3D%22utf-8%22%3F%3E%3C%21DOCTYPE%20svg%20PUBLIC%20%22-%2F%2FW3C%2F%2FDTD%20SVG%201.1%2F%2FEN%22%20%22http%3A%2F%2Fwww.w3.org%2FGraphics%2FSVG%2F1.1%2FDTD%2Fsvg11.dtd%22%3E%3Csvg%20width%3D%2214px%22%20height%3D%2212px%22%20viewBox%3D%220%200%2018%2015%22%20version%3D%221.1%22%20xmlns%3D%22http%3A%2F%2Fwww.w3.org%2F2000%2Fsvg%22%20xmlns%3Axlink%3D%22http%3A%2F%2Fwww.w3.org%2F1999%2Fxlink%22%3E%3Cpolygon%20id%3D%22Combined-Shape%22%20fill%3D%22%23ebebeb%22%20points%3D%228.98762301%200%200%209.12771969%200%2014.519983%209%205.40479869%2018%2014.519983%2018%209.12771969%22%3E%3C%2Fpolygon%3E%3C%2Fsvg%3E&#039;);\"><\/div><\/div><div class=\"title-section   left\">\r\n\t\t\r\n\t\t\t<div class=\"top-title\">\r\n\t\t\t\tMaster&#039;s Degree Economic Management of Technological Innovation - Class: GDF\r\n\t\t\t<\/div>\r\n\t\t<h2 class=\"title\" style=\"\t\t\tfont-size: 36px;\t\t\tfont-weight: 700;\t\t\tline-height: 36px;\t\t\tcolor: #111111;\t\t\tmargin-bottom: 2px;\t\t\tletter-spacing: 0px;\t\t\">\r\n\t\t\t\r\n\t\t<\/h2>\t\r\n\t\t\t\t\t\r\n\t\t\r\n\t\t\t<div class=\"title-content\" style=\"\t\t\tfont-size: 15px;\t\t\tline-height: 26px;\t\t\tcolor: #999999;\t\t\tfont-weight: 400;\t\t\tletter-spacing: 0px;\t\t\">\r\n\t\t\t\t<p><a href=\"http:\/\/ppgeco.unb.br\/wp-content\/uploads\/2024\/01\/EDITAL-FAP-DF-INOVACAOexterno-.pdf\" target=\"_blank\" rel=\"noopener\">Notice 02\/2024 \u2013 External Public\u00a0<\/a><\/p>\n<ul>\n<li><a href=\"http:\/\/ppgeco.unb.br\/wp-content\/uploads\/2024\/01\/Retificacao-Externos-.pdf\" target=\"_blank\" rel=\"noopener\">Rectification Notice 1<\/a><\/li>\n<li><a href=\"https:\/\/ppgeco.unb.br\/wp-content\/uploads\/2024\/01\/Anexos-Externos-1-1.docx\" target=\"_blank\" rel=\"noopener\">Attachments<\/a><\/li>\n<li><a href=\"http:\/\/ppgeco.unb.br\/wp-content\/uploads\/2024\/02\/comunicado.pdf\" target=\"_blank\" rel=\"noopener\">Announcement \u2013 Extension of Registrations\u00a0<\/a><\/li>\n<li><a href=\"http:\/\/ppgeco.unb.br\/wp-content\/uploads\/2024\/02\/Retificacao_2_EDITAL_FAP_EXTERNOS_Atualizado_09.02.pdf\" target=\"_blank\" rel=\"noopener\">Schedule 2 Rectification Notice<\/a><\/li>\n<li><a href=\"http:\/\/ppgeco.unb.br\/wp-content\/uploads\/2024\/03\/SEI_10992621_Despacho.pdf\" target=\"_blank\" rel=\"noopener\">Approval of Registrations\u00a0<\/a><\/li>\n<li><a href=\"http:\/\/ppgeco.unb.br\/wp-content\/uploads\/2024\/03\/Homologacao-Edital-02-2024.pdf\" target=\"_blank\" rel=\"noopener\">Final Result \u2013 Registration Approval and Test Location\u00a0<\/a><\/li>\n<li><a href=\"http:\/\/ppgeco.unb.br\/wp-content\/uploads\/2024\/03\/retificado022024.pdf\" target=\"_blank\" rel=\"noopener\">Rectification of the Homologation Result\u00a0<\/a><\/li>\n<li><a href=\"http:\/\/ppgeco.unb.br\/wp-content\/uploads\/2024\/03\/SEI_11029656_Despacho.pdf\" target=\"_blank\" rel=\"noopener\">Rectification of Approved Registration\u00a0<\/a><\/li>\n<li><a href=\"http:\/\/ppgeco.unb.br\/wp-content\/uploads\/2024\/03\/gabarito-2.pdf\" target=\"_blank\" rel=\"noopener\">Test Answer Sheet\u00a0<\/a><\/li>\n<li><a href=\"http:\/\/ppgeco.unb.br\/wp-content\/uploads\/2024\/03\/resultado-prova-edital-2-24.pdf\" target=\"_blank\" rel=\"noopener\">Test Results\u00a0<\/a><\/li>\n<li><a href=\"http:\/\/ppgeco.unb.br\/wp-content\/uploads\/2024\/03\/SEI_11079947_Despacho-1.pdf\" target=\"_blank\" rel=\"noopener\">Parcial results\u00a0<\/a><\/li>\n<li><a href=\"http:\/\/ppgeco.unb.br\/wp-content\/uploads\/2024\/04\/resultado-externo.pdf\" target=\"_blank\" rel=\"noopener\">Final Result and Approved Candidates\u00a0<\/a><\/li>\n<li><a href=\"http:\/\/ppgeco.unb.br\/wp-content\/uploads\/2024\/04\/SEI_11106895_Despacho.pdf\" target=\"_blank\" rel=\"noopener\">Admission guideline (PT)\u00a0<\/a><\/li>\n<li><a href=\"http:\/\/ppgeco.unb.br\/wp-content\/uploads\/2024\/04\/SEI_11106754_Despacho.pdf\" target=\"_blank\" rel=\"noopener\">Confirmed Candidates\u00a0<\/a><\/li>\n<\/ul>\n<p>&nbsp;<\/p>\n<p>&nbsp;<\/p>\n<p><a href=\"http:\/\/ppgeco.unb.br\/wp-content\/uploads\/2024\/02\/EDITAL-FAP-DF-INOVACAO-Atualizado-12.12-1.pdf\" target=\"_blank\" rel=\"noopener\">Notice 01\/2024- GDF Internal Public\u00a0<\/a><\/p>\n<ul>\n<li><a href=\"http:\/\/ppgeco.unb.br\/wp-content\/uploads\/2024\/01\/Retificacao_GDF.pdf\" target=\"_blank\" rel=\"noopener\">Rectification Notice 1\u00a0<\/a><\/li>\n<li><a href=\"https:\/\/ppgeco.unb.br\/wp-content\/uploads\/2024\/02\/anexos-GDF-1-1-1.docx\" target=\"_blank\" rel=\"noopener\">Attachments<\/a><\/li>\n<li><a href=\"http:\/\/ppgeco.unb.br\/wp-content\/uploads\/2024\/02\/comunicado.pdf\" target=\"_blank\" rel=\"noopener\">Announcement \u2013 Extension of Registrations\u00a0<\/a><\/li>\n<li><a href=\"http:\/\/ppgeco.unb.br\/wp-content\/uploads\/2024\/02\/Retificacao_2_EDITAL_FAP_DF_INOVACAO_Atualizado_09.02__7_.pdf\" target=\"_blank\" rel=\"noopener\">Schedule 2 Rectification Notice<\/a><\/li>\n<li><a href=\"http:\/\/ppgeco.unb.br\/wp-content\/uploads\/2024\/02\/Retificacao_ANEXO_III_Atualizado_16.02.pdf\" target=\"_blank\" rel=\"noopener\">Rectification Notice Annex III 3<\/a><\/li>\n<li><a href=\"http:\/\/ppgeco.unb.br\/wp-content\/uploads\/2024\/03\/SEI_10991920_Despacho.pdf\" target=\"_blank\" rel=\"noopener\">Approval of Registrations\u00a0<\/a><\/li>\n<li><a href=\"http:\/\/ppgeco.unb.br\/wp-content\/uploads\/2024\/03\/Homologacao-Edital-01-2024.pdf\" target=\"_blank\" rel=\"noopener\">Final Result \u2013 Registration Approval and Test Location\u00a0<\/a><\/li>\n<li><a href=\"http:\/\/ppgeco.unb.br\/wp-content\/uploads\/2024\/03\/retificado-012024.pdf\" target=\"_blank\" rel=\"noopener\">Rectification of the Homologation Result\u00a0<\/a><\/li>\n<li><a href=\"http:\/\/ppgeco.unb.br\/wp-content\/uploads\/2024\/03\/gabarito-2.pdf\" target=\"_blank\" rel=\"noopener\">Test Answer Sheet\u00a0<\/a><\/li>\n<li><a href=\"http:\/\/ppgeco.unb.br\/wp-content\/uploads\/2024\/03\/resultado-prova-edital-1-24.pdf\" target=\"_blank\" rel=\"noopener\">Test Results\u00a0<\/a><\/li>\n<li><a href=\"http:\/\/ppgeco.unb.br\/wp-content\/uploads\/2024\/03\/Resultados-Parciais-1-24.pdf\" target=\"_blank\" rel=\"noopener\">Parcial results\u00a0<\/a><\/li>\n<li><a href=\"http:\/\/ppgeco.unb.br\/wp-content\/uploads\/2024\/04\/resultado-interno.pdf\" target=\"_blank\" rel=\"noopener\">Final Result and Approved Candidates\u00a0<\/a><\/li>\n<li><a href=\"http:\/\/ppgeco.unb.br\/wp-content\/uploads\/2024\/04\/SEI_11106895_Despacho.pdf\" target=\"_blank\" rel=\"noopener\">Admission guideline (PT)\u00a0<\/a><\/li>\n<li><a href=\"http:\/\/ppgeco.unb.br\/wp-content\/uploads\/2024\/04\/SEI_11106754_Despacho.pdf\" target=\"_blank\" rel=\"noopener\">Confirmed Candidates\u00a0<\/a><\/li>\n<\/ul>\n\r\n\t\t\t<\/div>\r\n\r\n\t<\/div>\n<div class=\"vc-zigzag-wrapper vc-zigzag-align-center\"><div class=\"vc-zigzag-inner\" style=\"width: 100%;min-height: 14px;background: 0 repeat-x url(&#039;data:image\/svg+xml;utf-8,%3C%3Fxml%20version%3D%221.0%22%20encoding%3D%22utf-8%22%3F%3E%3C%21DOCTYPE%20svg%20PUBLIC%20%22-%2F%2FW3C%2F%2FDTD%20SVG%201.1%2F%2FEN%22%20%22http%3A%2F%2Fwww.w3.org%2FGraphics%2FSVG%2F1.1%2FDTD%2Fsvg11.dtd%22%3E%3Csvg%20width%3D%2214px%22%20height%3D%2212px%22%20viewBox%3D%220%200%2018%2015%22%20version%3D%221.1%22%20xmlns%3D%22http%3A%2F%2Fwww.w3.org%2F2000%2Fsvg%22%20xmlns%3Axlink%3D%22http%3A%2F%2Fwww.w3.org%2F1999%2Fxlink%22%3E%3Cpolygon%20id%3D%22Combined-Shape%22%20fill%3D%22%23ebebeb%22%20points%3D%228.98762301%200%200%209.12771969%200%2014.519983%209%205.40479869%2018%2014.519983%2018%209.12771969%22%3E%3C%2Fpolygon%3E%3C%2Fsvg%3E&#039;);\"><\/div><\/div><div class=\"title-section   left\">\r\n\t\t\r\n\t\t<h2 class=\"title\" style=\"\t\t\tfont-size: 36px;\t\t\tfont-weight: 700;\t\t\tline-height: 36px;\t\t\tcolor: #111111;\t\t\tmargin-bottom: 2px;\t\t\tletter-spacing: 0px;\t\t\">\r\n\t\t\tNotices 2023\r\n\t\t<\/h2>\t\r\n\t\t\t\t\t\r\n\t\t\r\n\r\n\t<\/div><div class=\"title-section   left\">\r\n\t\t\r\n\t\t\t<div class=\"top-title\">\r\n\t\t\t\tNotice 06\/2022 - Master&#039;s Degree Economic Management of Public Finance - Class: UnB Technicians\r\n\t\t\t<\/div>\r\n\t\t<h2 class=\"title\" style=\"\t\t\tfont-size: 36px;\t\t\tfont-weight: 700;\t\t\tline-height: 36px;\t\t\tcolor: #111111;\t\t\tmargin-bottom: 2px;\t\t\tletter-spacing: 0px;\t\t\">\r\n\t\t\t\r\n\t\t<\/h2>\t\r\n\t\t\t\t\t\r\n\t\t\r\n\t\t\t<div class=\"title-content\" style=\"\t\t\tfont-size: 15px;\t\t\tline-height: 26px;\t\t\tcolor: #999999;\t\t\tfont-weight: 400;\t\t\tletter-spacing: 0px;\t\t\">\r\n\t\t\t\t<p><a href=\"http:\/\/ppgeco.unb.br\/wp-content\/uploads\/2023\/03\/candidatos-aprovados.pdf\" target=\"_blank\" rel=\"noopener\">Approved Candidates\u00a0<\/a><\/p>\n<p><a href=\"http:\/\/ppgeco.unb.br\/wp-content\/uploads\/2023\/03\/resultado-final.pdf\" target=\"_blank\" rel=\"noopener\">Final result\u00a0<\/a><\/p>\n<p><a href=\"http:\/\/ppgeco.unb.br\/wp-content\/uploads\/2023\/03\/SEI_UnB-9438832-Despacho.pdf\" target=\"_blank\" rel=\"noopener\">Parcial results\u00a0<\/a><\/p>\n<p><a href=\"http:\/\/ppgeco.unb.br\/wp-content\/uploads\/2023\/03\/resultado-prova.pdf\" target=\"_blank\" rel=\"noopener\">Written Test Results\u00a0<\/a><\/p>\n<p><a href=\"http:\/\/ppgeco.unb.br\/wp-content\/uploads\/2023\/03\/gabarito-ingles.pdf\" target=\"_blank\" rel=\"noopener\">English Answer<\/a><\/p>\n<p><a href=\"http:\/\/ppgeco.unb.br\/wp-content\/uploads\/2023\/03\/gabarito-conhecimento-e-matematica.pdf\" target=\"_blank\" rel=\"noopener\">Key Specific Knowledge and Mathematics\u00a0<\/a><\/p>\n<p><a href=\"http:\/\/ppgeco.unb.br\/wp-content\/uploads\/2023\/03\/Prova-Final.pdf\" target=\"_blank\" rel=\"noopener\">Test of Specific Knowledge and Mathematics\u00a0<\/a><\/p>\n<p><a href=\"http:\/\/ppgeco.unb.br\/wp-content\/uploads\/2023\/02\/SEI_UnB-9369338-Comunicado.pdf\" target=\"_blank\" rel=\"noopener\">Announcement - Place of Test\u00a0<\/a><\/p>\n<p><a href=\"http:\/\/ppgeco.unb.br\/wp-content\/uploads\/2023\/02\/SEI_UnB-9363188-Despacho.pdf\" target=\"_blank\" rel=\"noopener\">Approval of Registrations\u00a0<\/a><\/p>\n<p><a href=\"http:\/\/ppgeco.unb.br\/wp-content\/uploads\/2023\/02\/retificacao-Cronograma.pdf\" target=\"_blank\" rel=\"noopener\">Announcement - Extended Enrollment\u00a0<\/a><\/p>\n<p><a href=\"http:\/\/ppgeco.unb.br\/wp-content\/uploads\/2023\/02\/edital_ret-3.pdf\" target=\"_blank\" rel=\"noopener\">Notice of Rectification 2\u00a0<\/a><\/p>\n<p><a href=\"http:\/\/ppgeco.unb.br\/wp-content\/uploads\/2023\/02\/Etital_de_retificacao-2.pdf\" target=\"_blank\" rel=\"noopener\">Notice of Rectification 1\u00a0<\/a><\/p>\n<p><a href=\"http:\/\/ppgeco.unb.br\/wp-content\/uploads\/2023\/02\/Edital-2023-Final1.pdf\" target=\"_blank\" rel=\"noopener\">Notice 06\/2022- Area of Concentration: Economic Management of Public Finances\u00a0<\/a><\/p>\n<ul>\n<li><a href=\"https:\/\/ppgeco.unb.br\/wp-content\/uploads\/2023\/02\/ANEXOS-SERVIDORES-.doc\" target=\"_blank\" rel=\"noopener\">Attachments\u00a0<\/a><\/li>\n<\/ul>\n\r\n\t\t\t<\/div>\r\n\r\n\t<\/div><div class=\"title-section   left\">\r\n\t\t\r\n\t\t\t<div class=\"top-title\">\r\n\t\t\t\tAnnouncement 05\/2022 - Master&#039;s Degree in Defense Economics and Space Economics\r\n\t\t\t<\/div>\r\n\t\t<h2 class=\"title\" style=\"\t\t\tfont-size: 36px;\t\t\tfont-weight: 700;\t\t\tline-height: 36px;\t\t\tcolor: #111111;\t\t\tmargin-bottom: 2px;\t\t\tletter-spacing: 0px;\t\t\">\r\n\t\t\t\r\n\t\t<\/h2>\t\r\n\t\t\t\t\t\r\n\t\t\r\n\t\t\t<div class=\"title-content\" style=\"\t\t\tfont-size: 15px;\t\t\tline-height: 26px;\t\t\tcolor: #999999;\t\t\tfont-weight: 400;\t\t\tletter-spacing: 0px;\t\t\">\r\n\t\t\t\t<p><a href=\"http:\/\/ppgeco.unb.br\/wp-content\/uploads\/2023\/03\/SEI_UnB-9500832-Comunicado.pdf\" target=\"_blank\" rel=\"noopener\">Approved Candidates for Remaining Vacancies<\/a><\/p>\n<p><a href=\"http:\/\/ppgeco.unb.br\/wp-content\/uploads\/2023\/03\/canidatos-aprovados.pdf\" target=\"_blank\" rel=\"noopener\">Approved Candidates\u00a0<\/a><\/p>\n<p><a href=\"http:\/\/ppgeco.unb.br\/wp-content\/uploads\/2023\/03\/resultado-final-divulgacao....pdf\" target=\"_blank\" rel=\"noopener\">Final Result of the Selection Process\u00a0<\/a><\/p>\n<p><a href=\"http:\/\/ppgeco.unb.br\/wp-content\/uploads\/2023\/03\/resultado-curriculos...pdf\" target=\"_blank\" rel=\"noopener\">Final Result of Resume Analysis<\/a><\/p>\n<p><a href=\"http:\/\/ppgeco.unb.br\/wp-content\/uploads\/2023\/03\/Comunicado...pdf\" target=\"_blank\" rel=\"noopener\">Announcement - Disclosure of Results\u00a0<\/a><\/p>\n<p><a href=\"http:\/\/ppgeco.unb.br\/wp-content\/uploads\/2023\/03\/SEI_UnB-9462629-Despacho...pdf\" target=\"_blank\" rel=\"noopener\">Resume Analysis Results\u00a0<\/a><\/p>\n<p><a href=\"http:\/\/ppgeco.unb.br\/wp-content\/uploads\/2023\/03\/resultado...pdf\" target=\"_blank\" rel=\"noopener\">Final Result of the English and Specific Knowledge Tests\u00a0<\/a><\/p>\n<p><a href=\"http:\/\/ppgeco.unb.br\/wp-content\/uploads\/2023\/02\/SEI_UnB-9378561-Despacho...pdf\" target=\"_blank\" rel=\"noopener\">Partial Results - English and Specific Knowledge Test\u00a0<\/a><\/p>\n<p><a href=\"http:\/\/ppgeco.unb.br\/wp-content\/uploads\/2023\/02\/04.-JMN_Prova_Conhecimento_Economia_MEDESP.doc...pdf\" target=\"_blank\" rel=\"noopener\">Specific Knowledge Test<\/a><\/p>\n<p><a href=\"http:\/\/ppgeco.unb.br\/wp-content\/uploads\/2023\/02\/GABARITO-CONHECIMENTOS-ESPECIFCOS-.pdf\" target=\"_blank\" rel=\"noopener\">Template Test of Specific Knowledge<\/a><\/p>\n<p><a href=\"http:\/\/ppgeco.unb.br\/wp-content\/uploads\/2023\/02\/03.-JMN_Prova_Proficiencia_Ingles_MEDESP.doc.pdf\" target=\"_blank\" rel=\"noopener\">English test<\/a><\/p>\n<p><a href=\"http:\/\/ppgeco.unb.br\/wp-content\/uploads\/2023\/02\/GABARITO-INGLES.pdf\" target=\"_blank\" rel=\"noopener\">English Test Guide<\/a><\/p>\n<p><a href=\"http:\/\/ppgeco.unb.br\/wp-content\/uploads\/2023\/02\/SEI_UnB-9323211-Comunicado.pdf\" target=\"_blank\" rel=\"noopener\">Announcement - Time and Place of Application of the Tests\u00a0<\/a><\/p>\n<p><a href=\"http:\/\/ppgeco.unb.br\/wp-content\/uploads\/2023\/02\/Homologacao-da-inscricoes.pdf\" target=\"_blank\" rel=\"noopener\">Homologation of Inscriptions\u00a0<\/a><\/p>\n<p><a href=\"http:\/\/ppgeco.unb.br\/wp-content\/uploads\/2023\/02\/EDITAL-Mestrado-Economia-Defesa-Retificacao-1-1.pdf\" target=\"_blank\" rel=\"noopener\">Rectification Notice - Area of Concentration: Defense Economy and Space Economy<\/a><\/p>\n<p><a href=\"http:\/\/ppgeco.unb.br\/wp-content\/uploads\/2023\/01\/Mestrado-Economia-da-Defesa-e-Economia-Espacial.pdf\" target=\"_blank\" rel=\"noopener\">Notice 05\/2022- Area of Concentration: Defense Economics and Space Economy\u00a0<\/a><\/p>\n<ul>\n<li><a href=\"https:\/\/ppgeco.unb.br\/wp-content\/uploads\/2023\/01\/Ficha-de-Inscricao-Anexo-I-.doc\" target=\"_blank\" rel=\"noopener\">Registration Form - Annex I<\/a><\/li>\n<li><a href=\"https:\/\/ppgeco.unb.br\/wp-content\/uploads\/2023\/02\/Ficha-de-Avaliacao-Anexo-III-2.doc\" target=\"_blank\" rel=\"noopener\">Evaluation Form - Annex III\u00a0<\/a><\/li>\n<li><a href=\"https:\/\/drive.google.com\/drive\/folders\/1VjbUfMznutsR5fohRWH76QtbUYg_HfJV?usp=sharing\" target=\"_blank\" rel=\"noopener\">Bibliographic references for the test<\/a><\/li>\n<\/ul>\n\r\n\t\t\t<\/div>\r\n\r\n\t<\/div><div class=\"title-section   left\">\r\n\t\t\r\n\t\t<h2 class=\"title\" style=\"\t\t\tfont-size: 36px;\t\t\tfont-weight: 700;\t\t\tline-height: 36px;\t\t\tcolor: #111111;\t\t\tmargin-bottom: 2px;\t\t\tletter-spacing: 0px;\t\t\">\r\n\t\t\tNotices 2021\r\n\t\t<\/h2>\t\r\n\t\t\t\t\t\r\n\t\t\r\n\r\n\t<\/div><div class=\"title-section   left\">\r\n\t\t\r\n\t\t\t<div class=\"top-title\">\r\n\t\t\t\tNotice 01\/2021\r\n\t\t\t<\/div>\r\n\t\t<h2 class=\"title\" style=\"\t\t\tfont-size: 36px;\t\t\tfont-weight: 700;\t\t\tline-height: 36px;\t\t\tcolor: #111111;\t\t\tmargin-bottom: 2px;\t\t\tletter-spacing: 0px;\t\t\">\r\n\t\t\t\r\n\t\t<\/h2>\t\r\n\t\t\t\t\t\r\n\t\t\r\n\t\t\t<div class=\"title-content\" style=\"\t\t\tfont-size: 15px;\t\t\tline-height: 26px;\t\t\tcolor: #999999;\t\t\tfont-weight: 400;\t\t\tletter-spacing: 0px;\t\t\">\r\n\t\t\t\t<p><a href=\"http:\/\/economia.unb.br\/images\/Pos_Graduacao\/Editais\/MestradoProfissional\/FINANCASPF\/Edital_Revisado__1.pdf\" target=\"_blank\" rel=\"noopener\">Public Notice 01\/2021- Area of Concentration: Finance\u00a0<\/a><\/p>\n<p><a href=\"http:\/\/economia.unb.br\/images\/Pos_Graduacao\/Editais\/MestradoProfissional\/FINANCASPF\/Retificacao.pdf\" target=\"_blank\" rel=\"noopener\">Rectification of Public Notice 01\/2021 Area of Concentration: Finance (Notice 02\/2021)<\/a><\/p>\n<p><a href=\"http:\/\/economia.unb.br\/images\/Pos_Graduacao\/Editais\/MestradoProfissional\/FINANCASPF\/Curso_de_nivelamento_.pdf\" target=\"_blank\" rel=\"noopener\">Leveling Course\u00a0<\/a><\/p>\n<p><a href=\"http:\/\/economia.unb.br\/images\/Pos_Graduacao\/Editais\/MestradoProfissional\/FINANCASPF\/ementas\/programa_2021_nivelamento_matematica_1.pdf\" target=\"_blank\" rel=\"noopener\">Mathematics Program (Leveling)<\/a><\/p>\n<p><a href=\"http:\/\/economia.unb.br\/images\/Pos_Graduacao\/Editais\/MestradoProfissional\/FINANCASPF\/ementas\/ProgramaEstatistica_MP_1.pdf\" target=\"_blank\" rel=\"noopener\">Statistics Program (Leveling)<\/a><\/p>\n<p><a href=\"http:\/\/economia.unb.br\/images\/Pos_Graduacao\/Editais\/MestradoProfissional\/FINANCASPF\/Cronograma_Previsto_.pdf\" target=\"_blank\" rel=\"noopener\">Expected Schedule\u00a0<\/a><\/p>\n<p><a href=\"http:\/\/economia.unb.br\/images\/Pos_Graduacao\/Editais\/MestradoProfissional\/FINANCASPF\/homologao_PF.pdf\" target=\"_blank\" rel=\"noopener\">Approval of Registrations (02\/12\/2021)<\/a><\/p>\n<p><a href=\"http:\/\/economia.unb.br\/images\/Pos_Graduacao\/Editais\/MestradoProfissional\/FINANCASPF\/Comunicado_Prova.pdf\" target=\"_blank\" rel=\"noopener\">Announcement about the tests (12\/02\/2021)<\/a><\/p>\n<p><a href=\"http:\/\/economia.unb.br\/images\/Pos_Graduacao\/Editais\/MestradoProfissional\/FINANCASPF\/homologao_PF_Final_.pdf\" target=\"_blank\" rel=\"noopener\">Approval of Applications after reconsideration requests (02\/22\/2021)<\/a><\/p>\n<p><a href=\"http:\/\/economia.unb.br\/images\/Pos_Graduacao\/Editais\/MestradoProfissional\/FINANCASPF\/Resultado_da_primeira_etapa.pdf\" target=\"_blank\" rel=\"noopener\">Result of the First Stage (03\/05\/2021)<\/a><\/p>\n<p><a href=\"http:\/\/economia.unb.br\/images\/Pos_Graduacao\/Editais\/MestradoProfissional\/FINANCASPF\/Resultado_da_segunda_e_terceria_etapa.pdf\" target=\"_blank\" rel=\"noopener\">Second and Third Stage Result (03\/29\/2021)<\/a><\/p>\n<p><a href=\"http:\/\/economia.unb.br\/images\/Pos_Graduacao\/Editais\/MestradoProfissional\/FINANCASPF\/Disciplinas_Finanas.pdf\" target=\"_blank\" rel=\"noopener\">Master&#039;s Subjects (03\/31\/2021)<\/a><\/p>\n<p><a href=\"http:\/\/economia.unb.br\/images\/Pos_Graduacao\/Editais\/MestradoProfissional\/FINANCASPF\/cronograma_31_03.pdf\" target=\"_blank\" rel=\"noopener\">Updated Schedule (04\/01\/2021)<\/a><\/p>\n<p><a href=\"http:\/\/economia.unb.br\/images\/Pos_Graduacao\/Editais\/MestradoProfissional\/FINANCASPF\/Resultado_final_PF_.pdf\" target=\"_blank\" rel=\"noopener\">Final Result (04\/05\/2021)<\/a><\/p>\n<p><a href=\"http:\/\/economia.unb.br\/images\/Pos_Graduacao\/Editais\/MestradoProfissional\/FINANCASPF\/Candidatos_aprovados_PF_alfabetica_.pdf\" target=\"_blank\" rel=\"noopener\">Approved Candidates (04\/05\/2021)<\/a><\/p>\n\r\n\t\t\t<\/div>\r\n\r\n\t<\/div>\n<div class=\"vc-zigzag-wrapper vc-zigzag-align-center\"><div class=\"vc-zigzag-inner\" style=\"width: 100%;min-height: 14px;background: 0 repeat-x url(&#039;data:image\/svg+xml;utf-8,%3C%3Fxml%20version%3D%221.0%22%20encoding%3D%22utf-8%22%3F%3E%3C%21DOCTYPE%20svg%20PUBLIC%20%22-%2F%2FW3C%2F%2FDTD%20SVG%201.1%2F%2FEN%22%20%22http%3A%2F%2Fwww.w3.org%2FGraphics%2FSVG%2F1.1%2FDTD%2Fsvg11.dtd%22%3E%3Csvg%20width%3D%2214px%22%20height%3D%2212px%22%20viewBox%3D%220%200%2018%2015%22%20version%3D%221.1%22%20xmlns%3D%22http%3A%2F%2Fwww.w3.org%2F2000%2Fsvg%22%20xmlns%3Axlink%3D%22http%3A%2F%2Fwww.w3.org%2F1999%2Fxlink%22%3E%3Cpolygon%20id%3D%22Combined-Shape%22%20fill%3D%22%23ebebeb%22%20points%3D%228.98762301%200%200%209.12771969%200%2014.519983%209%205.40479869%2018%2014.519983%2018%209.12771969%22%3E%3C%2Fpolygon%3E%3C%2Fsvg%3E&#039;);\"><\/div><\/div><div class=\"title-section   left\">\r\n\t\t\r\n\t\t<h2 class=\"title\" style=\"\t\t\tfont-size: 36px;\t\t\tfont-weight: 700;\t\t\tline-height: 36px;\t\t\tcolor: #111111;\t\t\tmargin-bottom: 2px;\t\t\tletter-spacing: 0px;\t\t\">\r\n\t\t\tNotices 2020\r\n\t\t<\/h2>\t\r\n\t\t\t\t\t\r\n\t\t\r\n\r\n\t<\/div><div class=\"title-section   left\">\r\n\t\t\r\n\t\t\t<div class=\"top-title\">\r\n\t\t\t\tNotice 14\/2020\r\n\t\t\t<\/div>\r\n\t\t<h2 class=\"title\" style=\"\t\t\tfont-size: 36px;\t\t\tfont-weight: 700;\t\t\tline-height: 36px;\t\t\tcolor: #111111;\t\t\tmargin-bottom: 2px;\t\t\tletter-spacing: 0px;\t\t\">\r\n\t\t\t\r\n\t\t<\/h2>\t\r\n\t\t\t\t\t\r\n\t\t\r\n\t\t\t<div class=\"title-content\" style=\"\t\t\tfont-size: 15px;\t\t\tline-height: 26px;\t\t\tcolor: #999999;\t\t\tfont-weight: 400;\t\t\tletter-spacing: 0px;\t\t\">\r\n\t\t\t\t<p><a href=\"http:\/\/economia.unb.br\/images\/Pos_Graduacao\/Editais\/MestradoProfissional\/Editalinovacao\/edital14vagasremanecentes\/Novo_Edital_vagas_remanescentes.pdf\" target=\"_blank\" rel=\"noopener\"><strong>Economic Management of Technological Innovation Remaining Vacancies\u00a0<\/strong><strong>AEB class<\/strong>(30\/10\/2020)<\/a><\/p>\n<p><a href=\"http:\/\/economia.unb.br\/images\/Pos_Graduacao\/Editais\/MestradoProfissional\/Editalinovacao\/edital14vagasremanecentes\/Homologao_de_Inscries.pdf\" target=\"_blank\" rel=\"noopener\">Approved Registrations (11\/06\/2020)<\/a><\/p>\n<p><a href=\"http:\/\/economia.unb.br\/images\/Pos_Graduacao\/Editais\/MestradoProfissional\/Editalinovacao\/edital14vagasremanecentes\/Comunicado_Referente__prova_.pdf\" target=\"_blank\" rel=\"noopener\">Announcement regarding the online test (11\/09\/2020)<\/a><\/p>\n<p><a href=\"http:\/\/economia.unb.br\/images\/Pos_Graduacao\/Editais\/MestradoProfissional\/Editalinovacao\/edital14vagasremanecentes\/Resultado_da_Prova.pdf\" target=\"_blank\" rel=\"noopener\">Test Result (11\/17\/2020)\u00a0<\/a><\/p>\n<p><a href=\"http:\/\/economia.unb.br\/images\/Pos_Graduacao\/Editais\/MestradoProfissional\/Editalinovacao\/edital14vagasremanecentes\/Resultado_Final_AEB.pdf\" target=\"_blank\" rel=\"noopener\">Partial Results and Final Result (11\/26\/2020)<\/a><\/p>\n<p><a href=\"http:\/\/economia.unb.br\/images\/Pos_Graduacao\/Editais\/MestradoProfissional\/Editalinovacao\/edital14vagasremanecentes\/Resultado_Final_Edital_14_2020.pdf\" target=\"_blank\" rel=\"noopener\">Final Result after Appeal (11\/30\/2020)<\/a><\/p>\n<p><a href=\"http:\/\/economia.unb.br\/images\/Pos_Graduacao\/Editais\/MestradoProfissional\/Editalinovacao\/edital14vagasremanecentes\/Nome_dos_classificados_Edital_14_2020.pdf\" target=\"_blank\" rel=\"noopener\">Qualified Candidates (11\/30\/2020)<\/a><\/p>\n\r\n\t\t\t<\/div>\r\n\r\n\t<\/div><div class=\"title-section   left\">\r\n\t\t\r\n\t\t\t<div class=\"top-title\">\r\n\t\t\t\tNotice 10\/2020\r\n\t\t\t<\/div>\r\n\t\t<h2 class=\"title\" style=\"\t\t\tfont-size: 36px;\t\t\tfont-weight: 700;\t\t\tline-height: 36px;\t\t\tcolor: #111111;\t\t\tmargin-bottom: 2px;\t\t\tletter-spacing: 0px;\t\t\">\r\n\t\t\t\r\n\t\t<\/h2>\t\r\n\t\t\t\t\t\r\n\t\t\r\n\t\t\t<div class=\"title-content\" style=\"\t\t\tfont-size: 15px;\t\t\tline-height: 26px;\t\t\tcolor: #999999;\t\t\tfont-weight: 400;\t\t\tletter-spacing: 0px;\t\t\">\r\n\t\t\t\t<p><a href=\"http:\/\/economia.unb.br\/images\/Pos_Graduacao\/Editais\/MestradoProfissional\/TECNICOS2020\/Retificacao_Edital_10_2020__em_09_09_2020.pdf\" target=\"_blank\" rel=\"noopener\"><strong>Rectification of the Notice 08\/2020 FUB Technical Class<\/strong><\/a>(11\/09\/2020)<\/p>\n\r\n\t\t\t<\/div>\r\n\r\n\t<\/div><div class=\"title-section   left\">\r\n\t\t\r\n\t\t\t<div class=\"top-title\">\r\n\t\t\t\tNotice 09\/2020\r\n\t\t\t<\/div>\r\n\t\t<h2 class=\"title\" style=\"\t\t\tfont-size: 36px;\t\t\tfont-weight: 700;\t\t\tline-height: 36px;\t\t\tcolor: #111111;\t\t\tmargin-bottom: 2px;\t\t\tletter-spacing: 0px;\t\t\">\r\n\t\t\t\r\n\t\t<\/h2>\t\r\n\t\t\t\t\t\r\n\t\t\r\n\t\t\t<div class=\"title-content\" style=\"\t\t\tfont-size: 15px;\t\t\tline-height: 26px;\t\t\tcolor: #999999;\t\t\tfont-weight: 400;\t\t\tletter-spacing: 0px;\t\t\">\r\n\t\t\t\t<p><strong><a href=\"http:\/\/economia.unb.br\/images\/Pos_Graduacao\/Editais\/MestradoProfissional\/TECNICOS2020\/Retificao_Edital_08_2020.pdf\" target=\"_blank\" rel=\"noopener\">Rectification of the Notice 08\/2020 FUB Technical Class<\/a><\/strong>(06\/08\/2020)<\/p>\n\r\n\t\t\t<\/div>\r\n\r\n\t<\/div><div class=\"title-section   left\">\r\n\t\t\r\n\t\t\t<div class=\"top-title\">\r\n\t\t\t\tNotice 08\/2020\r\n\t\t\t<\/div>\r\n\t\t<h2 class=\"title\" style=\"\t\t\tfont-size: 36px;\t\t\tfont-weight: 700;\t\t\tline-height: 36px;\t\t\tcolor: #111111;\t\t\tmargin-bottom: 2px;\t\t\tletter-spacing: 0px;\t\t\">\r\n\t\t\t\r\n\t\t<\/h2>\t\r\n\t\t\t\t\t\r\n\t\t\r\n\t\t\t<div class=\"title-content\" style=\"\t\t\tfont-size: 15px;\t\t\tline-height: 26px;\t\t\tcolor: #999999;\t\t\tfont-weight: 400;\t\t\tletter-spacing: 0px;\t\t\">\r\n\t\t\t\t<p><strong><a href=\"http:\/\/economia.unb.br\/images\/Pos_Graduacao\/Editais\/MestradoProfissional\/TECNICOS2020\/EDITAL_TECNICOS_DIVULGAO_.pdf\" target=\"_blank\" rel=\"noopener\">Economic Management of Technological Innovation<\/a>\u00a0<\/strong><strong>FUB Technicians Class\u00a0<\/strong>(07\/22\/2020)* Open<\/p>\n<p><a href=\"http:\/\/economia.unb.br\/images\/Pos_Graduacao\/Editais\/MestradoProfissional\/TECNICOS2020\/Homologao_das_inscries_1.pdf\" target=\"_blank\" rel=\"noopener\">Approved Registrations (10\/05\/2020)<\/a><\/p>\n<p><a href=\"http:\/\/economia.unb.br\/images\/Pos_Graduacao\/Editais\/MestradoProfissional\/TECNICOS2020\/Inscries_Homologadas_07_10_2020.pdf\" target=\"_blank\" rel=\"noopener\">Applications Approved after Appeal (10\/07\/2020)<\/a><\/p>\n<p><a href=\"http:\/\/economia.unb.br\/images\/Pos_Graduacao\/Editais\/MestradoProfissional\/TECNICOS2020\/Comunicado_Referente__prova_.pdf\" target=\"_blank\" rel=\"noopener\">Announcement regarding the online test (10\/11\/2020)\u00a0<\/a><\/p>\n<p><a href=\"http:\/\/economia.unb.br\/images\/Pos_Graduacao\/Editais\/MestradoProfissional\/TECNICOS2020\/notas_da_prova_cpf_divulgao.pdf\" target=\"_blank\" rel=\"noopener\">Test Result (10\/26\/2020)<\/a><\/p>\n<p><a href=\"http:\/\/economia.unb.br\/images\/Pos_Graduacao\/Editais\/MestradoProfissional\/TECNICOS2020\/RESULTADO_DA_PROVA_APOS_RECURSO_.pdf\" target=\"_blank\" rel=\"noopener\">Test Result after (10\/29\/2020)<\/a><\/p>\n<p><a href=\"http:\/\/economia.unb.br\/images\/Pos_Graduacao\/Editais\/MestradoProfissional\/TECNICOS2020\/resultado_-_analise_de_curriculo.pdf\" target=\"_blank\" rel=\"noopener\">Result Curriculum Analysis (11\/24\/2020)<\/a><\/p>\n<p><a href=\"http:\/\/economia.unb.br\/images\/Pos_Graduacao\/Editais\/MestradoProfissional\/TECNICOS2020\/Resultado_Projeto.pdf\" target=\"_blank\" rel=\"noopener\">Project Result (11\/24\/2020)<\/a><\/p>\n<p><a href=\"http:\/\/economia.unb.br\/images\/Pos_Graduacao\/Editais\/MestradoProfissional\/TECNICOS2020\/Comunicado_Referente_ao_resultado_final_.pdf\" target=\"_blank\" rel=\"noopener\">Announcement Final Result (02\/12\/2020)<\/a><\/p>\n<p><a href=\"http:\/\/economia.unb.br\/images\/Pos_Graduacao\/Editais\/MestradoProfissional\/TECNICOS2020\/Recurso_-_anlise_1.pdf\" target=\"_blank\" rel=\"noopener\">Analysis of Resources (07\/12\/2020)<\/a><\/p>\n<p><a href=\"http:\/\/economia.unb.br\/images\/Pos_Graduacao\/Editais\/MestradoProfissional\/TECNICOS2020\/Resultado_pos_recurso_07_12.pdf\" target=\"_blank\" rel=\"noopener\">Final Result After Appeals (12\/07\/2020)<\/a><\/p>\n<p><a href=\"http:\/\/economia.unb.br\/images\/Pos_Graduacao\/Editais\/MestradoProfissional\/TECNICOS2020\/Comunicado_Referente_a_confirmao_de_ingresso__.pdf\" target=\"_blank\" rel=\"noopener\">Ticket Confirmation (07\/12\/2020)<\/a><\/p>\n\r\n\t\t\t<\/div>\r\n\r\n\t<\/div><div class=\"title-section   left\">\r\n\t\t\r\n\t\t\t<div class=\"top-title\">\r\n\t\t\t\tNotice 06\/2020\r\n\t\t\t<\/div>\r\n\t\t<h2 class=\"title\" style=\"\t\t\tfont-size: 36px;\t\t\tfont-weight: 700;\t\t\tline-height: 36px;\t\t\tcolor: #111111;\t\t\tmargin-bottom: 2px;\t\t\tletter-spacing: 0px;\t\t\">\r\n\t\t\t\r\n\t\t<\/h2>\t\r\n\t\t\t\t\t\r\n\t\t\r\n\t\t\t<div class=\"title-content\" style=\"\t\t\tfont-size: 15px;\t\t\tline-height: 26px;\t\t\tcolor: #999999;\t\t\tfont-weight: 400;\t\t\tletter-spacing: 0px;\t\t\">\r\n\t\t\t\t<p><strong><a href=\"http:\/\/economia.unb.br\/images\/Pos_Graduacao\/Editais\/MestradoProfissional\/Editalinovacao\/EDITAL_AEB.pdf\" target=\"_blank\" rel=\"noopener\">Economic Management of Technological Innovation<\/a>\u00a0<\/strong><strong>AEB class<\/strong> (09\/07\/2020)\u00a0<strong>* Completed\u00a0<\/strong><\/p>\n<p><a href=\"http:\/\/economia.unb.br\/images\/Pos_Graduacao\/Editais\/MestradoProfissional\/Editalinovacao\/Comunicado_Referente__prova_.pdf\" target=\"_blank\" rel=\"noopener\">Announcement regarding the online test\u00a0<\/a><\/p>\n<p><a href=\"http:\/\/economia.unb.br\/images\/Pos_Graduacao\/Editais\/MestradoProfissional\/Editalinovacao\/Homologao_das_inscries.pdf\" target=\"_blank\" rel=\"noopener\">Approved Enrollments\u00a0<\/a><\/p>\n<p><a href=\"http:\/\/economia.unb.br\/images\/Pos_Graduacao\/Editais\/MestradoProfissional\/Editalinovacao\/Comunicado_Treinamento_.pdf\" target=\"_blank\" rel=\"noopener\">Training to take the test(27\/07\/2020)<\/a><\/p>\n<p><a href=\"http:\/\/economia.unb.br\/images\/Pos_Graduacao\/Editais\/MestradoProfissional\/Editalinovacao\/Resultado_da_Prova.pdf\" target=\"_blank\" rel=\"noopener\">Test Result (08\/10\/2020)<\/a><\/p>\n<p><a href=\"http:\/\/economia.unb.br\/images\/Pos_Graduacao\/Editais\/MestradoProfissional\/Editalinovacao\/Resultado_Parciaisnovo.pdf\" target=\"_blank\" rel=\"noopener\">Partial Results (08\/17\/2020)<\/a><\/p>\n<p><a href=\"http:\/\/economia.unb.br\/images\/Pos_Graduacao\/Editais\/MestradoProfissional\/Editalinovacao\/Resultado_Final_.pdf\" target=\"_blank\" rel=\"noopener\">Final Result (08\/31\/2020)<\/a><\/p>\n<p><a href=\"http:\/\/economia.unb.br\/images\/Pos_Graduacao\/Editais\/MestradoProfissional\/Editalinovacao\/Candidatos_Classificados_.pdf\" target=\"_blank\" rel=\"noopener\">Qualified Candidates (08\/31\/2020)<\/a><\/p>\n\r\n\t\t\t<\/div>\r\n\r\n\t<\/div><div class=\"title-section   left\">\r\n\t\t\r\n\t\t\t<div class=\"top-title\">\r\n\t\t\t\tNotice 05\/2020\r\n\t\t\t<\/div>\r\n\t\t<h2 class=\"title\" style=\"\t\t\tfont-size: 36px;\t\t\tfont-weight: 700;\t\t\tline-height: 36px;\t\t\tcolor: #111111;\t\t\tmargin-bottom: 2px;\t\t\tletter-spacing: 0px;\t\t\">\r\n\t\t\t\r\n\t\t<\/h2>\t\r\n\t\t\t\t\t\r\n\t\t\r\n\t\t\t<div class=\"title-content\" style=\"\t\t\tfont-size: 15px;\t\t\tline-height: 26px;\t\t\tcolor: #999999;\t\t\tfont-weight: 400;\t\t\tletter-spacing: 0px;\t\t\">\r\n\t\t\t\t<p><strong><a href=\"http:\/\/economia.unb.br\/images\/Pos_Graduacao\/Editais\/MestradoProfissional\/Retificacao_media.pdf\" target=\"_blank\" rel=\"noopener\">Rectification of the Notice 02\/2020<\/a> <\/strong>(10\/03\/2020)<\/p>\n<p><a href=\"http:\/\/economia.unb.br\/images\/Pos_Graduacao\/Editais\/MestradoProfissional\/Resultado_Final_Atualizado.pdf\" target=\"_blank\" rel=\"noopener\">Final result<\/a> (10\/03\/2020)<\/p>\n<p><a href=\"http:\/\/economia.unb.br\/images\/Pos_Graduacao\/Editais\/MestradoProfissional\/Classificados_para_Entrar_no_Mestrado_atualizado.pdf\" target=\"_blank\" rel=\"noopener\">Selected Candidates<\/a> (10\/03\/2020)<\/p>\n\r\n\t\t\t<\/div>\r\n\r\n\t<\/div><div class=\"title-section   left\">\r\n\t\t\r\n\t\t\t<div class=\"top-title\">\r\n\t\t\t\tNotice 04\/2020\r\n\t\t\t<\/div>\r\n\t\t<h2 class=\"title\" style=\"\t\t\tfont-size: 36px;\t\t\tfont-weight: 700;\t\t\tline-height: 36px;\t\t\tcolor: #111111;\t\t\tmargin-bottom: 2px;\t\t\tletter-spacing: 0px;\t\t\">\r\n\t\t\t\r\n\t\t<\/h2>\t\r\n\t\t\t\t\t\r\n\t\t\r\n\t\t\t<div class=\"title-content\" style=\"\t\t\tfont-size: 15px;\t\t\tline-height: 26px;\t\t\tcolor: #999999;\t\t\tfont-weight: 400;\t\t\tletter-spacing: 0px;\t\t\">\r\n\t\t\t\t<p><strong><a href=\"http:\/\/economia.unb.br\/images\/Pos_Graduacao\/Editais\/MestradoProfissional\/Retificacao__2__edital_servidores_2020.pdf\" target=\"_blank\" rel=\"noopener\">Rectification of the Notice 02\/2020<\/a>\u00a0<\/strong><\/p>\n<p><a href=\"http:\/\/economia.unb.br\/images\/Pos_Graduacao\/Editais\/MestradoProfissional\/Inscries_Homologadas.pdf\" target=\"_blank\" rel=\"noopener\">Approved Registrations (02\/12\/2020)<\/a><\/p>\n<p><a href=\"http:\/\/economia.unb.br\/images\/Pos_Graduacao\/Editais\/MestradoProfissional\/retificao_homologaao_Edital_02_2020.pdf\" target=\"_blank\" rel=\"noopener\">Rectification of Approved Enrollments (02\/17\/2020)<\/a><\/p>\n<p><a href=\"http:\/\/economia.unb.br\/images\/Pos_Graduacao\/Editais\/MestradoProfissional\/Gabarito_Resultado_Prova_escrita_2_2020.pdf\" target=\"_blank\" rel=\"noopener\">Written Test Answer<\/a> (19\/02\/2020)<\/p>\n<p><a href=\"http:\/\/economia.unb.br\/images\/Pos_Graduacao\/Editais\/MestradoProfissional\/Resultado_Prova_escrita_2_2020.pdf\" target=\"_blank\" rel=\"noopener\">Written Test Result<\/a>\u00a0(19\/02\/2020)<\/p>\n<p><a href=\"http:\/\/economia.unb.br\/images\/Pos_Graduacao\/Editais\/MestradoProfissional\/Prova_de_proficincia_na_lngua_inglesa_Edital_02_2020.pdf\">Candidates who need to take a test of proficiency in the English language<\/a>\u00a0(2\/03\/2020)<\/p>\n<p><a href=\"http:\/\/economia.unb.br\/images\/Pos_Graduacao\/Editais\/MestradoProfissional\/Resultado_Parcial__Projeto_e_Curriculo_Edital_2_2020.pdf\" target=\"_blank\" rel=\"noopener\">Partial Result - Project and Curriculum<\/a> (4\/03\/2020)<\/p>\n<p><a href=\"http:\/\/economia.unb.br\/images\/Pos_Graduacao\/Editais\/MestradoProfissional\/Resultado_da_Prova_Escrita_aps_recurso_atualizado.pdf\" target=\"_blank\" rel=\"noopener\">Final Result of the Written Exam - After Appeals<\/a> (09\/03\/2020)<\/p>\n<p><a href=\"http:\/\/economia.unb.br\/images\/Pos_Graduacao\/Editais\/MestradoProfissional\/Gabarito_Proficicia_Ingls.pdf\" target=\"_blank\" rel=\"noopener\">English Proficiency Scorecard<\/a> (09\/03\/2020)<\/p>\n<p><a href=\"http:\/\/economia.unb.br\/images\/Pos_Graduacao\/Editais\/MestradoProfissional\/COMUNICADO.pdf\" target=\"_blank\" rel=\"noopener\">Announcement Final Result<\/a> (09\/03\/2020)<\/p>\n\r\n\t\t\t<\/div>\r\n\r\n\t<\/div><div class=\"title-section   left\">\r\n\t\t\r\n\t\t\t<div class=\"top-title\">\r\n\t\t\t\tNotice 02\/2020\r\n\t\t\t<\/div>\r\n\t\t<h2 class=\"title\" style=\"\t\t\tfont-size: 36px;\t\t\tfont-weight: 700;\t\t\tline-height: 36px;\t\t\tcolor: #111111;\t\t\tmargin-bottom: 2px;\t\t\tletter-spacing: 0px;\t\t\">\r\n\t\t\t\r\n\t\t<\/h2>\t\r\n\t\t\t\t\t\r\n\t\t\r\n\t\t\t<div class=\"title-content\" style=\"\t\t\tfont-size: 15px;\t\t\tline-height: 26px;\t\t\tcolor: #999999;\t\t\tfont-weight: 400;\t\t\tletter-spacing: 0px;\t\t\">\r\n\t\t\t\t<p><strong><a href=\"http:\/\/economia.unb.br\/images\/Pos_Graduacao\/Editais\/MestradoProfissional\/edital_servidores_2020.pdf\" target=\"_blank\" rel=\"noopener\">Economic Management in Public Finance<\/a>\u00a0<\/strong><strong>FUB Technical Class (01\/23\/2020)* Completed\u00a0 <\/strong><\/p>\n\r\n\t\t\t<\/div>\r\n\r\n\t<\/div><div class=\"title-section   left\">\r\n\t\t\r\n\t\t\t<div class=\"top-title\">\r\n\t\t\t\tNotice 01\/2020\r\n\t\t\t<\/div>\r\n\t\t<h2 class=\"title\" style=\"\t\t\tfont-size: 36px;\t\t\tfont-weight: 700;\t\t\tline-height: 36px;\t\t\tcolor: #111111;\t\t\tmargin-bottom: 2px;\t\t\tletter-spacing: 0px;\t\t\">\r\n\t\t\t\r\n\t\t<\/h2>\t\r\n\t\t\t\t\t\r\n\t\t\r\n\t\t\t<div class=\"title-content\" style=\"\t\t\tfont-size: 15px;\t\t\tline-height: 26px;\t\t\tcolor: #999999;\t\t\tfont-weight: 400;\t\t\tletter-spacing: 0px;\t\t\">\r\n\t\t\t\t<p><strong><a href=\"http:\/\/economia.unb.br\/images\/pos\/editais\/2020\/Edital_Ceema_2020.pdf\" target=\"_blank\" rel=\"noopener\">Professional Master&#039;s in Economic Management of the Environment<\/a>\u00a0<\/strong><strong>(CEEMA) *Completed<\/strong><\/p>\n\r\n\t\t\t<\/div>\r\n\r\n\t<\/div>\n<div class=\"vc-zigzag-wrapper vc-zigzag-align-center\"><div class=\"vc-zigzag-inner\" style=\"width: 100%;min-height: 14px;background: 0 repeat-x url(&#039;data:image\/svg+xml;utf-8,%3C%3Fxml%20version%3D%221.0%22%20encoding%3D%22utf-8%22%3F%3E%3C%21DOCTYPE%20svg%20PUBLIC%20%22-%2F%2FW3C%2F%2FDTD%20SVG%201.1%2F%2FEN%22%20%22http%3A%2F%2Fwww.w3.org%2FGraphics%2FSVG%2F1.1%2FDTD%2Fsvg11.dtd%22%3E%3Csvg%20width%3D%2214px%22%20height%3D%2212px%22%20viewBox%3D%220%200%2018%2015%22%20version%3D%221.1%22%20xmlns%3D%22http%3A%2F%2Fwww.w3.org%2F2000%2Fsvg%22%20xmlns%3Axlink%3D%22http%3A%2F%2Fwww.w3.org%2F1999%2Fxlink%22%3E%3Cpolygon%20id%3D%22Combined-Shape%22%20fill%3D%22%23ebebeb%22%20points%3D%228.98762301%200%200%209.12771969%200%2014.519983%209%205.40479869%2018%2014.519983%2018%209.12771969%22%3E%3C%2Fpolygon%3E%3C%2Fsvg%3E&#039;);\"><\/div><\/div><div class=\"title-section   left\">\r\n\t\t\r\n\t\t<h2 class=\"title\" style=\"\t\t\tfont-size: 36px;\t\t\tfont-weight: 700;\t\t\tline-height: 36px;\t\t\tcolor: #111111;\t\t\tmargin-bottom: 2px;\t\t\tletter-spacing: 0px;\t\t\">\r\n\t\t\tNotices 2019\r\n\t\t<\/h2>\t\r\n\t\t\t\t\t\r\n\t\t\r\n\r\n\t<\/div><div class=\"title-section   left\">\r\n\t\t\r\n\t\t\t<div class=\"top-title\">\r\n\t\t\t\tNotice 03\/2019\r\n\t\t\t<\/div>\r\n\t\t<h2 class=\"title\" style=\"\t\t\tfont-size: 36px;\t\t\tfont-weight: 700;\t\t\tline-height: 36px;\t\t\tcolor: #111111;\t\t\tmargin-bottom: 2px;\t\t\tletter-spacing: 0px;\t\t\">\r\n\t\t\t\r\n\t\t<\/h2>\t\r\n\t\t\t\t\t\r\n\t\t\r\n\t\t\t<div class=\"title-content\" style=\"\t\t\tfont-size: 15px;\t\t\tline-height: 26px;\t\t\tcolor: #999999;\t\t\tfont-weight: 400;\t\t\tletter-spacing: 0px;\t\t\">\r\n\t\t\t\t<p><strong><a href=\"http:\/\/economia.unb.br\/images\/siteAntigo\/pos\/editais\/2019\/EDITAL%20N_03_2019%20Mestrado%20Profissional.pdf\" target=\"_blank\" rel=\"noopener\">Professional Master&#039;s in Finance<\/a>\u00a0(17\/07\/2019)<\/strong><\/p>\n<p><strong><a href=\"http:\/\/economia.unb.br\/images\/siteAntigo\/pos\/editais\/2019\/EDITAL%20N_03_2019%20Homologao%20das%20Inscries.pdf\" target=\"_blank\" rel=\"noopener\">Approved Enrollments<\/a><\/strong><strong>\u00a0(17\/07\/2019)<\/strong><\/p>\n<p><strong><a href=\"http:\/\/economia.unb.br\/images\/siteAntigo\/pos\/editais\/2019\/EDITAL%20N_04_2019%20Retificacao_Edital%20N_03_2019.pdf\" target=\"_blank\" rel=\"noopener\">Rectification of the Notice<\/a>\u00a0(17\/07\/2019)<\/strong><\/p>\n<p><strong><a href=\"http:\/\/economia.unb.br\/images\/siteAntigo\/pos\/editais\/2019\/Resultado%20dos%20Recursos%20edital%203_2019.pdf\" target=\"_blank\" rel=\"noopener\">Result of Resources<\/a>\u00a0(19\/07\/2019)<\/strong><\/p>\n<p><strong><a href=\"http:\/\/economia.unb.br\/images\/siteAntigo\/pos\/editais\/2019\/Resultado%20da%20Primeira%20Etapa%20edital%203_2019.pdf\" target=\"_blank\" rel=\"noopener\">Results Regarding the First Stage<\/a>\u00a0(22\/07\/2019)<\/strong><\/p>\n<p><strong><a href=\"http:\/\/economia.unb.br\/images\/siteAntigo\/pos\/editais\/2019\/Retificao%20dos%20Resultados%20dos%20Recursos%20Edital%2003_2019.pdf\" target=\"_blank\" rel=\"noopener\">Rectification of Resource Results<\/a>\u00a0(24\/07\/2019)<\/strong><\/p>\n<p><strong><a href=\"http:\/\/economia.unb.br\/images\/siteAntigo\/pos\/editais\/2019\/Resultado%20da%20Segunda%20Etapa%20Edital%2003_2019.pdf\" target=\"_blank\" rel=\"noopener\">Results Regarding the Second Stage<\/a>\u00a0(26\/07\/2019)<\/strong><\/p>\n<p><strong><a href=\"http:\/\/economia.unb.br\/images\/siteAntigo\/pos\/editais\/2019\/Resultado%20da%20Terceira%20Etapa%20Edital%2003_2019.pdf\" target=\"_blank\" rel=\"noopener\">Results Regarding the Third Stage<\/a>\u00a0(30\/07\/2019)<\/strong><\/p>\n<p><strong><a href=\"http:\/\/economia.unb.br\/images\/siteAntigo\/pos\/editais\/2019\/Resultado%20dos%20Recursos%20da%20Terceira%20Etapa%20Edital%2003_2019.pdf\" target=\"_blank\" rel=\"noopener\">Result of Third Stage Resources<\/a>\u00a0(01\/08\/2019)<\/strong><\/p>\n<p><strong><a href=\"http:\/\/economia.unb.br\/images\/siteAntigo\/pos\/editais\/2019\/Resultado%20Final%20Processo%20Seletivo%20Edital%2003_2019.pdf\" target=\"_blank\" rel=\"noopener\">Final Result of the Selection Process<\/a>\u00a0(01\/08\/2019)<\/strong><\/p>\n\r\n\t\t\t<\/div>\r\n\r\n\t<\/div><\/div><\/div><div class=\"vc_tta-panel\" id=\"1643042808889-20f68755-c400\" data-vc-content=\".vc_tta-panel-body\"><div class=\"vc_tta-panel-heading\"><h4 class=\"vc_tta-panel-title\"><a href=\"#1643042808889-20f68755-c400\" data-vc-accordion data-vc-container=\".vc_tta-container\"><span class=\"vc_tta-title-text\">Course Syllabi<\/span><\/a><\/h4><\/div><div class=\"vc_tta-panel-body\"><div class=\"title-section   left\">\r\n\t\t\r\n\t\t\t<div class=\"top-title\">\r\n\t\t\t\tMaster&#039;s in Economic Management of the Environment\r\n\t\t\t<\/div>\r\n\t\t<h2 class=\"title\" style=\"\t\t\tfont-size: 36px;\t\t\tfont-weight: 700;\t\t\tline-height: 36px;\t\t\tcolor: #111111;\t\t\tmargin-bottom: 2px;\t\t\tletter-spacing: 0px;\t\t\">\r\n\t\t\t\r\n\t\t<\/h2>\t\r\n\t\t\t\t\t\r\n\t\t\r\n\t\t\t<div class=\"title-content\" style=\"\t\t\tfont-size: 15px;\t\t\tline-height: 26px;\t\t\tcolor: #999999;\t\t\tfont-weight: 400;\t\t\tletter-spacing: 0px;\t\t\">\r\n\t\t\t\t<p><a href=\"http:\/\/economia.unb.br\/images\/Pos_Graduacao\/Ementas\/mestradoprofissional\/CEEMA\/3_Analise_Economica.pdf\" target=\"_blank\" rel=\"noopener\">Economic analysis\u00a0<\/a><\/p>\n<p><a href=\"http:\/\/economia.unb.br\/images\/Pos_Graduacao\/Ementas\/mestradoprofissional\/CEEMA\/4_Analise_Economcia_Aplicadas_a_Gestao_Ambiental.pdf\" target=\"_blank\" rel=\"noopener\">Economic Analysis Applied to Environmental Management\u00a0<\/a><\/p>\n<p><a href=\"http:\/\/economia.unb.br\/images\/Pos_Graduacao\/Ementas\/mestradoprofissional\/CEEMA\/5_InstrumentosEconomicosGestoAmbiental_I.pdf\" target=\"_blank\" rel=\"noopener\">Economic Instruments Environmental Management I<\/a><\/p>\n<p><a href=\"http:\/\/economia.unb.br\/images\/Pos_Graduacao\/Ementas\/mestradoprofissional\/CEEMA\/6_InstrumentosEconomicosGestoAmbiental_II.pdf\" target=\"_blank\" rel=\"noopener\">Economic Instruments Environmental Management II\u00a0<\/a><\/p>\n<p><a href=\"http:\/\/economia.unb.br\/images\/Pos_Graduacao\/Ementas\/mestradoprofissional\/CEEMA\/1_Matemtica.pdf\" target=\"_blank\" rel=\"noopener\">Math\u00a0<\/a><\/p>\n<p><a href=\"http:\/\/economia.unb.br\/images\/Pos_Graduacao\/Ementas\/mestradoprofissional\/CEEMA\/2_Mtodos_estatsticos_e_economtricos.pdf\" target=\"_blank\" rel=\"noopener\">Statistical and Econometric Methods\u00a0<\/a><\/p>\n<p><a href=\"http:\/\/economia.unb.br\/images\/Pos_Graduacao\/Ementas\/mestradoprofissional\/CEEMA\/7_MetodosTecnicasGEMA.pdf\" target=\"_blank\" rel=\"noopener\">Methods and techniques of research\u00a0<\/a><\/p>\n<p><a href=\"http:\/\/economia.unb.br\/images\/Pos_Graduacao\/Ementas\/mestradoprofissional\/CEEMA\/8_PoliticaAmbientalePoliticaSetoriais.pdf\" target=\"_blank\" rel=\"noopener\">Environmental Policy and Sectoral Policies\u00a0<\/a><\/p>\n<p><a href=\"http:\/\/economia.unb.br\/images\/Pos_Graduacao\/Ementas\/mestradoprofissional\/CEEMA\/9_PoliticaEspacialPoliticaAmbiental.pdf\" target=\"_blank\" rel=\"noopener\">Space Policy and Environmental Policy\u00a0<\/a><\/p>\n\r\n\t\t\t<\/div>\r\n\r\n\t<\/div><\/div><\/div><\/div><\/div><\/div><\/div><\/div><\/div><\/div><\/div>","protected":false},"excerpt":{"rendered":"Professional Master&#039;s The Professional Master&#039;s courses are the best option for training and professional improvement for all those who, having graduated from full higher-level undergraduate courses, are faced with the complex changes that are taking place in contemporary economy and society. and their corresponding impacts on the labor market. As a result of this continuous process [...]","protected":false},"author":1,"featured_media":0,"parent":0,"menu_order":0,"comment_status":"closed","ping_status":"closed","template":"tpl\/page_fullwidth.php","meta":{"footnotes":""},"class_list":["post-2847","page","type-page","status-publish","hentry"],"_links":{"self":[{"href":"https:\/\/ppgeco.unb.br\/en\/wp-json\/wp\/v2\/pages\/2847","targetHints":{"allow":["GET"]}}],"collection":[{"href":"https:\/\/ppgeco.unb.br\/en\/wp-json\/wp\/v2\/pages"}],"about":[{"href":"https:\/\/ppgeco.unb.br\/en\/wp-json\/wp\/v2\/types\/page"}],"author":[{"embeddable":true,"href":"https:\/\/ppgeco.unb.br\/en\/wp-json\/wp\/v2\/users\/1"}],"replies":[{"embeddable":true,"href":"https:\/\/ppgeco.unb.br\/en\/wp-json\/wp\/v2\/comments?post=2847"}],"version-history":[{"count":101,"href":"https:\/\/ppgeco.unb.br\/en\/wp-json\/wp\/v2\/pages\/2847\/revisions"}],"predecessor-version":[{"id":4276,"href":"https:\/\/ppgeco.unb.br\/en\/wp-json\/wp\/v2\/pages\/2847\/revisions\/4276"}],"wp:attachment":[{"href":"https:\/\/ppgeco.unb.br\/en\/wp-json\/wp\/v2\/media?parent=2847"}],"curies":[{"name":"wp","href":"https:\/\/api.w.org\/{rel}","templated":true}]}}