{"id":2250,"date":"2021-11-14T11:37:17","date_gmt":"2021-11-14T11:37:17","guid":{"rendered":"https:\/\/ppgeco.unb.br\/?page_id=2250"},"modified":"2021-11-14T13:52:50","modified_gmt":"2021-11-14T13:52:50","slug":"robertojunior","status":"publish","type":"page","link":"https:\/\/ppgeco.unb.br\/en\/corpo-docente\/robertojunior\/","title":{"rendered":"Prof. Dr. Roberto de Goes Ellery Junior"},"content":{"rendered":"<div class=\"vc_row wpb_row vc_row-fluid themesflat_1525661778\"><div class=\"row_overlay\" style=\"\"><\/div><div class=\"wpb_column vc_column_container vc_col-sm-12\"><div class=\"vc_column-inner\"><div class=\"wpb_wrapper\"><div class=\"vc_row wpb_row vc_inner vc_row-fluid\"><div class=\"wpb_column vc_column_container vc_col-sm-4\"><div class=\"vc_column-inner\"><div class=\"wpb_wrapper\">\n\t<div  class=\"wpb_single_image wpb_content_element vc_align_left  wpb_animate_when_almost_visible wpb_fadeIn fadeIn vc_custom_1636897943679\">\n\t\t\n\t\t<figure class=\"wpb_wrapper vc_figure\">\n\t\t\t<a class=\"\" data-lightbox=\"lightbox[rel-2250-3801324223]\" href=\"https:\/\/ppgeco.unb.br\/wp-content\/uploads\/2021\/11\/Roberto-de-Goes-Ellery-Junior-1024x768.jpg\" target=\"_self\"><img loading=\"lazy\" decoding=\"async\" width=\"1280\" height=\"960\" src=\"https:\/\/ppgeco.unb.br\/wp-content\/uploads\/2021\/11\/Roberto-de-Goes-Ellery-Junior.jpg\" class=\"vc_single_image-img attachment-full\" alt=\"\" srcset=\"https:\/\/ppgeco.unb.br\/wp-content\/uploads\/2021\/11\/Roberto-de-Goes-Ellery-Junior.jpg 1280w, https:\/\/ppgeco.unb.br\/wp-content\/uploads\/2021\/11\/Roberto-de-Goes-Ellery-Junior-300x225.jpg 300w, https:\/\/ppgeco.unb.br\/wp-content\/uploads\/2021\/11\/Roberto-de-Goes-Ellery-Junior-1024x768.jpg 1024w, https:\/\/ppgeco.unb.br\/wp-content\/uploads\/2021\/11\/Roberto-de-Goes-Ellery-Junior-768x576.jpg 768w\" sizes=\"auto, (max-width: 1280px) 100vw, 1280px\" \/><\/a>\n\t\t<\/figure>\n\t<\/div>\n<\/div><\/div><\/div><div class=\"wpb_column vc_column_container vc_col-sm-8\"><div class=\"vc_column-inner\"><div class=\"wpb_wrapper\"><div class=\"vc_btn3-container vc_btn3-inline vc_custom_1636889687975\" ><a class=\"vc_general vc_btn3 vc_btn3-size-md vc_btn3-shape-rounded vc_btn3-style-modern vc_btn3-icon-left vc_btn3-color-grey\" href=\"http:\/\/lattes.cnpq.br\/3348928663753300\" title=\"\" target=\"_blank\"><i class=\"vc_btn3-icon fas fa-university\"><\/i> lattes<\/a><\/div><div class=\"vc_btn3-container vc_btn3-inline vc_custom_1636889818384\" ><a class=\"vc_general vc_btn3 vc_btn3-size-md vc_btn3-shape-rounded vc_btn3-style-modern vc_btn3-icon-left vc_btn3-color-grey\" href=\"https:\/\/www.linkedin.com\/in\/roberto-ellery-7b2423b6\/\" title=\"\" target=\"_blank\"><i class=\"vc_btn3-icon fab fa-linkedin-in\"><\/i> linkedin<\/a><\/div><div class=\"vc_btn3-container vc_btn3-inline vc_custom_1636889829454\" ><a class=\"vc_general vc_btn3 vc_btn3-size-md vc_btn3-shape-rounded vc_btn3-style-modern vc_btn3-icon-left vc_btn3-color-grey\" href=\"https:\/\/rgellery.blogspot.com\/\" title=\"\" target=\"_blank\"><i class=\"vc_btn3-icon far fa-hand-pointer\"><\/i> Web site<\/a><\/div><div class=\"title-section   left\">\r\n\t\t\r\n\t\t\t<div class=\"top-title\">\r\n\t\t\t\tProf. Dr. Roberto de Goes Ellery Junior\r\n\t\t\t<\/div>\r\n\t\t<h2 class=\"title\" style=\"\t\t\tfont-size: 20px;\t\t\tfont-weight: 500;\t\t\tline-height: 32px;\t\t\tcolor: #111111;\t\t\tmargin-bottom: 2px;\t\t\tletter-spacing: 0px;\t\t\">\r\n\t\t\tEducation and main areas of research\r\n\t\t<\/h2>\t\r\n\t\t<div class=\"title-line\"><\/div>\t\t\t\r\n\t\t\r\n\r\n\t<\/div>\n\t<div class=\"wpb_text_column wpb_content_element  wpb_animate_when_almost_visible wpb_left-to-right left-to-right\" >\n\t\t<div class=\"wpb_wrapper\">\n\t\t\t<ul class=\"primary-list\">\n<li>\n<div><span lang=\"PT-BR\">Doctorate in Economics \u2013 University of Bras\u00edlia (UnB)<\/span><\/div>\n<\/li>\n<li>\n<div><span lang=\"PT-BR\">Business Cycles<\/span><\/div>\n<\/li>\n<li>\n<div><span lang=\"PT-BR\">Economic Growth<\/span><\/div>\n<\/li>\n<li>\n<div><span lang=\"PT-BR\">Regional Economy<\/span><\/div>\n<\/li>\n<li>\n<div><span lang=\"PT-BR\">Public Finances<\/span><\/div>\n<\/li>\n<\/ul>\n<div><\/div>\n\n\t\t<\/div>\n\t<\/div>\n\r\n\t\t<div class=\"themesflat-spacer\" data-desktop=\"0\" data-mobile=\"30\" data-smobile=\"30\">\t\t\t\r\n\t\t<\/div><\/div><\/div><\/div><\/div>\r\n\t\t<div class=\"themesflat-spacer\" data-desktop=\"90\" data-mobile=\"40\" data-smobile=\"30\">\t\t\t\r\n\t\t<\/div><\/div><\/div><\/div><\/div>","protected":false},"excerpt":{"rendered":"Lattes Linkedin Website Prof. Dr. Roberto de G\u00f3es Ellery J\u00fanior Forma\u00e7\u00e3o e principais \u00e1reas de pesquisa Doutor em Economia - Universidade de Bras\u00edlia (UnB) Ciclos de Neg\u00f3cios Crescimento Econ\u00f4mico Economia Regional Finan\u00e7as P\u00fablicas","protected":false},"author":1,"featured_media":0,"parent":594,"menu_order":0,"comment_status":"closed","ping_status":"closed","template":"tpl\/page_fullwidth.php","meta":{"footnotes":""},"class_list":["post-2250","page","type-page","status-publish","hentry"],"_links":{"self":[{"href":"https:\/\/ppgeco.unb.br\/en\/wp-json\/wp\/v2\/pages\/2250","targetHints":{"allow":["GET"]}}],"collection":[{"href":"https:\/\/ppgeco.unb.br\/en\/wp-json\/wp\/v2\/pages"}],"about":[{"href":"https:\/\/ppgeco.unb.br\/en\/wp-json\/wp\/v2\/types\/page"}],"author":[{"embeddable":true,"href":"https:\/\/ppgeco.unb.br\/en\/wp-json\/wp\/v2\/users\/1"}],"replies":[{"embeddable":true,"href":"https:\/\/ppgeco.unb.br\/en\/wp-json\/wp\/v2\/comments?post=2250"}],"version-history":[{"count":2,"href":"https:\/\/ppgeco.unb.br\/en\/wp-json\/wp\/v2\/pages\/2250\/revisions"}],"predecessor-version":[{"id":2282,"href":"https:\/\/ppgeco.unb.br\/en\/wp-json\/wp\/v2\/pages\/2250\/revisions\/2282"}],"up":[{"embeddable":true,"href":"https:\/\/ppgeco.unb.br\/en\/wp-json\/wp\/v2\/pages\/594"}],"wp:attachment":[{"href":"https:\/\/ppgeco.unb.br\/en\/wp-json\/wp\/v2\/media?parent=2250"}],"curies":[{"name":"wp","href":"https:\/\/api.w.org\/{rel}","templated":true}]}}